{"id":109,"date":"2024-05-29T19:33:16","date_gmt":"2024-05-29T19:33:16","guid":{"rendered":"http:\/\/fullfeather.de\/?page_id=109"},"modified":"2024-07-09T08:24:53","modified_gmt":"2024-07-09T08:24:53","slug":"verein","status":"publish","type":"page","link":"https:\/\/rennrad-museum.de\/?page_id=109","title":{"rendered":"Verein"},"content":{"rendered":"\t\t<div data-elementor-type=\"wp-page\" data-elementor-id=\"109\" class=\"elementor elementor-109\">\n\t\t\t\t<div class=\"elementor-element elementor-element-5b8e4bb e-grid e-con-boxed wpr-particle-no wpr-jarallax-no wpr-parallax-no wpr-sticky-section-no wpr-equal-height-no e-con e-parent\" data-id=\"5b8e4bb\" data-element_type=\"container\" data-e-type=\"container\">\n\t\t\t\t\t<div class=\"e-con-inner\">\n\t\t\t\t<div class=\"elementor-element elementor-element-7a92713 elementor-widget elementor-widget-spacer\" data-id=\"7a92713\" data-element_type=\"widget\" data-e-type=\"widget\" data-widget_type=\"spacer.default\">\n\t\t\t\t<div class=\"elementor-widget-container\">\n\t\t\t\t\t\t\t<div class=\"elementor-spacer\">\n\t\t\t<div class=\"elementor-spacer-inner\"><\/div>\n\t\t<\/div>\n\t\t\t\t\t\t<\/div>\n\t\t\t\t<\/div>\n\t\t\t\t\t<\/div>\n\t\t\t\t<\/div>\n\t\t<div class=\"elementor-element elementor-element-3e44a56 e-con-full e-flex wpr-particle-no wpr-jarallax-no wpr-parallax-no wpr-sticky-section-no wpr-equal-height-no e-con e-parent\" data-id=\"3e44a56\" data-element_type=\"container\" data-e-type=\"container\">\n\t\t<div class=\"elementor-element elementor-element-134d0a25 e-flex e-con-boxed wpr-particle-no wpr-jarallax-no wpr-parallax-no wpr-sticky-section-no wpr-equal-height-no e-con e-child\" data-id=\"134d0a25\" data-element_type=\"container\" data-e-type=\"container\">\n\t\t\t\t\t<div class=\"e-con-inner\">\n\t\t\t\t<div class=\"elementor-element elementor-element-19540af6 elementor-widget elementor-widget-heading\" data-id=\"19540af6\" data-element_type=\"widget\" data-e-type=\"widget\" data-widget_type=\"heading.default\">\n\t\t\t\t<div class=\"elementor-widget-container\">\n\t\t\t\t\t<h3 class=\"elementor-heading-title elementor-size-default\">Verein<\/h3>\t\t\t\t<\/div>\n\t\t\t\t<\/div>\n\t\t<div class=\"elementor-element elementor-element-be06f77 e-con-full e-flex wpr-particle-no wpr-jarallax-no wpr-parallax-no wpr-sticky-section-no wpr-equal-height-no e-con e-child\" data-id=\"be06f77\" data-element_type=\"container\" data-e-type=\"container\">\n\t\t\t\t<div class=\"elementor-element elementor-element-24b31c1 elementor-widget elementor-widget-heading\" data-id=\"24b31c1\" data-element_type=\"widget\" data-e-type=\"widget\" data-widget_type=\"heading.default\">\n\t\t\t\t<div class=\"elementor-widget-container\">\n\t\t\t\t\t<h1 class=\"elementor-heading-title elementor-size-default\">Rennradmuseum Fr\u00f6ndenberg\/ Ruhr e.V.<\/h1>\t\t\t\t<\/div>\n\t\t\t\t<\/div>\n\t\t\t\t<div class=\"elementor-element elementor-element-45de080 elementor-widget elementor-widget-shortcode\" data-id=\"45de080\" data-element_type=\"widget\" data-e-type=\"widget\" data-widget_type=\"shortcode.default\">\n\t\t\t\t<div class=\"elementor-widget-container\">\n\t\t\t\t\t\t\t<div class=\"elementor-shortcode\"><div class=\"sfsi_widget sfsi_shortcode_container\"><div class=\"norm_row sfsi_wDiv \"  style=\"width:200px;text-align:left;\"><div style='width:30px; height:30px;margin-left:10px;margin-bottom:5px; ' class='sfsi_wicons shuffeldiv ' ><div class='inerCnt'><a class=' sficn' data-effect='' target='_blank' rel='noopener'  href='https:\/\/www.facebook.com\/p\/Rennradmuseum-Fr%C3%B6ndenberg-100049127591475' id='sfsiid_facebook_icon' style='width:30px;height:30px;opacity:1;background:#000000;'  ><img data-pin-nopin='true' alt='Facebook' title='Facebook' src='https:\/\/rennrad-museum.de\/wp-content\/plugins\/ultimate-social-media-icons\/images\/icons_theme\/flat\/flat_facebook.png' width='30' height='30' style='' class='sfcm sfsi_wicon ' data-effect=''   \/><\/a><div class=\"sfsi_tool_tip_2 fb_tool_bdr sfsiTlleft\" style=\"opacity:0;z-index:-1;\" id=\"sfsiid_facebook\"><span class=\"bot_arow bot_fb_arow\"><\/span><div class=\"sfsi_inside\"><div  class='icon2'><div class=\"fb-like\" width=\"200\" data-href=\"https:\/\/rennrad-museum.de\/?page_id=109&#038;rest_route=\/wp\/v2\/pages\/109\"  data-send=\"false\" data-layout=\"button_count\" data-action=\"like\"><\/div><\/div><div  class='icon3'><a target='_blank' rel='noopener' href='https:\/\/www.facebook.com\/sharer\/sharer.php?u=https%3A%2F%2Frennrad-museum.de%2F%3Fpage_id%3D109%26rest_route%3D%2Fwp%2Fv2%2Fpages%2F109' style='display:inline-block;'  > <img class='sfsi_wicon'  data-pin-nopin='true' alt='fb-share-icon' title='Facebook Share' src='https:\/\/rennrad-museum.de\/wp-content\/plugins\/ultimate-social-media-icons\/images\/share_icons\/fb_icons\/de_DE.svg' \/><\/a><\/div><\/div><\/div><\/div><\/div><div style='width:30px; height:30px;margin-left:10px;margin-bottom:5px; ' class='sfsi_wicons shuffeldiv ' ><div class='inerCnt'><a class=' sficn' data-effect='' target='_blank' rel='noopener'  href='' id='sfsiid_twitter_icon' style='width:30px;height:30px;opacity:1;background:#000000;'  ><img data-pin-nopin='true' alt='X (Twitter)' title='X (Twitter)' src='https:\/\/rennrad-museum.de\/wp-content\/plugins\/ultimate-social-media-icons\/images\/icons_theme\/flat\/flat_twitter.png' width='30' height='30' style='' class='sfcm sfsi_wicon ' data-effect=''   \/><\/a><div class=\"sfsi_tool_tip_2 twt_tool_bdr sfsiTlleft\" style=\"opacity:0;z-index:-1;\" id=\"sfsiid_twitter\"><span class=\"bot_arow bot_twt_arow\"><\/span><div class=\"sfsi_inside\"><div  class='icon2'><div class='sf_twiter' style='display: inline-block;vertical-align: middle;width: auto;'>\r\n\t\t\t\t\t\t<a target='_blank' rel='noopener' href='https:\/\/x.com\/intent\/post?text=%23rennradmuseum+%23cyclinghistory+%23fr%C3%B6ndenberg+https%3A%2F%2Frennrad-museum.de%2F+https%3A%2F%2Frennrad-museum.de%2F%3Fpage_id%3D109%26%23038%3Brest_route%3D%2Fwp%2Fv2%2Fpages%2F109' style='display:inline-block' >\r\n\t\t\t\t\t\t\t<img data-pin-nopin= true class='sfsi_wicon' src='https:\/\/rennrad-museum.de\/wp-content\/plugins\/ultimate-social-media-icons\/images\/share_icons\/Twitter_Tweet\/de_DE_Tweet.svg' alt='Post on X' title='Post on X' >\r\n\t\t\t\t\t\t<\/a>\r\n\t\t\t\t\t<\/div><\/div><\/div><\/div><\/div><\/div><div style='width:30px; height:30px;margin-left:10px;margin-bottom:5px; ' class='sfsi_wicons shuffeldiv ' ><div class='inerCnt'><a class=' sficn' data-effect='' target='_blank' rel='noopener'  href='https:\/\/api.follow.it\/widgets\/icon\/WkUrMHFweTk5M1g5R25qeUcwL0RxcmYzQ0dJaFN5Zlo4b0hkcmdYbktPMmhjN1BWUDB0UGdUU3ErT3A2UHdnUmdiUUE0NEZObHBZZjJHTm5BYURWUjRYbWtJaFJQK1BzWlY4K01HTGNUWVJrWmpsNG5CUEQ2NzlJWXk5a3dJZSt8VnZEaFZXeVo5QkkySW13TkZ6ay8vOG82cTNqWnE2eGpNRmdmbE9FS1VUMD0=\/OA==\/' id='sfsiid_email_icon' style='width:30px;height:30px;opacity:1;background:#343d44;'  ><img data-pin-nopin='true' alt='Follow by Email' title='Follow by Email' src='https:\/\/rennrad-museum.de\/wp-content\/plugins\/ultimate-social-media-icons\/images\/icons_theme\/flat\/flat_email.png' width='30' height='30' style='' class='sfcm sfsi_wicon ' data-effect=''   \/><\/a><\/div><\/div><\/div ><div id=\"sfsi_holder\" class=\"sfsi_holders\" style=\"position: relative; float: left;width:100%;z-index:-1;\"><\/div ><script>window.addEventListener(\"sfsi_functions_loaded\", function()\n\t\t\t{\n\t\t\t\tif (typeof sfsi_widget_set == \"function\") {\n\t\t\t\t\tsfsi_widget_set();\n\t\t\t\t}\n\t\t\t}); <\/script><div style=\"clear: both;\"><\/div><\/div><\/div>\n\t\t\t\t\t\t<\/div>\n\t\t\t\t<\/div>\n\t\t\t\t<\/div>\n\t\t\t\t\t<\/div>\n\t\t\t\t<\/div>\n\t\t<div class=\"elementor-element elementor-element-2f08ae31 e-flex e-con-boxed wpr-particle-no wpr-jarallax-no wpr-parallax-no wpr-sticky-section-no wpr-equal-height-no e-con e-child\" data-id=\"2f08ae31\" data-element_type=\"container\" data-e-type=\"container\" data-settings=\"{&quot;background_background&quot;:&quot;gradient&quot;}\">\n\t\t\t\t\t<div class=\"e-con-inner\">\n\t\t<div class=\"elementor-element elementor-element-5cc85c13 e-flex e-con-boxed wpr-particle-no wpr-jarallax-no wpr-parallax-no wpr-sticky-section-no wpr-equal-height-no e-con e-child\" data-id=\"5cc85c13\" data-element_type=\"container\" data-e-type=\"container\" data-settings=\"{&quot;background_background&quot;:&quot;classic&quot;}\">\n\t\t\t\t\t<div class=\"e-con-inner\">\n\t\t\t\t\t<\/div>\n\t\t\t\t<\/div>\n\t\t\t\t\t<\/div>\n\t\t\t\t<\/div>\n\t\t\t\t<\/div>\n\t\t<div class=\"elementor-element elementor-element-2660fa4 e-flex e-con-boxed wpr-particle-no wpr-jarallax-no wpr-parallax-no wpr-sticky-section-no wpr-equal-height-no e-con e-parent\" data-id=\"2660fa4\" data-element_type=\"container\" data-e-type=\"container\">\n\t\t\t\t\t<div class=\"e-con-inner\">\n\t\t<div class=\"elementor-element elementor-element-f507e0a e-flex e-con-boxed wpr-particle-no wpr-jarallax-no wpr-parallax-no wpr-sticky-section-no wpr-equal-height-no e-con e-child\" data-id=\"f507e0a\" data-element_type=\"container\" data-e-type=\"container\">\n\t\t\t\t\t<div class=\"e-con-inner\">\n\t\t\t\t<div class=\"elementor-element elementor-element-6b75ae4 elementor-widget elementor-widget-text-editor\" data-id=\"6b75ae4\" data-element_type=\"widget\" data-e-type=\"widget\" data-widget_type=\"text-editor.default\">\n\t\t\t\t<div class=\"elementor-widget-container\">\n\t\t\t\t\t\t\t\t\t<p>Der Tr\u00e4gerverein des Rennradmuseum wurde 2019 gegr\u00fcndet und 2020 als e.V. angemeldet. Oberstes Ziel des Vereins ist die kontinuierliche Ausgestaltung und Unterhaltung des Rennradmuseum nach der vorgegebenen Planung zur Geschichte der Rennr\u00e4der und zum Radsport in Fr\u00f6ndenberg und Umgebung. Mit Aktionen zu besonderen Anl\u00e4ssen, mit der Einbindung von Kindern und Jugendlichen, mit\u00a0 gro\u00dfz\u00fcgigen \u00d6ffnungszeiten und gehaltvollen F\u00fchrungen soll sich das Museum st\u00e4ndig weiter entwickeln und zudem das etablierte Kettenschmiedemuseum in Fr\u00f6ndenberg um den Bereich &#8222;Fahrradketten&#8220; erg\u00e4nzen.<\/p><p>Der gesch\u00e4ftsf\u00fchrende Vorstand des Rennradmuseumsvereins besteht im Jahr 2024 aus dem 1. Vorsitzenden Bernd Kern, dem 2. Vorsitzenden Hans Kuhn und dem Gesch\u00e4ftsf\u00fchrer Hans-Martin Kissing. Weitere aktive Vorstandsmitglieder erledigen vielf\u00e4ltige Aufgabenbereiche. Der Verein w\u00fcrde sich \u00fcber neue mitarbeitende Mitglieder freuen und hofft auf Spenden, da die moderaten Eintrittsgelder die Kosten des Museums nicht decken k\u00f6nnen.<\/p>\t\t\t\t\t\t\t\t<\/div>\n\t\t\t\t<\/div>\n\t\t\t\t<div class=\"elementor-element elementor-element-03bdfd2 elementor-widget elementor-widget-button\" data-id=\"03bdfd2\" data-element_type=\"widget\" data-e-type=\"widget\" data-widget_type=\"button.default\">\n\t\t\t\t<div class=\"elementor-widget-container\">\n\t\t\t\t\t\t\t\t\t<div class=\"elementor-button-wrapper\">\n\t\t\t\t\t<a class=\"elementor-button elementor-button-link elementor-size-sm\" href=\"mailto:info@rennradmuseum.com\">\n\t\t\t\t\t\t<span class=\"elementor-button-content-wrapper\">\n\t\t\t\t\t\t<span class=\"elementor-button-icon\">\n\t\t\t\t<svg aria-hidden=\"true\" class=\"e-font-icon-svg e-far-envelope-open\" viewBox=\"0 0 512 512\" xmlns=\"http:\/\/www.w3.org\/2000\/svg\"><path d=\"M494.586 164.516c-4.697-3.883-111.723-89.95-135.251-108.657C337.231 38.191 299.437 0 256 0c-43.205 0-80.636 37.717-103.335 55.859-24.463 19.45-131.07 105.195-135.15 108.549A48.004 48.004 0 0 0 0 201.485V464c0 26.51 21.49 48 48 48h416c26.51 0 48-21.49 48-48V201.509a48 48 0 0 0-17.414-36.993zM464 458a6 6 0 0 1-6 6H54a6 6 0 0 1-6-6V204.347c0-1.813.816-3.526 2.226-4.665 15.87-12.814 108.793-87.554 132.364-106.293C200.755 78.88 232.398 48 256 48c23.693 0 55.857 31.369 73.41 45.389 23.573 18.741 116.503 93.493 132.366 106.316a5.99 5.99 0 0 1 2.224 4.663V458zm-31.991-187.704c4.249 5.159 3.465 12.795-1.745 16.981-28.975 23.283-59.274 47.597-70.929 56.863C336.636 362.283 299.205 400 256 400c-43.452 0-81.287-38.237-103.335-55.86-11.279-8.967-41.744-33.413-70.927-56.865-5.21-4.187-5.993-11.822-1.745-16.981l15.258-18.528c4.178-5.073 11.657-5.843 16.779-1.726 28.618 23.001 58.566 47.035 70.56 56.571C200.143 320.631 232.307 352 256 352c23.602 0 55.246-30.88 73.41-45.389 11.994-9.535 41.944-33.57 70.563-56.568 5.122-4.116 12.601-3.346 16.778 1.727l15.258 18.526z\"><\/path><\/svg>\t\t\t<\/span>\n\t\t\t\t\t\t\t\t\t<span class=\"elementor-button-text\">info@rennradmuseum.com kontaktieren<\/span>\n\t\t\t\t\t<\/span>\n\t\t\t\t\t<\/a>\n\t\t\t\t<\/div>\n\t\t\t\t\t\t\t\t<\/div>\n\t\t\t\t<\/div>\n\t\t\t\t\t<\/div>\n\t\t\t\t<\/div>\n\t\t<div class=\"elementor-element elementor-element-c802bbc e-flex e-con-boxed wpr-particle-no wpr-jarallax-no wpr-parallax-no wpr-sticky-section-no wpr-equal-height-no e-con e-child\" data-id=\"c802bbc\" data-element_type=\"container\" data-e-type=\"container\" data-settings=\"{&quot;background_background&quot;:&quot;classic&quot;}\">\n\t\t\t\t\t<div class=\"e-con-inner\">\n\t\t\t\t\t<\/div>\n\t\t\t\t<\/div>\n\t\t\t\t\t<\/div>\n\t\t\t\t<\/div>\n\t\t<div class=\"elementor-element elementor-element-902ae9b elementor-hidden-mobile e-flex e-con-boxed wpr-particle-no wpr-jarallax-no wpr-parallax-no wpr-sticky-section-no wpr-equal-height-no e-con e-parent\" data-id=\"902ae9b\" data-element_type=\"container\" data-e-type=\"container\">\n\t\t\t\t\t<div class=\"e-con-inner\">\n\t\t\t\t<div class=\"elementor-element elementor-element-582a01e elementor-widget elementor-widget-spacer\" data-id=\"582a01e\" data-element_type=\"widget\" data-e-type=\"widget\" data-widget_type=\"spacer.default\">\n\t\t\t\t<div class=\"elementor-widget-container\">\n\t\t\t\t\t\t\t<div class=\"elementor-spacer\">\n\t\t\t<div class=\"elementor-spacer-inner\"><\/div>\n\t\t<\/div>\n\t\t\t\t\t\t<\/div>\n\t\t\t\t<\/div>\n\t\t\t\t<div class=\"elementor-element elementor-element-b5cd727 elementor-widget elementor-widget-image\" data-id=\"b5cd727\" data-element_type=\"widget\" data-e-type=\"widget\" data-widget_type=\"image.default\">\n\t\t\t\t<div class=\"elementor-widget-container\">\n\t\t\t\t\t\t\t\t\t\t\t\t\t\t\t<img decoding=\"async\" width=\"696\" height=\"54\" src=\"https:\/\/rennrad-museum.de\/wp-content\/uploads\/2024\/06\/sponsor.png\" class=\"attachment-large size-large wp-image-1422\" alt=\"Rennradmuseum\" srcset=\"https:\/\/rennrad-museum.de\/wp-content\/uploads\/2024\/06\/sponsor.png 696w, https:\/\/rennrad-museum.de\/wp-content\/uploads\/2024\/06\/sponsor-300x23.png 300w\" sizes=\"(max-width: 696px) 100vw, 696px\" \/>\t\t\t\t\t\t\t\t\t\t\t\t\t\t\t<\/div>\n\t\t\t\t<\/div>\n\t\t\t\t<div class=\"elementor-element elementor-element-088df82 elementor-widget elementor-widget-spacer\" data-id=\"088df82\" data-element_type=\"widget\" data-e-type=\"widget\" data-widget_type=\"spacer.default\">\n\t\t\t\t<div class=\"elementor-widget-container\">\n\t\t\t\t\t\t\t<div class=\"elementor-spacer\">\n\t\t\t<div class=\"elementor-spacer-inner\"><\/div>\n\t\t<\/div>\n\t\t\t\t\t\t<\/div>\n\t\t\t\t<\/div>\n\t\t\t\t\t<\/div>\n\t\t\t\t<\/div>\n\t\t\t\t<\/div>\n\t\t","protected":false},"excerpt":{"rendered":"<p>Verein Rennradmuseum Fr\u00f6ndenberg\/ Ruhr e.V. Der Tr\u00e4gerverein des Rennradmuseum wurde 2019 gegr\u00fcndet und 2020 als e.V. angemeldet. Oberstes Ziel des Vereins ist die kontinuierliche Ausgestaltung und Unterhaltung des Rennradmuseum nach der vorgegebenen Planung zur Geschichte der Rennr\u00e4der und zum Radsport in Fr\u00f6ndenberg und Umgebung. Mit Aktionen zu besonderen Anl\u00e4ssen, mit der Einbindung von Kindern und Jugendlichen, mit\u00a0 gro\u00dfz\u00fcgigen \u00d6ffnungszeiten und gehaltvollen F\u00fchrungen soll sich das Museum st\u00e4ndig weiter entwickeln und zudem das etablierte Kettenschmiedemuseum in Fr\u00f6ndenberg um den Bereich &#8222;Fahrradketten&#8220; erg\u00e4nzen. Der gesch\u00e4ftsf\u00fchrende Vorstand des Rennradmuseumsvereins besteht im Jahr 2024 aus dem 1. Vorsitzenden Bernd Kern, dem 2. Vorsitzenden Hans Kuhn und dem Gesch\u00e4ftsf\u00fchrer Hans-Martin Kissing. Weitere aktive Vorstandsmitglieder erledigen vielf\u00e4ltige Aufgabenbereiche. Der Verein w\u00fcrde sich \u00fcber neue mitarbeitende Mitglieder freuen und hofft auf Spenden, da die moderaten Eintrittsgelder die Kosten des Museums nicht decken k\u00f6nnen. info@rennradmuseum.com kontaktieren<\/p>\n","protected":false},"author":1,"featured_media":1169,"parent":0,"menu_order":0,"comment_status":"closed","ping_status":"closed","template":"","meta":{"_eb_attr":"","site-sidebar-layout":"no-sidebar","site-content-layout":"","ast-site-content-layout":"full-width-container","site-content-style":"default","site-sidebar-style":"default","ast-global-header-display":"","ast-banner-title-visibility":"","ast-main-header-display":"","ast-hfb-above-header-display":"","ast-hfb-below-header-display":"","ast-hfb-mobile-header-display":"","site-post-title":"disabled","ast-breadcrumbs-content":"","ast-featured-img":"disabled","footer-sml-layout":"","theme-transparent-header-meta":"","adv-header-id-meta":"","stick-header-meta":"","header-above-stick-meta":"","header-main-stick-meta":"","header-below-stick-meta":"","astra-migrate-meta-layouts":"default","ast-page-background-enabled":"default","ast-page-background-meta":{"desktop":{"background-color":"var(--ast-global-color-4)","background-image":"","background-repeat":"repeat","background-position":"center center","background-size":"auto","background-attachment":"scroll","background-type":"","background-media":"","overlay-type":"","overlay-color":"","overlay-opacity":"","overlay-gradient":""},"tablet":{"background-color":"","background-image":"","background-repeat":"repeat","background-position":"center center","background-size":"auto","background-attachment":"scroll","background-type":"","background-media":"","overlay-type":"","overlay-color":"","overlay-opacity":"","overlay-gradient":""},"mobile":{"background-color":"","background-image":"","background-repeat":"repeat","background-position":"center center","background-size":"auto","background-attachment":"scroll","background-type":"","background-media":"","overlay-type":"","overlay-color":"","overlay-opacity":"","overlay-gradient":""}},"ast-content-background-meta":{"desktop":{"background-color":"var(--ast-global-color-5)","background-image":"","background-repeat":"repeat","background-position":"center center","background-size":"auto","background-attachment":"scroll","background-type":"","background-media":"","overlay-type":"","overlay-color":"","overlay-opacity":"","overlay-gradient":""},"tablet":{"background-color":"var(--ast-global-color-5)","background-image":"","background-repeat":"repeat","background-position":"center center","background-size":"auto","background-attachment":"scroll","background-type":"","background-media":"","overlay-type":"","overlay-color":"","overlay-opacity":"","overlay-gradient":""},"mobile":{"background-color":"var(--ast-global-color-5)","background-image":"","background-repeat":"repeat","background-position":"center center","background-size":"auto","background-attachment":"scroll","background-type":"","background-media":"","overlay-type":"","overlay-color":"","overlay-opacity":"","overlay-gradient":""}},"footnotes":""},"class_list":["post-109","page","type-page","status-publish","has-post-thumbnail","hentry"],"aioseo_notices":[],"_links":{"self":[{"href":"https:\/\/rennrad-museum.de\/index.php?rest_route=\/wp\/v2\/pages\/109"}],"collection":[{"href":"https:\/\/rennrad-museum.de\/index.php?rest_route=\/wp\/v2\/pages"}],"about":[{"href":"https:\/\/rennrad-museum.de\/index.php?rest_route=\/wp\/v2\/types\/page"}],"author":[{"embeddable":true,"href":"https:\/\/rennrad-museum.de\/index.php?rest_route=\/wp\/v2\/users\/1"}],"replies":[{"embeddable":true,"href":"https:\/\/rennrad-museum.de\/index.php?rest_route=%2Fwp%2Fv2%2Fcomments&post=109"}],"version-history":[{"count":161,"href":"https:\/\/rennrad-museum.de\/index.php?rest_route=\/wp\/v2\/pages\/109\/revisions"}],"predecessor-version":[{"id":3462,"href":"https:\/\/rennrad-museum.de\/index.php?rest_route=\/wp\/v2\/pages\/109\/revisions\/3462"}],"wp:featuredmedia":[{"embeddable":true,"href":"https:\/\/rennrad-museum.de\/index.php?rest_route=\/wp\/v2\/media\/1169"}],"wp:attachment":[{"href":"https:\/\/rennrad-museum.de\/index.php?rest_route=%2Fwp%2Fv2%2Fmedia&parent=109"}],"curies":[{"name":"wp","href":"https:\/\/api.w.org\/{rel}","templated":true}]}}