{"id":104,"date":"2024-05-29T19:32:22","date_gmt":"2024-05-29T19:32:22","guid":{"rendered":"http:\/\/fullfeather.de\/?page_id=104"},"modified":"2024-06-21T08:40:47","modified_gmt":"2024-06-21T08:40:47","slug":"museum","status":"publish","type":"page","link":"https:\/\/rennrad-museum.de\/?page_id=104","title":{"rendered":"Museum"},"content":{"rendered":"\t\t<div data-elementor-type=\"wp-page\" data-elementor-id=\"104\" class=\"elementor elementor-104\">\n\t\t\t\t<div class=\"elementor-element elementor-element-437c3bf e-grid e-con-boxed wpr-particle-no wpr-jarallax-no wpr-parallax-no wpr-sticky-section-no wpr-equal-height-no e-con e-parent\" data-id=\"437c3bf\" data-element_type=\"container\" data-e-type=\"container\">\n\t\t\t\t\t<div class=\"e-con-inner\">\n\t\t\t\t<div class=\"elementor-element elementor-element-2c3a0cb elementor-widget elementor-widget-spacer\" data-id=\"2c3a0cb\" data-element_type=\"widget\" data-e-type=\"widget\" data-widget_type=\"spacer.default\">\n\t\t\t\t<div class=\"elementor-widget-container\">\n\t\t\t\t\t\t\t<div class=\"elementor-spacer\">\n\t\t\t<div class=\"elementor-spacer-inner\"><\/div>\n\t\t<\/div>\n\t\t\t\t\t\t<\/div>\n\t\t\t\t<\/div>\n\t\t\t\t\t<\/div>\n\t\t\t\t<\/div>\n\t\t<div class=\"elementor-element elementor-element-215556f e-con-full e-flex wpr-particle-no wpr-jarallax-no wpr-parallax-no wpr-sticky-section-no wpr-equal-height-no e-con e-parent\" data-id=\"215556f\" data-element_type=\"container\" data-e-type=\"container\">\n\t\t<div class=\"elementor-element elementor-element-06be6ed e-flex e-con-boxed wpr-particle-no wpr-jarallax-no wpr-parallax-no wpr-sticky-section-no wpr-equal-height-no e-con e-child\" data-id=\"06be6ed\" data-element_type=\"container\" data-e-type=\"container\">\n\t\t\t\t\t<div class=\"e-con-inner\">\n\t\t\t\t<div class=\"elementor-element elementor-element-c004c9c elementor-widget elementor-widget-heading\" data-id=\"c004c9c\" data-element_type=\"widget\" data-e-type=\"widget\" data-widget_type=\"heading.default\">\n\t\t\t\t<div class=\"elementor-widget-container\">\n\t\t\t\t\t<h3 class=\"elementor-heading-title elementor-size-default\">Museum<\/h3>\t\t\t\t<\/div>\n\t\t\t\t<\/div>\n\t\t<div class=\"elementor-element elementor-element-e563a44 e-con-full e-flex wpr-particle-no wpr-jarallax-no wpr-parallax-no wpr-sticky-section-no wpr-equal-height-no e-con e-child\" data-id=\"e563a44\" data-element_type=\"container\" data-e-type=\"container\">\n\t\t\t\t<div class=\"elementor-element elementor-element-0e7e1e0 elementor-widget elementor-widget-heading\" data-id=\"0e7e1e0\" data-element_type=\"widget\" data-e-type=\"widget\" data-widget_type=\"heading.default\">\n\t\t\t\t<div class=\"elementor-widget-container\">\n\t\t\t\t\t<h1 class=\"elementor-heading-title elementor-size-default\">Rennradmuseum Fr\u00f6ndenberg<\/h1>\t\t\t\t<\/div>\n\t\t\t\t<\/div>\n\t\t\t\t<div class=\"elementor-element elementor-element-021327d elementor-widget elementor-widget-shortcode\" data-id=\"021327d\" data-element_type=\"widget\" data-e-type=\"widget\" data-widget_type=\"shortcode.default\">\n\t\t\t\t<div class=\"elementor-widget-container\">\n\t\t\t\t\t\t\t<div class=\"elementor-shortcode\"><div class=\"sfsi_widget sfsi_shortcode_container\"><div class=\"norm_row sfsi_wDiv \"  style=\"width:200px;text-align:left;\"><div style='width:30px; height:30px;margin-left:10px;margin-bottom:5px; ' class='sfsi_wicons shuffeldiv ' ><div class='inerCnt'><a class=' sficn' data-effect='' target='_blank' rel='noopener'  href='https:\/\/www.facebook.com\/p\/Rennradmuseum-Fr%C3%B6ndenberg-100049127591475' id='sfsiid_facebook_icon' style='width:30px;height:30px;opacity:1;background:#000000;'  ><img data-pin-nopin='true' alt='Facebook' title='Facebook' src='https:\/\/rennrad-museum.de\/wp-content\/plugins\/ultimate-social-media-icons\/images\/icons_theme\/flat\/flat_facebook.png' width='30' height='30' style='' class='sfcm sfsi_wicon ' data-effect=''   \/><\/a><div class=\"sfsi_tool_tip_2 fb_tool_bdr sfsiTlleft\" style=\"opacity:0;z-index:-1;\" id=\"sfsiid_facebook\"><span class=\"bot_arow bot_fb_arow\"><\/span><div class=\"sfsi_inside\"><div  class='icon2'><div class=\"fb-like\" width=\"200\" data-href=\"https:\/\/rennrad-museum.de\/?page_id=104&#038;rest_route=\/wp\/v2\/pages\/104\"  data-send=\"false\" data-layout=\"button_count\" data-action=\"like\"><\/div><\/div><div  class='icon3'><a target='_blank' rel='noopener' href='https:\/\/www.facebook.com\/sharer\/sharer.php?u=https%3A%2F%2Frennrad-museum.de%2F%3Fpage_id%3D104%26rest_route%3D%2Fwp%2Fv2%2Fpages%2F104' style='display:inline-block;'  > <img class='sfsi_wicon'  data-pin-nopin='true' alt='fb-share-icon' title='Facebook Share' src='https:\/\/rennrad-museum.de\/wp-content\/plugins\/ultimate-social-media-icons\/images\/share_icons\/fb_icons\/de_DE.svg' \/><\/a><\/div><\/div><\/div><\/div><\/div><div style='width:30px; height:30px;margin-left:10px;margin-bottom:5px; ' class='sfsi_wicons shuffeldiv ' ><div class='inerCnt'><a class=' sficn' data-effect='' target='_blank' rel='noopener'  href='' id='sfsiid_twitter_icon' style='width:30px;height:30px;opacity:1;background:#000000;'  ><img data-pin-nopin='true' alt='X (Twitter)' title='X (Twitter)' src='https:\/\/rennrad-museum.de\/wp-content\/plugins\/ultimate-social-media-icons\/images\/icons_theme\/flat\/flat_twitter.png' width='30' height='30' style='' class='sfcm sfsi_wicon ' data-effect=''   \/><\/a><div class=\"sfsi_tool_tip_2 twt_tool_bdr sfsiTlleft\" style=\"opacity:0;z-index:-1;\" id=\"sfsiid_twitter\"><span class=\"bot_arow bot_twt_arow\"><\/span><div class=\"sfsi_inside\"><div  class='icon2'><div class='sf_twiter' style='display: inline-block;vertical-align: middle;width: auto;'>\r\n\t\t\t\t\t\t<a target='_blank' rel='noopener' href='https:\/\/x.com\/intent\/post?text=%23rennradmuseum+%23cyclinghistory+%23fr%C3%B6ndenberg+https%3A%2F%2Frennrad-museum.de%2F+https%3A%2F%2Frennrad-museum.de%2F%3Fpage_id%3D104%26%23038%3Brest_route%3D%2Fwp%2Fv2%2Fpages%2F104' style='display:inline-block' >\r\n\t\t\t\t\t\t\t<img data-pin-nopin= true class='sfsi_wicon' src='https:\/\/rennrad-museum.de\/wp-content\/plugins\/ultimate-social-media-icons\/images\/share_icons\/Twitter_Tweet\/de_DE_Tweet.svg' alt='Post on X' title='Post on X' >\r\n\t\t\t\t\t\t<\/a>\r\n\t\t\t\t\t<\/div><\/div><\/div><\/div><\/div><\/div><div style='width:30px; height:30px;margin-left:10px;margin-bottom:5px; ' class='sfsi_wicons shuffeldiv ' ><div class='inerCnt'><a class=' sficn' data-effect='' target='_blank' rel='noopener'  href='https:\/\/api.follow.it\/widgets\/icon\/WkUrMHFweTk5M1g5R25qeUcwL0RxcmYzQ0dJaFN5Zlo4b0hkcmdYbktPMmhjN1BWUDB0UGdUU3ErT3A2UHdnUmdiUUE0NEZObHBZZjJHTm5BYURWUjRYbWtJaFJQK1BzWlY4K01HTGNUWVJrWmpsNG5CUEQ2NzlJWXk5a3dJZSt8VnZEaFZXeVo5QkkySW13TkZ6ay8vOG82cTNqWnE2eGpNRmdmbE9FS1VUMD0=\/OA==\/' id='sfsiid_email_icon' style='width:30px;height:30px;opacity:1;background:#343d44;'  ><img data-pin-nopin='true' alt='Follow by Email' title='Follow by Email' src='https:\/\/rennrad-museum.de\/wp-content\/plugins\/ultimate-social-media-icons\/images\/icons_theme\/flat\/flat_email.png' width='30' height='30' style='' class='sfcm sfsi_wicon ' data-effect=''   \/><\/a><\/div><\/div><\/div ><div id=\"sfsi_holder\" class=\"sfsi_holders\" style=\"position: relative; float: left;width:100%;z-index:-1;\"><\/div ><script>window.addEventListener(\"sfsi_functions_loaded\", function()\n\t\t\t{\n\t\t\t\tif (typeof sfsi_widget_set == \"function\") {\n\t\t\t\t\tsfsi_widget_set();\n\t\t\t\t}\n\t\t\t}); <\/script><div style=\"clear: both;\"><\/div><\/div><\/div>\n\t\t\t\t\t\t<\/div>\n\t\t\t\t<\/div>\n\t\t\t\t<\/div>\n\t\t\t\t\t<\/div>\n\t\t\t\t<\/div>\n\t\t<div class=\"elementor-element elementor-element-77ce84f e-flex e-con-boxed wpr-particle-no wpr-jarallax-no wpr-parallax-no wpr-sticky-section-no wpr-equal-height-no e-con e-child\" data-id=\"77ce84f\" data-element_type=\"container\" data-e-type=\"container\" data-settings=\"{&quot;background_background&quot;:&quot;gradient&quot;}\">\n\t\t\t\t\t<div class=\"e-con-inner\">\n\t\t<div class=\"elementor-element elementor-element-9917764 e-flex e-con-boxed wpr-particle-no wpr-jarallax-no wpr-parallax-no wpr-sticky-section-no wpr-equal-height-no e-con e-child\" data-id=\"9917764\" data-element_type=\"container\" data-e-type=\"container\" data-settings=\"{&quot;background_background&quot;:&quot;classic&quot;}\">\n\t\t\t\t\t<div class=\"e-con-inner\">\n\t\t\t\t\t<\/div>\n\t\t\t\t<\/div>\n\t\t\t\t\t<\/div>\n\t\t\t\t<\/div>\n\t\t\t\t<\/div>\n\t\t<div class=\"elementor-element elementor-element-8e7bca8 e-flex e-con-boxed wpr-particle-no wpr-jarallax-no wpr-parallax-no wpr-sticky-section-no wpr-equal-height-no e-con e-parent\" data-id=\"8e7bca8\" data-element_type=\"container\" data-e-type=\"container\">\n\t\t\t\t\t<div class=\"e-con-inner\">\n\t\t<div class=\"elementor-element elementor-element-538742a e-con-full e-flex wpr-particle-no wpr-jarallax-no wpr-parallax-no wpr-sticky-section-no wpr-equal-height-no e-con e-child\" data-id=\"538742a\" data-element_type=\"container\" data-e-type=\"container\">\n\t\t<div class=\"elementor-element elementor-element-a4a9d12 e-flex e-con-boxed wpr-particle-no wpr-jarallax-no wpr-parallax-no wpr-sticky-section-no wpr-equal-height-no e-con e-child\" data-id=\"a4a9d12\" data-element_type=\"container\" data-e-type=\"container\" data-settings=\"{&quot;background_background&quot;:&quot;classic&quot;}\">\n\t\t\t\t\t<div class=\"e-con-inner\">\n\t\t\t\t\t<\/div>\n\t\t\t\t<\/div>\n\t\t<div class=\"elementor-element elementor-element-6df0d23 e-flex e-con-boxed wpr-particle-no wpr-jarallax-no wpr-parallax-no wpr-sticky-section-no wpr-equal-height-no e-con e-child\" data-id=\"6df0d23\" data-element_type=\"container\" data-e-type=\"container\">\n\t\t\t\t\t<div class=\"e-con-inner\">\n\t\t<div class=\"elementor-element elementor-element-661ad64 e-flex e-con-boxed wpr-particle-no wpr-jarallax-no wpr-parallax-no wpr-sticky-section-no wpr-equal-height-no e-con e-child\" data-id=\"661ad64\" data-element_type=\"container\" data-e-type=\"container\" data-settings=\"{&quot;background_background&quot;:&quot;classic&quot;}\">\n\t\t\t\t\t<div class=\"e-con-inner\">\n\t\t\t\t\t<\/div>\n\t\t\t\t<\/div>\n\t\t<div class=\"elementor-element elementor-element-7c3ed74 e-flex e-con-boxed wpr-particle-no wpr-jarallax-no wpr-parallax-no wpr-sticky-section-no wpr-equal-height-no e-con e-child\" data-id=\"7c3ed74\" data-element_type=\"container\" data-e-type=\"container\" data-settings=\"{&quot;background_background&quot;:&quot;classic&quot;}\">\n\t\t\t\t\t<div class=\"e-con-inner\">\n\t\t\t\t\t<\/div>\n\t\t\t\t<\/div>\n\t\t<div class=\"elementor-element elementor-element-bb83ca6 elementor-hidden-mobile e-flex e-con-boxed wpr-particle-no wpr-jarallax-no wpr-parallax-no wpr-sticky-section-no wpr-equal-height-no e-con e-child\" data-id=\"bb83ca6\" data-element_type=\"container\" data-e-type=\"container\" data-settings=\"{&quot;background_background&quot;:&quot;classic&quot;}\">\n\t\t\t\t\t<div class=\"e-con-inner\">\n\t\t\t\t\t<\/div>\n\t\t\t\t<\/div>\n\t\t\t\t\t<\/div>\n\t\t\t\t<\/div>\n\t\t\t\t<\/div>\n\t\t<div class=\"elementor-element elementor-element-b815132 e-con-full e-flex wpr-particle-no wpr-jarallax-no wpr-parallax-no wpr-sticky-section-no wpr-equal-height-no e-con e-child\" data-id=\"b815132\" data-element_type=\"container\" data-e-type=\"container\">\n\t\t\t\t<div class=\"elementor-element elementor-element-1304122 elementor-widget elementor-widget-text-editor\" data-id=\"1304122\" data-element_type=\"widget\" data-e-type=\"widget\" data-widget_type=\"text-editor.default\">\n\t\t\t\t<div class=\"elementor-widget-container\">\n\t\t\t\t\t\t\t\t\t<p>Seit \u00fcber 100 Jahren ist Fr\u00f6ndenberg\/Ruhr eine Hochburg des Radsports. Von 1890 bis 1990 war die Firma UNION-ZWEIRADTEILE der gr\u00f6\u00dfte Arbeitgeber in der Ruhrstadt. Im Ketten- und Speichen-Bereich war die Union lange Weltmarktf\u00fchrer, aber auch Naben, Pedalen und sp\u00e4ter Lichtanlagen geh\u00f6rten zur Produktpalette.<\/p><p>Durch diese Verbindung gr\u00fcndete sich 1931 in Fr\u00f6ndenberg, unterst\u00fctzt von der UNION, der RV 31 Fr\u00f6ndenberg, der zahlreiche erfolgreiche Rennfahrer hervorbrachte. Au\u00dferdem standen Rennen in und durch Fr\u00f6ndenberg j\u00e4hrlich auf der Tagesordnung, die von flachen und bergigen Rundstreckenrennen \u00fcber die Bergwertungen von Rund um Dortmund, der Osterrennen durch den Kreis Unna oder der Deutschlandtour am bekannten Eulenberg reichten. Immer s\u00e4umten zahlreiche fachkundige Zuschauer die Rennstrecke.<\/p><p>Aufbauend auf die gespendete Rennradsammlung des Fr\u00f6ndenbergers Andreas Gr\u00fcnewald wurde zur Erinnerung an diesen Geschichtsfaktor in den R\u00e4umen der ehemaligen Stadtb\u00fccherei am zentralen Marktplatz von den Mitgliedern des Museumsvereins ein Museum rund um die Geschichte der Rennr\u00e4der von 1900 bis heute und zum Radsport in Fr\u00f6ndenberg und Umgebung eingerichtet.<\/p>\t\t\t\t\t\t\t\t<\/div>\n\t\t\t\t<\/div>\n\t\t\t\t<\/div>\n\t\t\t\t\t<\/div>\n\t\t\t\t<\/div>\n\t\t<div class=\"elementor-element elementor-element-34e82f6 e-grid e-con-boxed wpr-particle-no wpr-jarallax-no wpr-parallax-no wpr-sticky-section-no wpr-equal-height-no e-con e-parent\" data-id=\"34e82f6\" data-element_type=\"container\" data-e-type=\"container\">\n\t\t\t\t\t<div class=\"e-con-inner\">\n\t\t\t\t<div class=\"elementor-element elementor-element-83cee13 elementor-widget elementor-widget-spacer\" data-id=\"83cee13\" data-element_type=\"widget\" data-e-type=\"widget\" data-widget_type=\"spacer.default\">\n\t\t\t\t<div class=\"elementor-widget-container\">\n\t\t\t\t\t\t\t<div class=\"elementor-spacer\">\n\t\t\t<div class=\"elementor-spacer-inner\"><\/div>\n\t\t<\/div>\n\t\t\t\t\t\t<\/div>\n\t\t\t\t<\/div>\n\t\t\t\t\t<\/div>\n\t\t\t\t<\/div>\n\t\t<div class=\"elementor-element elementor-element-6def2b4 e-flex e-con-boxed wpr-particle-no wpr-jarallax-no wpr-parallax-no wpr-sticky-section-no wpr-equal-height-no e-con e-parent\" data-id=\"6def2b4\" data-element_type=\"container\" data-e-type=\"container\">\n\t\t\t\t\t<div class=\"e-con-inner\">\n\t\t\t\t<div class=\"elementor-element elementor-element-29e8f92 elementor-widget elementor-widget-heading\" data-id=\"29e8f92\" data-element_type=\"widget\" data-e-type=\"widget\" data-widget_type=\"heading.default\">\n\t\t\t\t<div class=\"elementor-widget-container\">\n\t\t\t\t\t<h2 class=\"elementor-heading-title elementor-size-default\">Besucher im Museum<\/h2>\t\t\t\t<\/div>\n\t\t\t\t<\/div>\n\t\t<div class=\"elementor-element elementor-element-bab8166 e-con-full e-flex wpr-particle-no wpr-jarallax-no wpr-parallax-no wpr-sticky-section-no wpr-equal-height-no e-con e-child\" data-id=\"bab8166\" data-element_type=\"container\" data-e-type=\"container\">\n\t\t\t\t<div class=\"elementor-element elementor-element-92986ef elementor-arrows-position-inside elementor-pagination-position-outside elementor-widget elementor-widget-image-carousel\" data-id=\"92986ef\" data-element_type=\"widget\" data-e-type=\"widget\" data-settings=\"{&quot;slides_to_show&quot;:&quot;4&quot;,&quot;slides_to_show_tablet_extra&quot;:&quot;3&quot;,&quot;lazyload&quot;:&quot;yes&quot;,&quot;autoplay_speed&quot;:8000,&quot;image_spacing_custom&quot;:{&quot;unit&quot;:&quot;px&quot;,&quot;size&quot;:5,&quot;sizes&quot;:[]},&quot;navigation&quot;:&quot;both&quot;,&quot;autoplay&quot;:&quot;yes&quot;,&quot;pause_on_hover&quot;:&quot;yes&quot;,&quot;pause_on_interaction&quot;:&quot;yes&quot;,&quot;infinite&quot;:&quot;yes&quot;,&quot;speed&quot;:500,&quot;image_spacing_custom_laptop&quot;:{&quot;unit&quot;:&quot;px&quot;,&quot;size&quot;:&quot;&quot;,&quot;sizes&quot;:[]},&quot;image_spacing_custom_tablet_extra&quot;:{&quot;unit&quot;:&quot;px&quot;,&quot;size&quot;:&quot;&quot;,&quot;sizes&quot;:[]},&quot;image_spacing_custom_tablet&quot;:{&quot;unit&quot;:&quot;px&quot;,&quot;size&quot;:&quot;&quot;,&quot;sizes&quot;:[]},&quot;image_spacing_custom_mobile&quot;:{&quot;unit&quot;:&quot;px&quot;,&quot;size&quot;:&quot;&quot;,&quot;sizes&quot;:[]}}\" data-widget_type=\"image-carousel.default\">\n\t\t\t\t<div class=\"elementor-widget-container\">\n\t\t\t\t\t\t\t<div class=\"elementor-image-carousel-wrapper swiper\" role=\"region\" aria-roledescription=\"carousel\" aria-label=\"Bild Karussell\" dir=\"ltr\">\n\t\t\t<div class=\"elementor-image-carousel swiper-wrapper\" aria-live=\"off\">\n\t\t\t\t\t\t\t\t<div class=\"swiper-slide\" role=\"group\" aria-roledescription=\"slide\" aria-label=\"1 von 6\"><a data-elementor-open-lightbox=\"yes\" data-elementor-lightbox-slideshow=\"92986ef\" data-elementor-lightbox-title=\"HP durst\" data-elementor-lightbox-description=\"Paralympics Sieger HP Durst zu Besuch im Rennrad Museum Fr\u00f6ndenberg im Juni 2023 zusammen mit Hans Kuhn\" data-e-action-hash=\"#elementor-action%3Aaction%3Dlightbox%26settings%3DeyJpZCI6MzM1MiwidXJsIjoiaHR0cHM6XC9cL3Jlbm5yYWQtbXVzZXVtLmRlXC93cC1jb250ZW50XC91cGxvYWRzXC8yMDI0XC8wNlwvZHVyc3QucG5nIiwic2xpZGVzaG93IjoiOTI5ODZlZiJ9\" href=\"https:\/\/rennrad-museum.de\/wp-content\/uploads\/2024\/06\/durst.png\"><figure class=\"swiper-slide-inner\"><img class=\"swiper-slide-image swiper-lazy\" data-src=\"https:\/\/rennrad-museum.de\/wp-content\/uploads\/2024\/06\/durst-768x525.png\" alt=\"Paralympics Sieger HP Durst zu Besuch im Rennrad Museum Fr\u00f6ndenberg im Juni 2023 zusammen mit Hans Kuhn\" \/><div class=\"swiper-lazy-preloader\"><\/div><figcaption class=\"elementor-image-carousel-caption\">HP durst<\/figcaption><\/figure><\/a><\/div><div class=\"swiper-slide\" role=\"group\" aria-roledescription=\"slide\" aria-label=\"2 von 6\"><a data-elementor-open-lightbox=\"yes\" data-elementor-lightbox-slideshow=\"92986ef\" data-elementor-lightbox-title=\"Arbeitskreises junger Fr\u00f6ndenberger   Unternehmer\" data-elementor-lightbox-description=\"Spenden\u00fcbergabe des Arbeitskreises junger Fr\u00f6ndenberger \n Unternehmer im Juni 2020 \" data-e-action-hash=\"#elementor-action%3Aaction%3Dlightbox%26settings%3DeyJpZCI6MzM1MywidXJsIjoiaHR0cHM6XC9cL3Jlbm5yYWQtbXVzZXVtLmRlXC93cC1jb250ZW50XC91cGxvYWRzXC8yMDI0XC8wNlwvanVuZ2UtdW50ZXJuZWhtZXIucG5nIiwic2xpZGVzaG93IjoiOTI5ODZlZiJ9\" href=\"https:\/\/rennrad-museum.de\/wp-content\/uploads\/2024\/06\/junge-unternehmer.png\"><figure class=\"swiper-slide-inner\"><img class=\"swiper-slide-image swiper-lazy\" data-src=\"https:\/\/rennrad-museum.de\/wp-content\/uploads\/2024\/06\/junge-unternehmer-768x525.png\" alt=\"Spenden\u00fcbergabe des Arbeitskreises junger Fr\u00f6ndenberger \n Unternehmer im Juni 2020\" \/><div class=\"swiper-lazy-preloader\"><\/div><figcaption class=\"elementor-image-carousel-caption\">Arbeitskreises junger Fr\u00f6ndenberger   Unternehmer<\/figcaption><\/figure><\/a><\/div><div class=\"swiper-slide\" role=\"group\" aria-roledescription=\"slide\" aria-label=\"3 von 6\"><a data-elementor-open-lightbox=\"yes\" data-elementor-lightbox-slideshow=\"92986ef\" data-elementor-lightbox-title=\"ADFC Unna\" data-elementor-lightbox-description=\"Der ADFC Unna zu Besuch im Museum im Oktober 2021\" data-e-action-hash=\"#elementor-action%3Aaction%3Dlightbox%26settings%3DeyJpZCI6MzM1NCwidXJsIjoiaHR0cHM6XC9cL3Jlbm5yYWQtbXVzZXVtLmRlXC93cC1jb250ZW50XC91cGxvYWRzXC8yMDI0XC8wNlwvTENDLnBuZyIsInNsaWRlc2hvdyI6IjkyOTg2ZWYifQ%3D%3D\" href=\"https:\/\/rennrad-museum.de\/wp-content\/uploads\/2024\/06\/LCC.png\"><figure class=\"swiper-slide-inner\"><img class=\"swiper-slide-image swiper-lazy\" data-src=\"https:\/\/rennrad-museum.de\/wp-content\/uploads\/2024\/06\/LCC-768x525.png\" alt=\"Der ADFC Unna zu Besuch im Museum im Oktober 2021\" \/><div class=\"swiper-lazy-preloader\"><\/div><figcaption class=\"elementor-image-carousel-caption\">ADFC Unna<\/figcaption><\/figure><\/a><\/div><div class=\"swiper-slide\" role=\"group\" aria-roledescription=\"slide\" aria-label=\"4 von 6\"><a data-elementor-open-lightbox=\"yes\" data-elementor-lightbox-slideshow=\"92986ef\" data-elementor-lightbox-title=\"Mario L\u00f6hr,\" data-elementor-lightbox-description=\"Mario L\u00f6hr, der Landrat des Kreises Unna mit Hans Kuhn im Juni 2021 im Museum \" data-e-action-hash=\"#elementor-action%3Aaction%3Dlightbox%26settings%3DeyJpZCI6MzM1NSwidXJsIjoiaHR0cHM6XC9cL3Jlbm5yYWQtbXVzZXVtLmRlXC93cC1jb250ZW50XC91cGxvYWRzXC8yMDI0XC8wNlwvbG9laHIucG5nIiwic2xpZGVzaG93IjoiOTI5ODZlZiJ9\" href=\"https:\/\/rennrad-museum.de\/wp-content\/uploads\/2024\/06\/loehr.png\"><figure class=\"swiper-slide-inner\"><img class=\"swiper-slide-image swiper-lazy\" data-src=\"https:\/\/rennrad-museum.de\/wp-content\/uploads\/2024\/06\/loehr-768x525.png\" alt=\"Mario L\u00f6hr, der Landrat des Kreises Unna mit Hans Kuhn im Juni 2021 im Museum\" \/><div class=\"swiper-lazy-preloader\"><\/div><figcaption class=\"elementor-image-carousel-caption\">Mario L\u00f6hr,<\/figcaption><\/figure><\/a><\/div><div class=\"swiper-slide\" role=\"group\" aria-roledescription=\"slide\" aria-label=\"5 von 6\"><a data-elementor-open-lightbox=\"yes\" data-elementor-lightbox-slideshow=\"92986ef\" data-elementor-lightbox-title=\"LCC M\u00fcnster\" data-elementor-lightbox-description=\"LCC M\u00fcnster  zu Besuch im Museum im August 2021\" data-e-action-hash=\"#elementor-action%3Aaction%3Dlightbox%26settings%3DeyJpZCI6MzM1NiwidXJsIjoiaHR0cHM6XC9cL3Jlbm5yYWQtbXVzZXVtLmRlXC93cC1jb250ZW50XC91cGxvYWRzXC8yMDI0XC8wNlwvcmFkLnBuZyIsInNsaWRlc2hvdyI6IjkyOTg2ZWYifQ%3D%3D\" href=\"https:\/\/rennrad-museum.de\/wp-content\/uploads\/2024\/06\/rad.png\"><figure class=\"swiper-slide-inner\"><img class=\"swiper-slide-image swiper-lazy\" data-src=\"https:\/\/rennrad-museum.de\/wp-content\/uploads\/2024\/06\/rad-768x525.png\" alt=\"LCC M\u00fcnster  zu Besuch im Museum im August 2021\" \/><div class=\"swiper-lazy-preloader\"><\/div><figcaption class=\"elementor-image-carousel-caption\">LCC M\u00fcnster<\/figcaption><\/figure><\/a><\/div><div class=\"swiper-slide\" role=\"group\" aria-roledescription=\"slide\" aria-label=\"6 von 6\"><a data-elementor-open-lightbox=\"yes\" data-elementor-lightbox-slideshow=\"92986ef\" data-elementor-lightbox-title=\"Erik Zabel\" data-elementor-lightbox-description=\"Unterschrift des kooperationsvertrages mit Erik Zabel und Bernd Kern im Museum im Mai 2021\" data-e-action-hash=\"#elementor-action%3Aaction%3Dlightbox%26settings%3DeyJpZCI6MzM1NywidXJsIjoiaHR0cHM6XC9cL3Jlbm5yYWQtbXVzZXVtLmRlXC93cC1jb250ZW50XC91cGxvYWRzXC8yMDI0XC8wNlwvemFiZWwucG5nIiwic2xpZGVzaG93IjoiOTI5ODZlZiJ9\" href=\"https:\/\/rennrad-museum.de\/wp-content\/uploads\/2024\/06\/zabel.png\"><figure class=\"swiper-slide-inner\"><img class=\"swiper-slide-image swiper-lazy\" data-src=\"https:\/\/rennrad-museum.de\/wp-content\/uploads\/2024\/06\/zabel-768x525.png\" alt=\"Unterschrift des kooperationsvertrages mit Erik Zabel und Bernd Kern im Museum im Mai 2021\" \/><div class=\"swiper-lazy-preloader\"><\/div><figcaption class=\"elementor-image-carousel-caption\">Erik Zabel<\/figcaption><\/figure><\/a><\/div>\t\t\t<\/div>\n\t\t\t\t\t\t\t\t\t\t\t\t<div class=\"elementor-swiper-button elementor-swiper-button-prev\" role=\"button\" tabindex=\"0\">\n\t\t\t\t\t\t<svg aria-hidden=\"true\" class=\"e-font-icon-svg e-eicon-chevron-left\" viewBox=\"0 0 1000 1000\" xmlns=\"http:\/\/www.w3.org\/2000\/svg\"><path d=\"M646 125C629 125 613 133 604 142L308 442C296 454 292 471 292 487 292 504 296 521 308 533L604 854C617 867 629 875 646 875 663 875 679 871 692 858 704 846 713 829 713 812 713 796 708 779 692 767L438 487 692 225C700 217 708 204 708 187 708 171 704 154 692 142 675 129 663 125 646 125Z\"><\/path><\/svg>\t\t\t\t\t<\/div>\n\t\t\t\t\t<div class=\"elementor-swiper-button elementor-swiper-button-next\" role=\"button\" tabindex=\"0\">\n\t\t\t\t\t\t<svg aria-hidden=\"true\" class=\"e-font-icon-svg e-eicon-chevron-right\" viewBox=\"0 0 1000 1000\" xmlns=\"http:\/\/www.w3.org\/2000\/svg\"><path d=\"M696 533C708 521 713 504 713 487 713 471 708 454 696 446L400 146C388 133 375 125 354 125 338 125 325 129 313 142 300 154 292 171 292 187 292 204 296 221 308 233L563 492 304 771C292 783 288 800 288 817 288 833 296 850 308 863 321 871 338 875 354 875 371 875 388 867 400 854L696 533Z\"><\/path><\/svg>\t\t\t\t\t<\/div>\n\t\t\t\t\n\t\t\t\t\t\t\t\t\t<div class=\"swiper-pagination\"><\/div>\n\t\t\t\t\t\t\t\t\t<\/div>\n\t\t\t\t\t\t<\/div>\n\t\t\t\t<\/div>\n\t\t\t\t<\/div>\n\t\t\t\t\t<\/div>\n\t\t\t\t<\/div>\n\t\t<div class=\"elementor-element elementor-element-b99c79a e-grid e-con-boxed wpr-particle-no wpr-jarallax-no wpr-parallax-no wpr-sticky-section-no wpr-equal-height-no e-con e-parent\" data-id=\"b99c79a\" data-element_type=\"container\" data-e-type=\"container\">\n\t\t\t\t\t<div class=\"e-con-inner\">\n\t\t\t\t<div class=\"elementor-element elementor-element-c64e586 elementor-widget elementor-widget-spacer\" data-id=\"c64e586\" data-element_type=\"widget\" data-e-type=\"widget\" data-widget_type=\"spacer.default\">\n\t\t\t\t<div class=\"elementor-widget-container\">\n\t\t\t\t\t\t\t<div class=\"elementor-spacer\">\n\t\t\t<div class=\"elementor-spacer-inner\"><\/div>\n\t\t<\/div>\n\t\t\t\t\t\t<\/div>\n\t\t\t\t<\/div>\n\t\t\t\t\t<\/div>\n\t\t\t\t<\/div>\n\t\t<div class=\"elementor-element elementor-element-43f77f0 e-con-full e-flex wpr-particle-no wpr-jarallax-no wpr-parallax-no wpr-sticky-section-no wpr-equal-height-no e-con e-parent\" data-id=\"43f77f0\" data-element_type=\"container\" data-e-type=\"container\">\n\t\t<div class=\"elementor-element elementor-element-9bf3dc8 e-flex e-con-boxed wpr-particle-no wpr-jarallax-no wpr-parallax-no wpr-sticky-section-no wpr-equal-height-no e-con e-child\" data-id=\"9bf3dc8\" data-element_type=\"container\" data-e-type=\"container\">\n\t\t\t\t\t<div class=\"e-con-inner\">\n\t\t\t\t<div class=\"elementor-element elementor-element-a6cc173 elementor-widget elementor-widget-heading\" data-id=\"a6cc173\" data-element_type=\"widget\" data-e-type=\"widget\" data-widget_type=\"heading.default\">\n\t\t\t\t<div class=\"elementor-widget-container\">\n\t\t\t\t\t<h2 class=\"elementor-heading-title elementor-size-default\">Erkunden Sie das Museum per Knopfdruck<\/h2>\t\t\t\t<\/div>\n\t\t\t\t<\/div>\n\t\t\t\t<div class=\"elementor-element elementor-element-3623b9d elementor-widget elementor-widget-heading\" data-id=\"3623b9d\" data-element_type=\"widget\" data-e-type=\"widget\" data-widget_type=\"heading.default\">\n\t\t\t\t<div class=\"elementor-widget-container\">\n\t\t\t\t\t<h2 class=\"elementor-heading-title elementor-size-default\">Virtueller Rundgang<\/h2>\t\t\t\t<\/div>\n\t\t\t\t<\/div>\n\t\t\t\t\t<\/div>\n\t\t\t\t<\/div>\n\t\t<div class=\"elementor-element elementor-element-3962f92 e-flex e-con-boxed wpr-particle-no wpr-jarallax-no wpr-parallax-no wpr-sticky-section-no wpr-equal-height-no e-con e-child\" data-id=\"3962f92\" data-element_type=\"container\" data-e-type=\"container\" data-settings=\"{&quot;background_background&quot;:&quot;gradient&quot;}\">\n\t\t\t\t\t<div class=\"e-con-inner\">\n\t\t<div class=\"elementor-element elementor-element-3f2ab26 e-flex e-con-boxed wpr-particle-no wpr-jarallax-no wpr-parallax-no wpr-sticky-section-no wpr-equal-height-no e-con e-child\" data-id=\"3f2ab26\" data-element_type=\"container\" data-e-type=\"container\" data-settings=\"{&quot;background_background&quot;:&quot;classic&quot;}\">\n\t\t\t\t\t<div class=\"e-con-inner\">\n\t\t\t\t\t<\/div>\n\t\t\t\t<\/div>\n\t\t\t\t\t<\/div>\n\t\t\t\t<\/div>\n\t\t\t\t<\/div>\n\t\t<div class=\"elementor-element elementor-element-5c35c94 e-flex e-con-boxed wpr-particle-no wpr-jarallax-no wpr-parallax-no wpr-sticky-section-no wpr-equal-height-no e-con e-parent\" data-id=\"5c35c94\" data-element_type=\"container\" data-e-type=\"container\">\n\t\t\t\t\t<div class=\"e-con-inner\">\n\t\t<div class=\"elementor-element elementor-element-f97bffd e-con-full e-flex wpr-particle-no wpr-jarallax-no wpr-parallax-no wpr-sticky-section-no wpr-equal-height-no e-con e-child\" data-id=\"f97bffd\" data-element_type=\"container\" data-e-type=\"container\" data-settings=\"{&quot;background_background&quot;:&quot;classic&quot;}\">\n\t\t\t\t<div class=\"elementor-element elementor-element-3ff5d8d elementor-widget elementor-widget-htmega-modal-addons\" data-id=\"3ff5d8d\" data-element_type=\"widget\" data-e-type=\"widget\" data-widget_type=\"htmega-modal-addons.default\">\n\t\t\t\t<div class=\"elementor-widget-container\">\n\t\t\t\t\t            \n            <div class=\"htmega-modal-btn\">\n                <button type=\"button\" data-toggle=\"htbmodal\" data-target=\"#htmegamodal3ff5d8d\">Virtuelle Tour starten<\/button>            <\/div>\n\n            <!-- Modal -->\n            <div class=\"htmega-modal-area htb-modal htb-fade\" id=\"htmegamodal3ff5d8d\">\n\n                <div class=\"htb-modal-dialog htb-modal-dialog-centered\">\n                    <div class=\"htb-modal-content\">\n\n                        <div class=\"htb-modal-header\">\n                            <h5>Virtueller Rundgang<\/h5>                            <button type=\"button\" class=\"htb-close\" data-dismiss=\"modal\"><span>&times;<\/span><\/button>\n                        <\/div>\n\n                        <div class=\"htb-modal-body\">\t\t<div data-elementor-type=\"container\" data-elementor-id=\"1470\" class=\"elementor elementor-1470\">\n\t\t\t\t<div class=\"elementor-element elementor-element-e5c537c e-flex e-con-boxed wpr-particle-no wpr-jarallax-no wpr-parallax-no wpr-sticky-section-no wpr-equal-height-no e-con e-parent\" data-id=\"e5c537c\" data-element_type=\"container\" data-e-type=\"container\">\n\t\t\t\t\t<div class=\"e-con-inner\">\n\t\t\t\t\t<\/div>\n\t\t\t\t<\/div>\n\t\t<div class=\"elementor-element elementor-element-62c0e4b e-flex e-con-boxed wpr-particle-no wpr-jarallax-no wpr-parallax-no wpr-sticky-section-no wpr-equal-height-no e-con e-parent\" data-id=\"62c0e4b\" data-element_type=\"container\" data-e-type=\"container\">\n\t\t\t\t\t<div class=\"e-con-inner\">\n\t\t\t\t<div class=\"elementor-element elementor-element-f3c1b4e elementor-widget elementor-widget-html\" data-id=\"f3c1b4e\" data-element_type=\"widget\" data-e-type=\"widget\" data-widget_type=\"html.default\">\n\t\t\t\t<div class=\"elementor-widget-container\">\n\t\t\t\t\t<iframe src=\"https:\/\/www.google.com\/maps\/embed?pb=!4v1717350864082!6m8!1m7!1sCAoSLEFGMVFpcE5vOXowd2JMdzFzSjVFN1hVTUNKRzhLbkJGQ3FJVVhRQTcyLTBh!2m2!1d51.472496665481!2d7.7678612343832!3f20!4f0!5f0.7820865974627469\" width=\"1200\" height=\"750\" style=\"border:0;\" allowfullscreen=\"\" loading=\"lazy\" referrerpolicy=\"no-referrer-when-downgrade\"><\/iframe>\t\t\t\t<\/div>\n\t\t\t\t<\/div>\n\t\t\t\t\t<\/div>\n\t\t\t\t<\/div>\n\t\t\t\t<\/div>\n\t\t<\/div>\n                        <div class=\"htb-modal-footer\">\n                            <p><\/p>                        <\/div>\n                    <\/div>\n                <\/div>\n            <\/div>\n        \t\t\t\t<\/div>\n\t\t\t\t<\/div>\n\t\t\t\t<\/div>\n\t\t<div class=\"elementor-element elementor-element-b13a9bd e-con-full e-flex wpr-particle-no wpr-jarallax-no wpr-parallax-no wpr-sticky-section-no wpr-equal-height-no e-con e-child\" data-id=\"b13a9bd\" data-element_type=\"container\" data-e-type=\"container\">\n\t\t<div class=\"elementor-element elementor-element-5acac13 e-con-full e-flex wpr-particle-no wpr-jarallax-no wpr-parallax-no wpr-sticky-section-no wpr-equal-height-no e-con e-child\" data-id=\"5acac13\" data-element_type=\"container\" data-e-type=\"container\">\n\t\t\t\t<div class=\"elementor-element elementor-element-81a8b8d elementor-widget elementor-widget-text-editor\" data-id=\"81a8b8d\" data-element_type=\"widget\" data-e-type=\"widget\" data-widget_type=\"text-editor.default\">\n\t\t\t\t<div class=\"elementor-widget-container\">\n\t\t\t\t\t\t\t\t\t<p>Ein Besuch im Rennradmuseum lohnt sich f\u00fcr Technik, Radsport und f\u00fcr Lokalgeschichteinteressierte, wobei besonders auch die Radler auf dem vielbefahrenen Ruhrtalradweg angesprochen sind, der sich nur in 100m Entfernung neben dem Museum vorbeischl\u00e4ngelt.<\/p>\t\t\t\t\t\t\t\t<\/div>\n\t\t\t\t<\/div>\n\t\t\t\t<div class=\"elementor-element elementor-element-dd2cf7b elementor-widget elementor-widget-text-editor\" data-id=\"dd2cf7b\" data-element_type=\"widget\" data-e-type=\"widget\" data-widget_type=\"text-editor.default\">\n\t\t\t\t<div class=\"elementor-widget-container\">\n\t\t\t\t\t\t\t\t\t<p>Am 14. August 2022 wurde das Museum von der B\u00fcrgermeisterin der Stadt Fr\u00f6ndenberg, Frau Sabina M\u00fcller, zusammen mit dem Vereinsvorsitzenden Bernd-Friedrich Kern, dem UCI Mitglied Toni Kirsch und Radexperten Hans Kuhn der \u00d6ffentlichkeit \u00fcbergeben. Para-Olympiaieger Hans Peter Durst und die Ex-Bahnweltmeister Lucas Li\u00df und Ernst Clau\u00dfmeyer und vorher schon Erik Zabel hatten zur Er\u00f6ffnung Ihre WM R\u00e4der mitgebracht, die nun im Museum zu besichtigen sind. Diese und viele andere interessante Exponate warten nun auf die Besucher.<\/p>\t\t\t\t\t\t\t\t<\/div>\n\t\t\t\t<\/div>\n\t\t\t\t<\/div>\n\t\t\t\t<\/div>\n\t\t\t\t\t<\/div>\n\t\t\t\t<\/div>\n\t\t<div class=\"elementor-element elementor-element-0307295 e-grid e-con-boxed wpr-particle-no wpr-jarallax-no wpr-parallax-no wpr-sticky-section-no wpr-equal-height-no e-con e-parent\" data-id=\"0307295\" data-element_type=\"container\" data-e-type=\"container\">\n\t\t\t\t\t<div class=\"e-con-inner\">\n\t\t\t\t<div class=\"elementor-element elementor-element-4be9957 elementor-widget elementor-widget-spacer\" data-id=\"4be9957\" data-element_type=\"widget\" data-e-type=\"widget\" data-widget_type=\"spacer.default\">\n\t\t\t\t<div class=\"elementor-widget-container\">\n\t\t\t\t\t\t\t<div class=\"elementor-spacer\">\n\t\t\t<div class=\"elementor-spacer-inner\"><\/div>\n\t\t<\/div>\n\t\t\t\t\t\t<\/div>\n\t\t\t\t<\/div>\n\t\t\t\t\t<\/div>\n\t\t\t\t<\/div>\n\t\t<div class=\"elementor-element elementor-element-ff45cce e-flex e-con-boxed wpr-particle-no wpr-jarallax-no wpr-parallax-no wpr-sticky-section-no wpr-equal-height-no e-con e-parent\" data-id=\"ff45cce\" data-element_type=\"container\" data-e-type=\"container\">\n\t\t\t\t\t<div class=\"e-con-inner\">\n\t\t<div class=\"elementor-element elementor-element-2e11be6 e-con-full e-flex wpr-particle-no wpr-jarallax-no wpr-parallax-no wpr-sticky-section-no wpr-equal-height-no e-con e-child\" data-id=\"2e11be6\" data-element_type=\"container\" data-e-type=\"container\">\n\t\t\t\t<div class=\"elementor-element elementor-element-7fec962 elementor-widget elementor-widget-heading\" data-id=\"7fec962\" data-element_type=\"widget\" data-e-type=\"widget\" data-widget_type=\"heading.default\">\n\t\t\t\t<div class=\"elementor-widget-container\">\n\t\t\t\t\t<h2 class=\"elementor-heading-title elementor-size-default\">So gef\u00e4llt es unseren Besuchern<\/h2>\t\t\t\t<\/div>\n\t\t\t\t<\/div>\n\t\t\t\t<\/div>\n\t\t<div class=\"elementor-element elementor-element-b6a7485 e-con-full e-flex wpr-particle-no wpr-jarallax-no wpr-parallax-no wpr-sticky-section-no wpr-equal-height-no e-con e-child\" data-id=\"b6a7485\" data-element_type=\"container\" data-e-type=\"container\">\n\t\t\t\t<div class=\"elementor-element elementor-element-11dde29 elementor-widget elementor-widget-shortcode\" data-id=\"11dde29\" data-element_type=\"widget\" data-e-type=\"widget\" data-widget_type=\"shortcode.default\">\n\t\t\t\t<div class=\"elementor-widget-container\">\n\t\t\t\t\t\t\t<div class=\"elementor-shortcode\"><pre class=\"ti-widget\"><template id=\"trustindex-google-widget-html\"><div class=\" ti-widget  ti-goog ti-review-text-mode-readmore ti-text-align-left\" data-no-translation=\"true\" data-plugin-version=\"13.2.9\" data-layout-id=\"4\" data-layout-category=\"slider\" data-set-id=\"ligth-border\" data-pid=\"\" data-language=\"de\" data-close-locale=\"Schlie\u00dfen\" data-review-target-width=\"300\" data-css-version=\"2\" data-reply-by-locale=\"Antwort des Eigent\u00fcmers\" data-only-rating-locale=\"Dieser Nutzer hat lediglich eine Bewertung abgegeben.\" data-pager-autoplay-timeout=\"6\"> <div class=\"ti-widget-container ti-col-3\"> <div class=\"ti-reviews-container\"> <div class=\"ti-controls\"> <div class=\"ti-next\" aria-label=\"N\u00e4chste Bewertung\" role=\"button\" tabindex=\"0\"><\/div> <div class=\"ti-prev\" aria-label=\"Vorherige Bewertung\" role=\"button\" tabindex=\"0\"><\/div> <\/div> <div class=\"ti-reviews-container-wrapper\">  <div data-empty=\"0\" class=\"ti-review-item source-Google ti-image-layout-thumbnail\" data-id=\"cfcd208495d565ef66e7dff9f98764da\"> <div class=\"ti-inner\"> <div class=\"ti-review-header\"> <div class=\"ti-platform-icon ti-with-tooltip\"> <span class=\"ti-tooltip\">Gepostet auf <\/span> <trustindex-image data-imgurl=\"https:\/\/cdn.trustindex.io\/assets\/platform\/Google\/icon.svg\" alt=\"\" width=\"20\" height=\"20\" loading=\"lazy\"><\/trustindex-image> <\/div> <div class=\"ti-profile-img\"> <trustindex-image data-imgurl=\"https:\/\/lh3.googleusercontent.com\/a\/ACg8ocKOl6HgXRW7jQ-6p7oZ3bbxDmq9jjqKVfH-aEyxjxDEYdK0Wg=w40-h40-c-rp-mo-br100\" alt=\"burkhard koll profile picture\" loading=\"lazy\"><\/trustindex-image> <\/div> <div class=\"ti-profile-details\"> <div class=\"ti-name\"> burkhard koll <\/div> <div class=\"ti-date\">14\/05\/2024<\/div> <\/div> <\/div> <span class=\"ti-stars\"><trustindex-image class=\"ti-star\" data-imgurl=\"https:\/\/cdn.trustindex.io\/assets\/platform\/Google\/star\/f.svg\" alt=\"Google star 1\" width=\"17\" height=\"17\" loading=\"lazy\"><\/trustindex-image><trustindex-image class=\"ti-star\" data-imgurl=\"https:\/\/cdn.trustindex.io\/assets\/platform\/Google\/star\/f.svg\" alt=\"Google star 2\" width=\"17\" height=\"17\" loading=\"lazy\"><\/trustindex-image><trustindex-image class=\"ti-star\" data-imgurl=\"https:\/\/cdn.trustindex.io\/assets\/platform\/Google\/star\/f.svg\" alt=\"Google star 3\" width=\"17\" height=\"17\" loading=\"lazy\"><\/trustindex-image><trustindex-image class=\"ti-star\" data-imgurl=\"https:\/\/cdn.trustindex.io\/assets\/platform\/Google\/star\/f.svg\" alt=\"Google star 4\" width=\"17\" height=\"17\" loading=\"lazy\"><\/trustindex-image><trustindex-image class=\"ti-star\" data-imgurl=\"https:\/\/cdn.trustindex.io\/assets\/platform\/Google\/star\/f.svg\" alt=\"Google star 5\" width=\"17\" height=\"17\" loading=\"lazy\"><\/trustindex-image><span class=\"ti-verified-review ti-verified-platform\"><span class=\"ti-verified-tooltip\">Trustindex \u00fcberpr\u00fcft, ob die Originalquelle der Bewertung Google ist.<\/span><\/span><\/span> <div class=\"ti-review-text-container ti-review-content\"><!-- R-CONTENT -->Spannende und \u00fcberraschende Einblicke in die Entwicklungsgeschichte des Rennrades.<!-- R-CONTENT --><\/div> <span class=\"ti-read-more\" data-container=\".ti-review-content\" data-collapse-text=\"Ausblenden\" data-open-text=\"Weiterlesen\"><\/span> <\/div> <\/div>  <div data-empty=\"0\" class=\"ti-review-item source-Google ti-image-layout-thumbnail\" data-id=\"cfcd208495d565ef66e7dff9f98764da\"> <div class=\"ti-inner\"> <div class=\"ti-review-header\"> <div class=\"ti-platform-icon ti-with-tooltip\"> <span class=\"ti-tooltip\">Gepostet auf <\/span> <trustindex-image data-imgurl=\"https:\/\/cdn.trustindex.io\/assets\/platform\/Google\/icon.svg\" alt=\"\" width=\"20\" height=\"20\" loading=\"lazy\"><\/trustindex-image> <\/div> <div class=\"ti-profile-img\"> <trustindex-image data-imgurl=\"https:\/\/lh3.googleusercontent.com\/a-\/ALV-UjV752db9dhORd4wr3popRsEAlcJAnzZQizUXAC_0FV80_BFuzHH=w40-h40-c-rp-mo-ba5-br100\" alt=\"Hans-Juergen Mueller profile picture\" loading=\"lazy\"><\/trustindex-image> <\/div> <div class=\"ti-profile-details\"> <div class=\"ti-name\"> Hans-Juergen Mueller <\/div> <div class=\"ti-date\">05\/05\/2024<\/div> <\/div> <\/div> <span class=\"ti-stars\"><trustindex-image class=\"ti-star\" data-imgurl=\"https:\/\/cdn.trustindex.io\/assets\/platform\/Google\/star\/f.svg\" alt=\"Google star 1\" width=\"17\" height=\"17\" loading=\"lazy\"><\/trustindex-image><trustindex-image class=\"ti-star\" data-imgurl=\"https:\/\/cdn.trustindex.io\/assets\/platform\/Google\/star\/f.svg\" alt=\"Google star 2\" width=\"17\" height=\"17\" loading=\"lazy\"><\/trustindex-image><trustindex-image class=\"ti-star\" data-imgurl=\"https:\/\/cdn.trustindex.io\/assets\/platform\/Google\/star\/f.svg\" alt=\"Google star 3\" width=\"17\" height=\"17\" loading=\"lazy\"><\/trustindex-image><trustindex-image class=\"ti-star\" data-imgurl=\"https:\/\/cdn.trustindex.io\/assets\/platform\/Google\/star\/f.svg\" alt=\"Google star 4\" width=\"17\" height=\"17\" loading=\"lazy\"><\/trustindex-image><trustindex-image class=\"ti-star\" data-imgurl=\"https:\/\/cdn.trustindex.io\/assets\/platform\/Google\/star\/e.svg\" alt=\"Google star 5\" width=\"17\" height=\"17\" loading=\"lazy\"><\/trustindex-image><span class=\"ti-verified-review ti-verified-platform\"><span class=\"ti-verified-tooltip\">Trustindex \u00fcberpr\u00fcft, ob die Originalquelle der Bewertung Google ist.<\/span><\/span><\/span> <div class=\"ti-review-text-container ti-review-content\"><!-- R-CONTENT -->Hier steht eine Historie der vergangenen 100 Jahre an Radsport. Das Erkunden lohnt sich aber, macht vorher einen Termin mit F\u00fchrung aus dann ist der Besuch doppelt so Interessant und macht Spa\u00df !<!-- R-CONTENT --><\/div> <span class=\"ti-read-more\" data-container=\".ti-review-content\" data-collapse-text=\"Ausblenden\" data-open-text=\"Weiterlesen\"><\/span> <\/div> <\/div>  <div data-empty=\"0\" class=\"ti-review-item source-Google ti-image-layout-thumbnail\" data-id=\"cfcd208495d565ef66e7dff9f98764da\"> <div class=\"ti-inner\"> <div class=\"ti-review-header\"> <div class=\"ti-platform-icon ti-with-tooltip\"> <span class=\"ti-tooltip\">Gepostet auf <\/span> <trustindex-image data-imgurl=\"https:\/\/cdn.trustindex.io\/assets\/platform\/Google\/icon.svg\" alt=\"\" width=\"20\" height=\"20\" loading=\"lazy\"><\/trustindex-image> <\/div> <div class=\"ti-profile-img\"> <trustindex-image data-imgurl=\"https:\/\/lh3.googleusercontent.com\/a-\/ALV-UjWahHi8ZUDtu5Pv5_3Mh5ZlSeaIV-2hp9mvaoRuXcrvXPJkEqFEsA=w40-h40-c-rp-mo-ba4-br100\" alt=\"Theo Beiske profile picture\" loading=\"lazy\"><\/trustindex-image> <\/div> <div class=\"ti-profile-details\"> <div class=\"ti-name\"> Theo Beiske <\/div> <div class=\"ti-date\">29\/01\/2024<\/div> <\/div> <\/div> <span class=\"ti-stars\"><trustindex-image class=\"ti-star\" data-imgurl=\"https:\/\/cdn.trustindex.io\/assets\/platform\/Google\/star\/f.svg\" alt=\"Google star 1\" width=\"17\" height=\"17\" loading=\"lazy\"><\/trustindex-image><trustindex-image class=\"ti-star\" data-imgurl=\"https:\/\/cdn.trustindex.io\/assets\/platform\/Google\/star\/f.svg\" alt=\"Google star 2\" width=\"17\" height=\"17\" loading=\"lazy\"><\/trustindex-image><trustindex-image class=\"ti-star\" data-imgurl=\"https:\/\/cdn.trustindex.io\/assets\/platform\/Google\/star\/f.svg\" alt=\"Google star 3\" width=\"17\" height=\"17\" loading=\"lazy\"><\/trustindex-image><trustindex-image class=\"ti-star\" data-imgurl=\"https:\/\/cdn.trustindex.io\/assets\/platform\/Google\/star\/f.svg\" alt=\"Google star 4\" width=\"17\" height=\"17\" loading=\"lazy\"><\/trustindex-image><trustindex-image class=\"ti-star\" data-imgurl=\"https:\/\/cdn.trustindex.io\/assets\/platform\/Google\/star\/f.svg\" alt=\"Google star 5\" width=\"17\" height=\"17\" loading=\"lazy\"><\/trustindex-image><span class=\"ti-verified-review ti-verified-platform\"><span class=\"ti-verified-tooltip\">Trustindex \u00fcberpr\u00fcft, ob die Originalquelle der Bewertung Google ist.<\/span><\/span><\/span> <div class=\"ti-review-text-container ti-review-content\"><!-- R-CONTENT -->bei einem Besuch der Stadt Fr\u00f6ndenberg ist ein Besuch im Rennrad-Museum eigentlich ein \"Muss\", Rennr\u00e4der der Vergangenheit einfach \u00fcberw\u00e4ltigend, zudem das unheimliche Arrangement der \"Macher\" vom Museum , Anerkennung f\u00fcr diese ehrenamtliche T\u00e4tigkeit = insgesamt eine 1+++<!-- R-CONTENT --><\/div> <span class=\"ti-read-more\" data-container=\".ti-review-content\" data-collapse-text=\"Ausblenden\" data-open-text=\"Weiterlesen\"><\/span> <\/div> <\/div>  <div data-empty=\"0\" class=\"ti-review-item source-Google ti-image-layout-thumbnail\" data-id=\"cfcd208495d565ef66e7dff9f98764da\"> <div class=\"ti-inner\"> <div class=\"ti-review-header\"> <div class=\"ti-platform-icon ti-with-tooltip\"> <span class=\"ti-tooltip\">Gepostet auf <\/span> <trustindex-image data-imgurl=\"https:\/\/cdn.trustindex.io\/assets\/platform\/Google\/icon.svg\" alt=\"\" width=\"20\" height=\"20\" loading=\"lazy\"><\/trustindex-image> <\/div> <div class=\"ti-profile-img\"> <trustindex-image data-imgurl=\"https:\/\/lh3.googleusercontent.com\/a-\/ALV-UjXfXDmCk2FvZ0J-PKXx7HMLt-bQY91ohHZ3zcJhAM71iOxZU0XMyA=w40-h40-c-rp-mo-br100\" alt=\"Stefan Gilges profile picture\" loading=\"lazy\"><\/trustindex-image> <\/div> <div class=\"ti-profile-details\"> <div class=\"ti-name\"> Stefan Gilges <\/div> <div class=\"ti-date\">28\/10\/2023<\/div> <\/div> <\/div> <span class=\"ti-stars\"><trustindex-image class=\"ti-star\" data-imgurl=\"https:\/\/cdn.trustindex.io\/assets\/platform\/Google\/star\/f.svg\" alt=\"Google star 1\" width=\"17\" height=\"17\" loading=\"lazy\"><\/trustindex-image><trustindex-image class=\"ti-star\" data-imgurl=\"https:\/\/cdn.trustindex.io\/assets\/platform\/Google\/star\/f.svg\" alt=\"Google star 2\" width=\"17\" height=\"17\" loading=\"lazy\"><\/trustindex-image><trustindex-image class=\"ti-star\" data-imgurl=\"https:\/\/cdn.trustindex.io\/assets\/platform\/Google\/star\/f.svg\" alt=\"Google star 3\" width=\"17\" height=\"17\" loading=\"lazy\"><\/trustindex-image><trustindex-image class=\"ti-star\" data-imgurl=\"https:\/\/cdn.trustindex.io\/assets\/platform\/Google\/star\/f.svg\" alt=\"Google star 4\" width=\"17\" height=\"17\" loading=\"lazy\"><\/trustindex-image><trustindex-image class=\"ti-star\" data-imgurl=\"https:\/\/cdn.trustindex.io\/assets\/platform\/Google\/star\/e.svg\" alt=\"Google star 5\" width=\"17\" height=\"17\" loading=\"lazy\"><\/trustindex-image><span class=\"ti-verified-review ti-verified-platform\"><span class=\"ti-verified-tooltip\">Trustindex \u00fcberpr\u00fcft, ob die Originalquelle der Bewertung Google ist.<\/span><\/span><\/span> <div class=\"ti-review-text-container ti-review-content\"><!-- R-CONTENT -->Vom 15. Oktober 23 bis zum 15. April 2024 ist das Museum geschlossen,\nman \u00f6ffnet nach Vereinbarung.\nClosed. Cerrado. Tancat. Chiuso. Ferm\u00e9. Afsloten.<!-- R-CONTENT --><\/div> <span class=\"ti-read-more\" data-container=\".ti-review-content\" data-collapse-text=\"Ausblenden\" data-open-text=\"Weiterlesen\"><\/span> <\/div> <\/div>  <div data-empty=\"0\" class=\"ti-review-item source-Google ti-image-layout-thumbnail\" data-id=\"cfcd208495d565ef66e7dff9f98764da\"> <div class=\"ti-inner\"> <div class=\"ti-review-header\"> <div class=\"ti-platform-icon ti-with-tooltip\"> <span class=\"ti-tooltip\">Gepostet auf <\/span> <trustindex-image data-imgurl=\"https:\/\/cdn.trustindex.io\/assets\/platform\/Google\/icon.svg\" alt=\"\" width=\"20\" height=\"20\" loading=\"lazy\"><\/trustindex-image> <\/div> <div class=\"ti-profile-img\"> <trustindex-image data-imgurl=\"https:\/\/lh3.googleusercontent.com\/a-\/ALV-UjV8kkyyu58LX6xSXsh-G_CBJRvZIBYonP_mFPc2-YyNTZ21iHZ1=w40-h40-c-rp-mo-br100\" alt=\"Karl-Heinz Markert profile picture\" loading=\"lazy\"><\/trustindex-image> <\/div> <div class=\"ti-profile-details\"> <div class=\"ti-name\"> Karl-Heinz Markert <\/div> <div class=\"ti-date\">02\/10\/2023<\/div> <\/div> <\/div> <span class=\"ti-stars\"><trustindex-image class=\"ti-star\" data-imgurl=\"https:\/\/cdn.trustindex.io\/assets\/platform\/Google\/star\/f.svg\" alt=\"Google star 1\" width=\"17\" height=\"17\" loading=\"lazy\"><\/trustindex-image><trustindex-image class=\"ti-star\" data-imgurl=\"https:\/\/cdn.trustindex.io\/assets\/platform\/Google\/star\/f.svg\" alt=\"Google star 2\" width=\"17\" height=\"17\" loading=\"lazy\"><\/trustindex-image><trustindex-image class=\"ti-star\" data-imgurl=\"https:\/\/cdn.trustindex.io\/assets\/platform\/Google\/star\/f.svg\" alt=\"Google star 3\" width=\"17\" height=\"17\" loading=\"lazy\"><\/trustindex-image><trustindex-image class=\"ti-star\" data-imgurl=\"https:\/\/cdn.trustindex.io\/assets\/platform\/Google\/star\/f.svg\" alt=\"Google star 4\" width=\"17\" height=\"17\" loading=\"lazy\"><\/trustindex-image><trustindex-image class=\"ti-star\" data-imgurl=\"https:\/\/cdn.trustindex.io\/assets\/platform\/Google\/star\/f.svg\" alt=\"Google star 5\" width=\"17\" height=\"17\" loading=\"lazy\"><\/trustindex-image><span class=\"ti-verified-review ti-verified-platform\"><span class=\"ti-verified-tooltip\">Trustindex \u00fcberpr\u00fcft, ob die Originalquelle der Bewertung Google ist.<\/span><\/span><\/span> <div class=\"ti-review-text-container ti-review-content\"><!-- R-CONTENT -->Wer Interesse an der Entwicklung von Fahrr\u00e4der und im Rennsport hat soll nach Fr\u00f6ndenberg kommen und die Eule hochfahren.<!-- R-CONTENT --><\/div> <span class=\"ti-read-more\" data-container=\".ti-review-content\" data-collapse-text=\"Ausblenden\" data-open-text=\"Weiterlesen\"><\/span> <\/div> <\/div>  <div data-empty=\"0\" class=\"ti-review-item source-Google ti-image-layout-thumbnail\" data-id=\"cfcd208495d565ef66e7dff9f98764da\"> <div class=\"ti-inner\"> <div class=\"ti-review-header\"> <div class=\"ti-platform-icon ti-with-tooltip\"> <span class=\"ti-tooltip\">Gepostet auf <\/span> <trustindex-image data-imgurl=\"https:\/\/cdn.trustindex.io\/assets\/platform\/Google\/icon.svg\" alt=\"\" width=\"20\" height=\"20\" loading=\"lazy\"><\/trustindex-image> <\/div> <div class=\"ti-profile-img\"> <trustindex-image data-imgurl=\"https:\/\/lh3.googleusercontent.com\/a-\/ALV-UjWpWAEvoAgbCF6x8rNCp6xV8q4YtKdZrVyS6yACE4hjnZFVAFYlHA=w40-h40-c-rp-mo-br100\" alt=\"Jonas Wolf profile picture\" loading=\"lazy\"><\/trustindex-image> <\/div> <div class=\"ti-profile-details\"> <div class=\"ti-name\"> Jonas Wolf <\/div> <div class=\"ti-date\">16\/09\/2023<\/div> <\/div> <\/div> <span class=\"ti-stars\"><trustindex-image class=\"ti-star\" data-imgurl=\"https:\/\/cdn.trustindex.io\/assets\/platform\/Google\/star\/f.svg\" alt=\"Google star 1\" width=\"17\" height=\"17\" loading=\"lazy\"><\/trustindex-image><trustindex-image class=\"ti-star\" data-imgurl=\"https:\/\/cdn.trustindex.io\/assets\/platform\/Google\/star\/f.svg\" alt=\"Google star 2\" width=\"17\" height=\"17\" loading=\"lazy\"><\/trustindex-image><trustindex-image class=\"ti-star\" data-imgurl=\"https:\/\/cdn.trustindex.io\/assets\/platform\/Google\/star\/f.svg\" alt=\"Google star 3\" width=\"17\" height=\"17\" loading=\"lazy\"><\/trustindex-image><trustindex-image class=\"ti-star\" data-imgurl=\"https:\/\/cdn.trustindex.io\/assets\/platform\/Google\/star\/f.svg\" alt=\"Google star 4\" width=\"17\" height=\"17\" loading=\"lazy\"><\/trustindex-image><trustindex-image class=\"ti-star\" data-imgurl=\"https:\/\/cdn.trustindex.io\/assets\/platform\/Google\/star\/f.svg\" alt=\"Google star 5\" width=\"17\" height=\"17\" loading=\"lazy\"><\/trustindex-image><span class=\"ti-verified-review ti-verified-platform\"><span class=\"ti-verified-tooltip\">Trustindex \u00fcberpr\u00fcft, ob die Originalquelle der Bewertung Google ist.<\/span><\/span><\/span> <div class=\"ti-review-text-container ti-review-content\"><!-- R-CONTENT -->Auf unserer Tour auf dem RuhrtalRadweg haben wir einen kleinen Abstecher zum Rennradmuseum gemacht und \u2013 ganz unerwartet \u2013 eine pers\u00f6nliche F\u00fchrung bekommen. Tolle Exponate und spannende Geschichten \u00fcber die Entwicklung des Rennrads, des Radsports und der Verkn\u00fcpfung dieser mit der Region. Nicht nur f\u00fcr Rad-Enthusiast:innen sehr zu empfehlen!<!-- R-CONTENT --><\/div> <span class=\"ti-read-more\" data-container=\".ti-review-content\" data-collapse-text=\"Ausblenden\" data-open-text=\"Weiterlesen\"><\/span> <\/div> <\/div>  <div data-empty=\"0\" class=\"ti-review-item source-Google ti-image-layout-thumbnail\" data-id=\"cfcd208495d565ef66e7dff9f98764da\"> <div class=\"ti-inner\"> <div class=\"ti-review-header\"> <div class=\"ti-platform-icon ti-with-tooltip\"> <span class=\"ti-tooltip\">Gepostet auf <\/span> <trustindex-image data-imgurl=\"https:\/\/cdn.trustindex.io\/assets\/platform\/Google\/icon.svg\" alt=\"\" width=\"20\" height=\"20\" loading=\"lazy\"><\/trustindex-image> <\/div> <div class=\"ti-profile-img\"> <trustindex-image data-imgurl=\"https:\/\/lh3.googleusercontent.com\/a-\/ALV-UjW-y4JxIhXXo7CAyd-YSypd4FQq3QB1F6VjqZ71yAcsA081BcU=w40-h40-c-rp-mo-br100\" alt=\"Janti 026 profile picture\" loading=\"lazy\"><\/trustindex-image> <\/div> <div class=\"ti-profile-details\"> <div class=\"ti-name\"> Janti 026 <\/div> <div class=\"ti-date\">28\/06\/2023<\/div> <\/div> <\/div> <span class=\"ti-stars\"><trustindex-image class=\"ti-star\" data-imgurl=\"https:\/\/cdn.trustindex.io\/assets\/platform\/Google\/star\/f.svg\" alt=\"Google star 1\" width=\"17\" height=\"17\" loading=\"lazy\"><\/trustindex-image><trustindex-image class=\"ti-star\" data-imgurl=\"https:\/\/cdn.trustindex.io\/assets\/platform\/Google\/star\/f.svg\" alt=\"Google star 2\" width=\"17\" height=\"17\" loading=\"lazy\"><\/trustindex-image><trustindex-image class=\"ti-star\" data-imgurl=\"https:\/\/cdn.trustindex.io\/assets\/platform\/Google\/star\/f.svg\" alt=\"Google star 3\" width=\"17\" height=\"17\" loading=\"lazy\"><\/trustindex-image><trustindex-image class=\"ti-star\" data-imgurl=\"https:\/\/cdn.trustindex.io\/assets\/platform\/Google\/star\/f.svg\" alt=\"Google star 4\" width=\"17\" height=\"17\" loading=\"lazy\"><\/trustindex-image><trustindex-image class=\"ti-star\" data-imgurl=\"https:\/\/cdn.trustindex.io\/assets\/platform\/Google\/star\/f.svg\" alt=\"Google star 5\" width=\"17\" height=\"17\" loading=\"lazy\"><\/trustindex-image><span class=\"ti-verified-review ti-verified-platform\"><span class=\"ti-verified-tooltip\">Trustindex \u00fcberpr\u00fcft, ob die Originalquelle der Bewertung Google ist.<\/span><\/span><\/span> <div class=\"ti-review-text-container ti-review-content\"><!-- R-CONTENT -->Sehr nettes Personal und auch sch\u00f6n alles Erkl\u00e4rt! Ein Besuch lohnt sich !<!-- R-CONTENT --><\/div> <span class=\"ti-read-more\" data-container=\".ti-review-content\" data-collapse-text=\"Ausblenden\" data-open-text=\"Weiterlesen\"><\/span> <\/div> <\/div>  <div data-empty=\"0\" class=\"ti-review-item source-Google ti-image-layout-thumbnail\" data-id=\"cfcd208495d565ef66e7dff9f98764da\"> <div class=\"ti-inner\"> <div class=\"ti-review-header\"> <div class=\"ti-platform-icon ti-with-tooltip\"> <span class=\"ti-tooltip\">Gepostet auf <\/span> <trustindex-image data-imgurl=\"https:\/\/cdn.trustindex.io\/assets\/platform\/Google\/icon.svg\" alt=\"\" width=\"20\" height=\"20\" loading=\"lazy\"><\/trustindex-image> <\/div> <div class=\"ti-profile-img\"> <trustindex-image data-imgurl=\"https:\/\/lh3.googleusercontent.com\/a\/ACg8ocKrOwSI6WGS2wd8dhjaWDOIfggCXjt6tMZ6gdg5tIarP-nwEg=w40-h40-c-rp-mo-br100\" alt=\"Carla Ornelas profile picture\" loading=\"lazy\"><\/trustindex-image> <\/div> <div class=\"ti-profile-details\"> <div class=\"ti-name\"> Carla Ornelas <\/div> <div class=\"ti-date\">08\/06\/2023<\/div> <\/div> <\/div> <span class=\"ti-stars\"><trustindex-image class=\"ti-star\" data-imgurl=\"https:\/\/cdn.trustindex.io\/assets\/platform\/Google\/star\/f.svg\" alt=\"Google star 1\" width=\"17\" height=\"17\" loading=\"lazy\"><\/trustindex-image><trustindex-image class=\"ti-star\" data-imgurl=\"https:\/\/cdn.trustindex.io\/assets\/platform\/Google\/star\/f.svg\" alt=\"Google star 2\" width=\"17\" height=\"17\" loading=\"lazy\"><\/trustindex-image><trustindex-image class=\"ti-star\" data-imgurl=\"https:\/\/cdn.trustindex.io\/assets\/platform\/Google\/star\/f.svg\" alt=\"Google star 3\" width=\"17\" height=\"17\" loading=\"lazy\"><\/trustindex-image><trustindex-image class=\"ti-star\" data-imgurl=\"https:\/\/cdn.trustindex.io\/assets\/platform\/Google\/star\/f.svg\" alt=\"Google star 4\" width=\"17\" height=\"17\" loading=\"lazy\"><\/trustindex-image><trustindex-image class=\"ti-star\" data-imgurl=\"https:\/\/cdn.trustindex.io\/assets\/platform\/Google\/star\/f.svg\" alt=\"Google star 5\" width=\"17\" height=\"17\" loading=\"lazy\"><\/trustindex-image><span class=\"ti-verified-review ti-verified-platform\"><span class=\"ti-verified-tooltip\">Trustindex \u00fcberpr\u00fcft, ob die Originalquelle der Bewertung Google ist.<\/span><\/span><\/span> <div class=\"ti-review-text-container ti-review-content\"><!-- R-CONTENT -->Eine gute ausf\u00fchrliche F\u00fchrung durch das Museum<!-- R-CONTENT --><\/div> <span class=\"ti-read-more\" data-container=\".ti-review-content\" data-collapse-text=\"Ausblenden\" data-open-text=\"Weiterlesen\"><\/span> <\/div> <\/div>  <\/div> <div class=\"ti-controls-line\"> <div class=\"dot\"><\/div> <\/div> <\/div>    <\/div> <\/div> <\/template><\/pre><div data-src=\"https:\/\/cdn.trustindex.io\/loader.js?wp-widget\" data-template-id=\"trustindex-google-widget-html\" data-css-url=\"https:\/\/rennrad-museum.de\/wp-content\/uploads\/trustindex-google-widget.css?1776187140\"><\/div><\/div>\n\t\t\t\t\t\t<\/div>\n\t\t\t\t<\/div>\n\t\t\t\t<\/div>\n\t\t\t\t\t<\/div>\n\t\t\t\t<\/div>\n\t\t<div class=\"elementor-element elementor-element-665765b e-flex e-con-boxed wpr-particle-no wpr-jarallax-no wpr-parallax-no wpr-sticky-section-no wpr-equal-height-no e-con e-parent\" data-id=\"665765b\" data-element_type=\"container\" data-e-type=\"container\">\n\t\t\t\t\t<div class=\"e-con-inner\">\n\t\t\t\t<div class=\"elementor-element elementor-element-291173c elementor-widget elementor-widget-spacer\" data-id=\"291173c\" data-element_type=\"widget\" data-e-type=\"widget\" data-widget_type=\"spacer.default\">\n\t\t\t\t<div class=\"elementor-widget-container\">\n\t\t\t\t\t\t\t<div class=\"elementor-spacer\">\n\t\t\t<div class=\"elementor-spacer-inner\"><\/div>\n\t\t<\/div>\n\t\t\t\t\t\t<\/div>\n\t\t\t\t<\/div>\n\t\t\t\t\t<\/div>\n\t\t\t\t<\/div>\n\t\t<div class=\"elementor-element elementor-element-a0a0d60 e-con-full e-flex wpr-particle-no wpr-jarallax-no wpr-parallax-no wpr-sticky-section-no wpr-equal-height-no e-con e-parent\" data-id=\"a0a0d60\" data-element_type=\"container\" data-e-type=\"container\">\n\t\t<div class=\"elementor-element elementor-element-51de87f e-flex e-con-boxed wpr-particle-no wpr-jarallax-no wpr-parallax-no wpr-sticky-section-no wpr-equal-height-no e-con e-child\" data-id=\"51de87f\" data-element_type=\"container\" data-e-type=\"container\">\n\t\t\t\t\t<div class=\"e-con-inner\">\n\t\t\t\t<div class=\"elementor-element elementor-element-278d99d elementor-widget elementor-widget-heading\" data-id=\"278d99d\" data-element_type=\"widget\" data-e-type=\"widget\" data-widget_type=\"heading.default\">\n\t\t\t\t<div class=\"elementor-widget-container\">\n\t\t\t\t\t<h2 class=\"elementor-heading-title elementor-size-default\">Exponate im Rennradmuseum<\/h2>\t\t\t\t<\/div>\n\t\t\t\t<\/div>\n\t\t\t\t\t<\/div>\n\t\t\t\t<\/div>\n\t\t<div class=\"elementor-element elementor-element-e3af918 e-con-full elementor-hidden-laptop elementor-hidden-tablet_extra elementor-hidden-tablet elementor-hidden-mobile e-flex wpr-particle-no wpr-jarallax-no wpr-parallax-no wpr-sticky-section-no wpr-equal-height-no e-con e-child\" data-id=\"e3af918\" data-element_type=\"container\" data-e-type=\"container\">\n\t\t\t\t<div class=\"elementor-element elementor-element-1f1fb6c elementor-arrows-position-inside elementor-widget elementor-widget-image-carousel\" data-id=\"1f1fb6c\" data-element_type=\"widget\" data-e-type=\"widget\" data-settings=\"{&quot;slides_to_show&quot;:&quot;5&quot;,&quot;navigation&quot;:&quot;arrows&quot;,&quot;lazyload&quot;:&quot;yes&quot;,&quot;image_spacing_custom&quot;:{&quot;unit&quot;:&quot;px&quot;,&quot;size&quot;:5,&quot;sizes&quot;:[]},&quot;image_spacing_custom_laptop&quot;:{&quot;unit&quot;:&quot;px&quot;,&quot;size&quot;:5,&quot;sizes&quot;:[]},&quot;autoplay&quot;:&quot;yes&quot;,&quot;pause_on_hover&quot;:&quot;yes&quot;,&quot;pause_on_interaction&quot;:&quot;yes&quot;,&quot;autoplay_speed&quot;:5000,&quot;infinite&quot;:&quot;yes&quot;,&quot;speed&quot;:500,&quot;image_spacing_custom_tablet_extra&quot;:{&quot;unit&quot;:&quot;px&quot;,&quot;size&quot;:&quot;&quot;,&quot;sizes&quot;:[]},&quot;image_spacing_custom_tablet&quot;:{&quot;unit&quot;:&quot;px&quot;,&quot;size&quot;:&quot;&quot;,&quot;sizes&quot;:[]},&quot;image_spacing_custom_mobile&quot;:{&quot;unit&quot;:&quot;px&quot;,&quot;size&quot;:&quot;&quot;,&quot;sizes&quot;:[]}}\" data-widget_type=\"image-carousel.default\">\n\t\t\t\t<div class=\"elementor-widget-container\">\n\t\t\t\t\t\t\t<div class=\"elementor-image-carousel-wrapper swiper\" role=\"region\" aria-roledescription=\"carousel\" aria-label=\"Bild Karussell\" dir=\"ltr\">\n\t\t\t<div class=\"elementor-image-carousel swiper-wrapper\" aria-live=\"off\">\n\t\t\t\t\t\t\t\t<div class=\"swiper-slide\" role=\"group\" aria-roledescription=\"slide\" aria-label=\"1 von 23\"><a data-elementor-open-lightbox=\"yes\" data-elementor-lightbox-slideshow=\"1f1fb6c\" data-elementor-lightbox-title=\"Steher- Sport\" data-elementor-lightbox-description=\"ennfertige Steher-Maschine mit kleinerem Vorderrad und umgekehrter Gabel.\" data-e-action-hash=\"#elementor-action%3Aaction%3Dlightbox%26settings%3DeyJpZCI6Mjg2LCJ1cmwiOiJodHRwczpcL1wvcmVubnJhZC1tdXNldW0uZGVcL3dwLWNvbnRlbnRcL3VwbG9hZHNcLzIwMjRcLzA1XC8wOUEwMzAzLmpwZyIsInNsaWRlc2hvdyI6IjFmMWZiNmMifQ%3D%3D\" href=\"https:\/\/rennrad-museum.de\/wp-content\/uploads\/2024\/05\/09A0303.jpg\"><figure class=\"swiper-slide-inner\"><img class=\"swiper-slide-image swiper-lazy\" data-src=\"https:\/\/rennrad-museum.de\/wp-content\/uploads\/2024\/05\/09A0303.jpg\" alt=\"Rennradmuseum\" \/><div class=\"swiper-lazy-preloader\"><\/div><figcaption class=\"elementor-image-carousel-caption\">Steher- Sport<\/figcaption><\/figure><\/a><\/div><div class=\"swiper-slide\" role=\"group\" aria-roledescription=\"slide\" aria-label=\"2 von 23\"><a data-elementor-open-lightbox=\"yes\" data-elementor-lightbox-slideshow=\"1f1fb6c\" data-elementor-lightbox-title=\"Fr\u00fches Rennrad\" data-elementor-lightbox-description=\"Nur der Rennlenker l\u00e4sst den Einsatz erkennen.\" data-e-action-hash=\"#elementor-action%3Aaction%3Dlightbox%26settings%3DeyJpZCI6Mjg0LCJ1cmwiOiJodHRwczpcL1wvcmVubnJhZC1tdXNldW0uZGVcL3dwLWNvbnRlbnRcL3VwbG9hZHNcLzIwMjRcLzA1XC8wOUEwMjg1LmpwZyIsInNsaWRlc2hvdyI6IjFmMWZiNmMifQ%3D%3D\" href=\"https:\/\/rennrad-museum.de\/wp-content\/uploads\/2024\/05\/09A0285.jpg\"><figure class=\"swiper-slide-inner\"><img class=\"swiper-slide-image swiper-lazy\" data-src=\"https:\/\/rennrad-museum.de\/wp-content\/uploads\/2024\/05\/09A0285.jpg\" alt=\"Rennradmuseum\" \/><div class=\"swiper-lazy-preloader\"><\/div><figcaption class=\"elementor-image-carousel-caption\">Fr\u00fches Rennrad<\/figcaption><\/figure><\/a><\/div><div class=\"swiper-slide\" role=\"group\" aria-roledescription=\"slide\" aria-label=\"3 von 23\"><a data-elementor-open-lightbox=\"yes\" data-elementor-lightbox-slideshow=\"1f1fb6c\" data-elementor-lightbox-title=\"Detailansichten\" data-elementor-lightbox-description=\"Mehrere Zahnkr\u00e4nze, aber ohne Schaltung\" data-e-action-hash=\"#elementor-action%3Aaction%3Dlightbox%26settings%3DeyJpZCI6Mjk2LCJ1cmwiOiJodHRwczpcL1wvcmVubnJhZC1tdXNldW0uZGVcL3dwLWNvbnRlbnRcL3VwbG9hZHNcLzIwMjRcLzA1XC8wOUEwMzU0LmpwZyIsInNsaWRlc2hvdyI6IjFmMWZiNmMifQ%3D%3D\" href=\"https:\/\/rennrad-museum.de\/wp-content\/uploads\/2024\/05\/09A0354.jpg\"><figure class=\"swiper-slide-inner\"><img class=\"swiper-slide-image swiper-lazy\" data-src=\"https:\/\/rennrad-museum.de\/wp-content\/uploads\/2024\/05\/09A0354.jpg\" alt=\"Rennradmuseum\" \/><div class=\"swiper-lazy-preloader\"><\/div><figcaption class=\"elementor-image-carousel-caption\">Detailansichten<\/figcaption><\/figure><\/a><\/div><div class=\"swiper-slide\" role=\"group\" aria-roledescription=\"slide\" aria-label=\"4 von 23\"><a data-elementor-open-lightbox=\"yes\" data-elementor-lightbox-slideshow=\"1f1fb6c\" data-elementor-lightbox-title=\"Derny-Maschine\" data-elementor-lightbox-description=\"Eine Derny-Schrittmachermaschine zum Mittreten f\u00fcr lange Stra\u00dfenrennen.\" data-e-action-hash=\"#elementor-action%3Aaction%3Dlightbox%26settings%3DeyJpZCI6MjkzLCJ1cmwiOiJodHRwczpcL1wvcmVubnJhZC1tdXNldW0uZGVcL3dwLWNvbnRlbnRcL3VwbG9hZHNcLzIwMjRcLzA1XC8wOUEwMzQ0LmpwZyIsInNsaWRlc2hvdyI6IjFmMWZiNmMifQ%3D%3D\" href=\"https:\/\/rennrad-museum.de\/wp-content\/uploads\/2024\/05\/09A0344.jpg\"><figure class=\"swiper-slide-inner\"><img class=\"swiper-slide-image swiper-lazy\" data-src=\"https:\/\/rennrad-museum.de\/wp-content\/uploads\/2024\/05\/09A0344.jpg\" alt=\"Rennradmuseum\" \/><div class=\"swiper-lazy-preloader\"><\/div><figcaption class=\"elementor-image-carousel-caption\">Derny-Maschine<\/figcaption><\/figure><\/a><\/div><div class=\"swiper-slide\" role=\"group\" aria-roledescription=\"slide\" aria-label=\"5 von 23\"><a data-elementor-open-lightbox=\"yes\" data-elementor-lightbox-slideshow=\"1f1fb6c\" data-elementor-lightbox-title=\"Bahnradsport\" data-elementor-lightbox-description=\"Kaum Ver\u00e4nderungen in der Historie der Bahnmaschinen\" data-e-action-hash=\"#elementor-action%3Aaction%3Dlightbox%26settings%3DeyJpZCI6MjkxLCJ1cmwiOiJodHRwczpcL1wvcmVubnJhZC1tdXNldW0uZGVcL3dwLWNvbnRlbnRcL3VwbG9hZHNcLzIwMjRcLzA1XC8wOUEwMzMwLmpwZyIsInNsaWRlc2hvdyI6IjFmMWZiNmMifQ%3D%3D\" href=\"https:\/\/rennrad-museum.de\/wp-content\/uploads\/2024\/05\/09A0330.jpg\"><figure class=\"swiper-slide-inner\"><img class=\"swiper-slide-image swiper-lazy\" data-src=\"https:\/\/rennrad-museum.de\/wp-content\/uploads\/2024\/05\/09A0330.jpg\" alt=\"Bahnradsport\" \/><div class=\"swiper-lazy-preloader\"><\/div><figcaption class=\"elementor-image-carousel-caption\">Bahnradsport<\/figcaption><\/figure><\/a><\/div><div class=\"swiper-slide\" role=\"group\" aria-roledescription=\"slide\" aria-label=\"6 von 23\"><a data-elementor-open-lightbox=\"yes\" data-elementor-lightbox-slideshow=\"1f1fb6c\" data-elementor-lightbox-title=\"Trikotparade\" data-elementor-lightbox-description=\"Mehrere Original-Weltmeistertrikots und bekannte Profi- und Nationaltrikots\" data-e-action-hash=\"#elementor-action%3Aaction%3Dlightbox%26settings%3DeyJpZCI6MzAzLCJ1cmwiOiJodHRwczpcL1wvcmVubnJhZC1tdXNldW0uZGVcL3dwLWNvbnRlbnRcL3VwbG9hZHNcLzIwMjRcLzA1XC9pbWFnZS00NS5qcGciLCJzbGlkZXNob3ciOiIxZjFmYjZjIn0%3D\" href=\"https:\/\/rennrad-museum.de\/wp-content\/uploads\/2024\/05\/image-45.jpg\"><figure class=\"swiper-slide-inner\"><img class=\"swiper-slide-image swiper-lazy\" data-src=\"https:\/\/rennrad-museum.de\/wp-content\/uploads\/2024\/05\/image-45.jpg\" alt=\"Rennradtrikots\" \/><div class=\"swiper-lazy-preloader\"><\/div><figcaption class=\"elementor-image-carousel-caption\">Trikotparade<\/figcaption><\/figure><\/a><\/div><div class=\"swiper-slide\" role=\"group\" aria-roledescription=\"slide\" aria-label=\"7 von 23\"><a data-elementor-open-lightbox=\"yes\" data-elementor-lightbox-slideshow=\"1f1fb6c\" data-elementor-lightbox-title=\"6-Tage-Rennen\" data-elementor-lightbox-description=\"Die F\u00fchrungstrikots in der Originalkabine aus der Dortmunder Westfalenhalle\" data-e-action-hash=\"#elementor-action%3Aaction%3Dlightbox%26settings%3DeyJpZCI6MjkyLCJ1cmwiOiJodHRwczpcL1wvcmVubnJhZC1tdXNldW0uZGVcL3dwLWNvbnRlbnRcL3VwbG9hZHNcLzIwMjRcLzA1XC8wOUEwMzM5LmpwZyIsInNsaWRlc2hvdyI6IjFmMWZiNmMifQ%3D%3D\" href=\"https:\/\/rennrad-museum.de\/wp-content\/uploads\/2024\/05\/09A0339.jpg\"><figure class=\"swiper-slide-inner\"><img class=\"swiper-slide-image swiper-lazy\" data-src=\"https:\/\/rennrad-museum.de\/wp-content\/uploads\/2024\/05\/09A0339.jpg\" alt=\"6-Tage-Rennen\" \/><div class=\"swiper-lazy-preloader\"><\/div><figcaption class=\"elementor-image-carousel-caption\">6-Tage-Rennen<\/figcaption><\/figure><\/a><\/div><div class=\"swiper-slide\" role=\"group\" aria-roledescription=\"slide\" aria-label=\"8 von 23\"><a data-elementor-open-lightbox=\"yes\" data-elementor-lightbox-slideshow=\"1f1fb6c\" data-elementor-lightbox-title=\"Rickert\" data-elementor-lightbox-description=\"Maschinen und Rahmen des bekannten Fr\u00f6ndenberger Rahmenbauers\" data-e-action-hash=\"#elementor-action%3Aaction%3Dlightbox%26settings%3DeyJpZCI6MzA3LCJ1cmwiOiJodHRwczpcL1wvcmVubnJhZC1tdXNldW0uZGVcL3dwLWNvbnRlbnRcL3VwbG9hZHNcLzIwMjRcLzA1XC9pbWFnZS00OS5qcGciLCJzbGlkZXNob3ciOiIxZjFmYjZjIn0%3D\" href=\"https:\/\/rennrad-museum.de\/wp-content\/uploads\/2024\/05\/image-49.jpg\"><figure class=\"swiper-slide-inner\"><img class=\"swiper-slide-image swiper-lazy\" data-src=\"https:\/\/rennrad-museum.de\/wp-content\/uploads\/2024\/05\/image-49.jpg\" alt=\"Rickert\" \/><div class=\"swiper-lazy-preloader\"><\/div><figcaption class=\"elementor-image-carousel-caption\">Rickert<\/figcaption><\/figure><\/a><\/div><div class=\"swiper-slide\" role=\"group\" aria-roledescription=\"slide\" aria-label=\"9 von 23\"><a data-elementor-open-lightbox=\"yes\" data-elementor-lightbox-slideshow=\"1f1fb6c\" data-elementor-lightbox-title=\"Radsport in Fr\u00f6ndenberg\" data-elementor-lightbox-description=\"Rennmaschinen und Trikots erfolgreicher Fr\u00f6ndenberger Radsportler in Verbindung mit der Fahrradteilefirma UNION.\" data-e-action-hash=\"#elementor-action%3Aaction%3Dlightbox%26settings%3DeyJpZCI6MzA2LCJ1cmwiOiJodHRwczpcL1wvcmVubnJhZC1tdXNldW0uZGVcL3dwLWNvbnRlbnRcL3VwbG9hZHNcLzIwMjRcLzA1XC9pbWFnZS00OC5qcGciLCJzbGlkZXNob3ciOiIxZjFmYjZjIn0%3D\" href=\"https:\/\/rennrad-museum.de\/wp-content\/uploads\/2024\/05\/image-48.jpg\"><figure class=\"swiper-slide-inner\"><img class=\"swiper-slide-image swiper-lazy\" data-src=\"https:\/\/rennrad-museum.de\/wp-content\/uploads\/2024\/05\/image-48.jpg\" alt=\"Rennradmuseum\" \/><div class=\"swiper-lazy-preloader\"><\/div><figcaption class=\"elementor-image-carousel-caption\">Radsport in Fr\u00f6ndenberg<\/figcaption><\/figure><\/a><\/div><div class=\"swiper-slide\" role=\"group\" aria-roledescription=\"slide\" aria-label=\"10 von 23\"><a data-elementor-open-lightbox=\"yes\" data-elementor-lightbox-slideshow=\"1f1fb6c\" data-elementor-lightbox-title=\"Zabel\" data-elementor-lightbox-description=\"Ein Originalrad und Trikots des heimischen Radsport-Weltstars Erik Zabel. Dahinter der Medienraum mit Gro\u00dfbildschirm\" data-e-action-hash=\"#elementor-action%3Aaction%3Dlightbox%26settings%3DeyJpZCI6MzA1LCJ1cmwiOiJodHRwczpcL1wvcmVubnJhZC1tdXNldW0uZGVcL3dwLWNvbnRlbnRcL3VwbG9hZHNcLzIwMjRcLzA1XC9pbWFnZS00Ny5qcGciLCJzbGlkZXNob3ciOiIxZjFmYjZjIn0%3D\" href=\"https:\/\/rennrad-museum.de\/wp-content\/uploads\/2024\/05\/image-47.jpg\"><figure class=\"swiper-slide-inner\"><img class=\"swiper-slide-image swiper-lazy\" data-src=\"https:\/\/rennrad-museum.de\/wp-content\/uploads\/2024\/05\/image-47.jpg\" alt=\"Rennradmuseum\" \/><div class=\"swiper-lazy-preloader\"><\/div><figcaption class=\"elementor-image-carousel-caption\">Zabel<\/figcaption><\/figure><\/a><\/div><div class=\"swiper-slide\" role=\"group\" aria-roledescription=\"slide\" aria-label=\"11 von 23\"><a data-elementor-open-lightbox=\"yes\" data-elementor-lightbox-slideshow=\"1f1fb6c\" data-elementor-lightbox-title=\"Westfalenhalle Dortmund\" data-elementor-lightbox-description=\"Eine Original-6-Tage-Kabine aus der Dortmunder Westfalenhalle vor dem Nachbau einer Radrennbahn\" data-e-action-hash=\"#elementor-action%3Aaction%3Dlightbox%26settings%3DeyJpZCI6MzA0LCJ1cmwiOiJodHRwczpcL1wvcmVubnJhZC1tdXNldW0uZGVcL3dwLWNvbnRlbnRcL3VwbG9hZHNcLzIwMjRcLzA1XC9pbWFnZS00Ni5qcGciLCJzbGlkZXNob3ciOiIxZjFmYjZjIn0%3D\" href=\"https:\/\/rennrad-museum.de\/wp-content\/uploads\/2024\/05\/image-46.jpg\"><figure class=\"swiper-slide-inner\"><img class=\"swiper-slide-image swiper-lazy\" data-src=\"https:\/\/rennrad-museum.de\/wp-content\/uploads\/2024\/05\/image-46.jpg\" alt=\"Rennradmuseum\" \/><div class=\"swiper-lazy-preloader\"><\/div><figcaption class=\"elementor-image-carousel-caption\">Westfalenhalle Dortmund<\/figcaption><\/figure><\/a><\/div><div class=\"swiper-slide\" role=\"group\" aria-roledescription=\"slide\" aria-label=\"12 von 23\"><a data-elementor-open-lightbox=\"yes\" data-elementor-lightbox-slideshow=\"1f1fb6c\" data-elementor-lightbox-title=\"Bahnradsport\" data-elementor-lightbox-description=\"Historische und aktuelle Bahnr\u00e4der. \nDavor: Eine Derny-Maschine. \" data-e-action-hash=\"#elementor-action%3Aaction%3Dlightbox%26settings%3DeyJpZCI6MzAyLCJ1cmwiOiJodHRwczpcL1wvcmVubnJhZC1tdXNldW0uZGVcL3dwLWNvbnRlbnRcL3VwbG9hZHNcLzIwMjRcLzA1XC9pbWFnZS00NC5qcGciLCJzbGlkZXNob3ciOiIxZjFmYjZjIn0%3D\" href=\"https:\/\/rennrad-museum.de\/wp-content\/uploads\/2024\/05\/image-44.jpg\"><figure class=\"swiper-slide-inner\"><img class=\"swiper-slide-image swiper-lazy\" data-src=\"https:\/\/rennrad-museum.de\/wp-content\/uploads\/2024\/05\/image-44.jpg\" alt=\"Bahnradsport\" \/><div class=\"swiper-lazy-preloader\"><\/div><figcaption class=\"elementor-image-carousel-caption\">Bahnradsport<\/figcaption><\/figure><\/a><\/div><div class=\"swiper-slide\" role=\"group\" aria-roledescription=\"slide\" aria-label=\"13 von 23\"><a data-elementor-open-lightbox=\"yes\" data-elementor-lightbox-slideshow=\"1f1fb6c\" data-elementor-lightbox-title=\"Geschichtliche Entwicklung der Rennr\u00e4der\" data-elementor-lightbox-description=\"In 10-Jahres-Schritten seit 1900 wird die Rennradver\u00e4nderung dargestellt\" data-e-action-hash=\"#elementor-action%3Aaction%3Dlightbox%26settings%3DeyJpZCI6MzAxLCJ1cmwiOiJodHRwczpcL1wvcmVubnJhZC1tdXNldW0uZGVcL3dwLWNvbnRlbnRcL3VwbG9hZHNcLzIwMjRcLzA1XC9pbWFnZS00My5qcGciLCJzbGlkZXNob3ciOiIxZjFmYjZjIn0%3D\" href=\"https:\/\/rennrad-museum.de\/wp-content\/uploads\/2024\/05\/image-43.jpg\"><figure class=\"swiper-slide-inner\"><img class=\"swiper-slide-image swiper-lazy\" data-src=\"https:\/\/rennrad-museum.de\/wp-content\/uploads\/2024\/05\/image-43.jpg\" alt=\"Geschichtliche Entwicklung der Rennr\u00e4der\" \/><div class=\"swiper-lazy-preloader\"><\/div><figcaption class=\"elementor-image-carousel-caption\">Geschichtliche Entwicklung der Rennr\u00e4der<\/figcaption><\/figure><\/a><\/div><div class=\"swiper-slide\" role=\"group\" aria-roledescription=\"slide\" aria-label=\"14 von 23\"><a data-elementor-open-lightbox=\"yes\" data-elementor-lightbox-slideshow=\"1f1fb6c\" data-elementor-lightbox-title=\"6-Tage-Rennen in Dortmund\" data-elementor-lightbox-description=\"Eine Original 6-Tage-Kabine aus der Westfalenhalle Dortmund.\" data-e-action-hash=\"#elementor-action%3Aaction%3Dlightbox%26settings%3DeyJpZCI6MzAwLCJ1cmwiOiJodHRwczpcL1wvcmVubnJhZC1tdXNldW0uZGVcL3dwLWNvbnRlbnRcL3VwbG9hZHNcLzIwMjRcLzA1XC9pbWFnZS00Mi5qcGciLCJzbGlkZXNob3ciOiIxZjFmYjZjIn0%3D\" href=\"https:\/\/rennrad-museum.de\/wp-content\/uploads\/2024\/05\/image-42.jpg\"><figure class=\"swiper-slide-inner\"><img class=\"swiper-slide-image swiper-lazy\" data-src=\"https:\/\/rennrad-museum.de\/wp-content\/uploads\/2024\/05\/image-42.jpg\" alt=\"Rennradmuseum 6-Tage-Rennen in Dortmund\" \/><div class=\"swiper-lazy-preloader\"><\/div><figcaption class=\"elementor-image-carousel-caption\">6-Tage-Rennen in Dortmund<\/figcaption><\/figure><\/a><\/div><div class=\"swiper-slide\" role=\"group\" aria-roledescription=\"slide\" aria-label=\"15 von 23\"><a data-elementor-open-lightbox=\"yes\" data-elementor-lightbox-slideshow=\"1f1fb6c\" data-elementor-lightbox-title=\"Geschichte des Fahrrades\" data-elementor-lightbox-description=\"Von der Draisine \u00fcber das Hochrad zum Niederrad (Fahrrad)\" data-e-action-hash=\"#elementor-action%3Aaction%3Dlightbox%26settings%3DeyJpZCI6Mjk5LCJ1cmwiOiJodHRwczpcL1wvcmVubnJhZC1tdXNldW0uZGVcL3dwLWNvbnRlbnRcL3VwbG9hZHNcLzIwMjRcLzA1XC9pbWFnZS00MS5qcGciLCJzbGlkZXNob3ciOiIxZjFmYjZjIn0%3D\" href=\"https:\/\/rennrad-museum.de\/wp-content\/uploads\/2024\/05\/image-41.jpg\"><figure class=\"swiper-slide-inner\"><img class=\"swiper-slide-image swiper-lazy\" data-src=\"https:\/\/rennrad-museum.de\/wp-content\/uploads\/2024\/05\/image-41.jpg\" alt=\"Rennradmuseum Geschichte des Fahrrades\" \/><div class=\"swiper-lazy-preloader\"><\/div><figcaption class=\"elementor-image-carousel-caption\">Geschichte des Fahrrades<\/figcaption><\/figure><\/a><\/div><div class=\"swiper-slide\" role=\"group\" aria-roledescription=\"slide\" aria-label=\"16 von 23\"><a data-elementor-open-lightbox=\"yes\" data-elementor-lightbox-slideshow=\"1f1fb6c\" data-elementor-lightbox-title=\"Wechselnde Dekorationen\" data-elementor-lightbox-description=\"Im Schaufenster werden abwechselnd R\u00e4der pr\u00e4sentiert\" data-e-action-hash=\"#elementor-action%3Aaction%3Dlightbox%26settings%3DeyJpZCI6Mjk4LCJ1cmwiOiJodHRwczpcL1wvcmVubnJhZC1tdXNldW0uZGVcL3dwLWNvbnRlbnRcL3VwbG9hZHNcLzIwMjRcLzA1XC8wOUEwMzY4LmpwZyIsInNsaWRlc2hvdyI6IjFmMWZiNmMifQ%3D%3D\" href=\"https:\/\/rennrad-museum.de\/wp-content\/uploads\/2024\/05\/09A0368.jpg\"><figure class=\"swiper-slide-inner\"><img class=\"swiper-slide-image swiper-lazy\" data-src=\"https:\/\/rennrad-museum.de\/wp-content\/uploads\/2024\/05\/09A0368.jpg\" alt=\"Rennradmuseum Wechselnde Dekorationen\" \/><div class=\"swiper-lazy-preloader\"><\/div><figcaption class=\"elementor-image-carousel-caption\">Wechselnde Dekorationen<\/figcaption><\/figure><\/a><\/div><div class=\"swiper-slide\" role=\"group\" aria-roledescription=\"slide\" aria-label=\"17 von 23\"><a data-elementor-open-lightbox=\"yes\" data-elementor-lightbox-slideshow=\"1f1fb6c\" data-elementor-lightbox-title=\"Detailausschnitt\" data-elementor-lightbox-description=\"Zweitzahnkranz f\u00fcr Hinterraddrehung aus der Anfangszeit der Radrennen\" data-e-action-hash=\"#elementor-action%3Aaction%3Dlightbox%26settings%3DeyJpZCI6Mjk1LCJ1cmwiOiJodHRwczpcL1wvcmVubnJhZC1tdXNldW0uZGVcL3dwLWNvbnRlbnRcL3VwbG9hZHNcLzIwMjRcLzA1XC8wOUEwMzUzLmpwZyIsInNsaWRlc2hvdyI6IjFmMWZiNmMifQ%3D%3D\" href=\"https:\/\/rennrad-museum.de\/wp-content\/uploads\/2024\/05\/09A0353.jpg\"><figure class=\"swiper-slide-inner\"><img class=\"swiper-slide-image swiper-lazy\" data-src=\"https:\/\/rennrad-museum.de\/wp-content\/uploads\/2024\/05\/09A0353.jpg\" alt=\"Rennradmuseum\" \/><div class=\"swiper-lazy-preloader\"><\/div><figcaption class=\"elementor-image-carousel-caption\">Detailausschnitt<\/figcaption><\/figure><\/a><\/div><div class=\"swiper-slide\" role=\"group\" aria-roledescription=\"slide\" aria-label=\"18 von 23\"><a data-elementor-open-lightbox=\"yes\" data-elementor-lightbox-slideshow=\"1f1fb6c\" data-elementor-lightbox-title=\"Rennrad Exoten\" data-elementor-lightbox-description=\"Bianchi Zeitfahrrad mit kleinem Vorderrad\n(mittlerweile nicht mehr im Rennen erlaubt)\n\" data-e-action-hash=\"#elementor-action%3Aaction%3Dlightbox%26settings%3DeyJpZCI6Mjk0LCJ1cmwiOiJodHRwczpcL1wvcmVubnJhZC1tdXNldW0uZGVcL3dwLWNvbnRlbnRcL3VwbG9hZHNcLzIwMjRcLzA1XC8wOUEwMzQ2LmpwZyIsInNsaWRlc2hvdyI6IjFmMWZiNmMifQ%3D%3D\" href=\"https:\/\/rennrad-museum.de\/wp-content\/uploads\/2024\/05\/09A0346.jpg\"><figure class=\"swiper-slide-inner\"><img class=\"swiper-slide-image swiper-lazy\" data-src=\"https:\/\/rennrad-museum.de\/wp-content\/uploads\/2024\/05\/09A0346.jpg\" alt=\"Rennradmuseum - Rennrad Exoten\" \/><div class=\"swiper-lazy-preloader\"><\/div><figcaption class=\"elementor-image-carousel-caption\">Rennrad Exoten<\/figcaption><\/figure><\/a><\/div><div class=\"swiper-slide\" role=\"group\" aria-roledescription=\"slide\" aria-label=\"19 von 23\"><a data-elementor-open-lightbox=\"yes\" data-elementor-lightbox-slideshow=\"1f1fb6c\" data-elementor-lightbox-title=\"Historische Lenkerparade\" data-elementor-lightbox-description=\"Detail-Ver\u00e4nderungen im Zubeh\u00f6r\" data-e-action-hash=\"#elementor-action%3Aaction%3Dlightbox%26settings%3DeyJpZCI6Mjg5LCJ1cmwiOiJodHRwczpcL1wvcmVubnJhZC1tdXNldW0uZGVcL3dwLWNvbnRlbnRcL3VwbG9hZHNcLzIwMjRcLzA1XC8wOUEwMzIxLmpwZyIsInNsaWRlc2hvdyI6IjFmMWZiNmMifQ%3D%3D\" href=\"https:\/\/rennrad-museum.de\/wp-content\/uploads\/2024\/05\/09A0321.jpg\"><figure class=\"swiper-slide-inner\"><img class=\"swiper-slide-image swiper-lazy\" data-src=\"https:\/\/rennrad-museum.de\/wp-content\/uploads\/2024\/05\/09A0321.jpg\" alt=\"Rennradmuseum\" \/><div class=\"swiper-lazy-preloader\"><\/div><figcaption class=\"elementor-image-carousel-caption\">Historische Lenkerparade<\/figcaption><\/figure><\/a><\/div><div class=\"swiper-slide\" role=\"group\" aria-roledescription=\"slide\" aria-label=\"20 von 23\"><a data-elementor-open-lightbox=\"yes\" data-elementor-lightbox-slideshow=\"1f1fb6c\" data-elementor-lightbox-title=\"Steher-Sport\" data-elementor-lightbox-description=\"Ein Steher-Rad mit gro\u00dfem Kettenblatt f\u00fcr hohe Geschwindigkeiten\" data-e-action-hash=\"#elementor-action%3Aaction%3Dlightbox%26settings%3DeyJpZCI6Mjg4LCJ1cmwiOiJodHRwczpcL1wvcmVubnJhZC1tdXNldW0uZGVcL3dwLWNvbnRlbnRcL3VwbG9hZHNcLzIwMjRcLzA1XC8wOUEwMzA3LmpwZyIsInNsaWRlc2hvdyI6IjFmMWZiNmMifQ%3D%3D\" href=\"https:\/\/rennrad-museum.de\/wp-content\/uploads\/2024\/05\/09A0307.jpg\"><figure class=\"swiper-slide-inner\"><img class=\"swiper-slide-image swiper-lazy\" data-src=\"https:\/\/rennrad-museum.de\/wp-content\/uploads\/2024\/05\/09A0307.jpg\" alt=\"Rennradmuseum Steher-Sport\" \/><div class=\"swiper-lazy-preloader\"><\/div><figcaption class=\"elementor-image-carousel-caption\">Steher-Sport<\/figcaption><\/figure><\/a><\/div><div class=\"swiper-slide\" role=\"group\" aria-roledescription=\"slide\" aria-label=\"21 von 23\"><a data-elementor-open-lightbox=\"yes\" data-elementor-lightbox-slideshow=\"1f1fb6c\" data-elementor-lightbox-title=\"Steher-Sport\" data-elementor-lightbox-description=\"Ein Steher-Rad mit verst\u00e4rktem Vorbau und einem Steher-Helm\" data-e-action-hash=\"#elementor-action%3Aaction%3Dlightbox%26settings%3DeyJpZCI6Mjg3LCJ1cmwiOiJodHRwczpcL1wvcmVubnJhZC1tdXNldW0uZGVcL3dwLWNvbnRlbnRcL3VwbG9hZHNcLzIwMjRcLzA1XC8wOUEwMzA0LmpwZyIsInNsaWRlc2hvdyI6IjFmMWZiNmMifQ%3D%3D\" href=\"https:\/\/rennrad-museum.de\/wp-content\/uploads\/2024\/05\/09A0304.jpg\"><figure class=\"swiper-slide-inner\"><img class=\"swiper-slide-image swiper-lazy\" data-src=\"https:\/\/rennrad-museum.de\/wp-content\/uploads\/2024\/05\/09A0304.jpg\" alt=\"Rennradmuseum Steher-Sport\" \/><div class=\"swiper-lazy-preloader\"><\/div><figcaption class=\"elementor-image-carousel-caption\">Steher-Sport<\/figcaption><\/figure><\/a><\/div><div class=\"swiper-slide\" role=\"group\" aria-roledescription=\"slide\" aria-label=\"22 von 23\"><a data-elementor-open-lightbox=\"yes\" data-elementor-lightbox-slideshow=\"1f1fb6c\" data-elementor-lightbox-title=\"Historisches Stra\u00dfenrad\" data-elementor-lightbox-description=\"Aus den 1940er Jahren mit Schaltung\" data-e-action-hash=\"#elementor-action%3Aaction%3Dlightbox%26settings%3DeyJpZCI6Mjg1LCJ1cmwiOiJodHRwczpcL1wvcmVubnJhZC1tdXNldW0uZGVcL3dwLWNvbnRlbnRcL3VwbG9hZHNcLzIwMjRcLzA1XC8wOUEwMjg3LmpwZyIsInNsaWRlc2hvdyI6IjFmMWZiNmMifQ%3D%3D\" href=\"https:\/\/rennrad-museum.de\/wp-content\/uploads\/2024\/05\/09A0287.jpg\"><figure class=\"swiper-slide-inner\"><img class=\"swiper-slide-image swiper-lazy\" data-src=\"https:\/\/rennrad-museum.de\/wp-content\/uploads\/2024\/05\/09A0287.jpg\" alt=\"Rennradmuseum Historisches Stra\u00dfenrad\" \/><div class=\"swiper-lazy-preloader\"><\/div><figcaption class=\"elementor-image-carousel-caption\">Historisches Stra\u00dfenrad<\/figcaption><\/figure><\/a><\/div><div class=\"swiper-slide\" role=\"group\" aria-roledescription=\"slide\" aria-label=\"23 von 23\"><a data-elementor-open-lightbox=\"yes\" data-elementor-lightbox-slideshow=\"1f1fb6c\" data-elementor-lightbox-title=\"Fahrrad von 1899\" data-elementor-lightbox-description=\"Mit Kette, Bremsen und der Diamant-Rahmenform\" data-e-action-hash=\"#elementor-action%3Aaction%3Dlightbox%26settings%3DeyJpZCI6MjgzLCJ1cmwiOiJodHRwczpcL1wvcmVubnJhZC1tdXNldW0uZGVcL3dwLWNvbnRlbnRcL3VwbG9hZHNcLzIwMjRcLzA1XC8wOUEwMjgzLmpwZyIsInNsaWRlc2hvdyI6IjFmMWZiNmMifQ%3D%3D\" href=\"https:\/\/rennrad-museum.de\/wp-content\/uploads\/2024\/05\/09A0283.jpg\"><figure class=\"swiper-slide-inner\"><img class=\"swiper-slide-image swiper-lazy\" data-src=\"https:\/\/rennrad-museum.de\/wp-content\/uploads\/2024\/05\/09A0283.jpg\" alt=\"Rennradmuseum Fahrrad von 1899\" \/><div class=\"swiper-lazy-preloader\"><\/div><figcaption class=\"elementor-image-carousel-caption\">Fahrrad von 1899<\/figcaption><\/figure><\/a><\/div>\t\t\t<\/div>\n\t\t\t\t\t\t\t\t\t\t\t\t<div class=\"elementor-swiper-button elementor-swiper-button-prev\" role=\"button\" tabindex=\"0\">\n\t\t\t\t\t\t<svg aria-hidden=\"true\" class=\"e-font-icon-svg e-eicon-chevron-left\" viewBox=\"0 0 1000 1000\" xmlns=\"http:\/\/www.w3.org\/2000\/svg\"><path d=\"M646 125C629 125 613 133 604 142L308 442C296 454 292 471 292 487 292 504 296 521 308 533L604 854C617 867 629 875 646 875 663 875 679 871 692 858 704 846 713 829 713 812 713 796 708 779 692 767L438 487 692 225C700 217 708 204 708 187 708 171 704 154 692 142 675 129 663 125 646 125Z\"><\/path><\/svg>\t\t\t\t\t<\/div>\n\t\t\t\t\t<div class=\"elementor-swiper-button elementor-swiper-button-next\" role=\"button\" tabindex=\"0\">\n\t\t\t\t\t\t<svg aria-hidden=\"true\" class=\"e-font-icon-svg e-eicon-chevron-right\" viewBox=\"0 0 1000 1000\" xmlns=\"http:\/\/www.w3.org\/2000\/svg\"><path d=\"M696 533C708 521 713 504 713 487 713 471 708 454 696 446L400 146C388 133 375 125 354 125 338 125 325 129 313 142 300 154 292 171 292 187 292 204 296 221 308 233L563 492 304 771C292 783 288 800 288 817 288 833 296 850 308 863 321 871 338 875 354 875 371 875 388 867 400 854L696 533Z\"><\/path><\/svg>\t\t\t\t\t<\/div>\n\t\t\t\t\n\t\t\t\t\t\t\t\t\t<\/div>\n\t\t\t\t\t\t<\/div>\n\t\t\t\t<\/div>\n\t\t\t\t<\/div>\n\t\t<div class=\"elementor-element elementor-element-71d843f e-con-full e-flex wpr-particle-no wpr-jarallax-no wpr-parallax-no wpr-sticky-section-no wpr-equal-height-no e-con e-child\" data-id=\"71d843f\" data-element_type=\"container\" data-e-type=\"container\">\n\t\t\t\t<div class=\"elementor-element elementor-element-feadf57 elementor-hidden-desktop elementor-hidden-laptop elementor-hidden-tablet_extra elementor-hidden-tablet elementor-hidden-mobile elementor-arrows-position-inside elementor-widget elementor-widget-image-carousel\" data-id=\"feadf57\" data-element_type=\"widget\" data-e-type=\"widget\" data-settings=\"{&quot;slides_to_show&quot;:&quot;5&quot;,&quot;navigation&quot;:&quot;arrows&quot;,&quot;lazyload&quot;:&quot;yes&quot;,&quot;image_spacing_custom_laptop&quot;:{&quot;unit&quot;:&quot;px&quot;,&quot;size&quot;:5,&quot;sizes&quot;:[]},&quot;autoplay&quot;:&quot;yes&quot;,&quot;pause_on_hover&quot;:&quot;yes&quot;,&quot;pause_on_interaction&quot;:&quot;yes&quot;,&quot;autoplay_speed&quot;:5000,&quot;infinite&quot;:&quot;yes&quot;,&quot;speed&quot;:500,&quot;image_spacing_custom&quot;:{&quot;unit&quot;:&quot;px&quot;,&quot;size&quot;:20,&quot;sizes&quot;:[]},&quot;image_spacing_custom_tablet_extra&quot;:{&quot;unit&quot;:&quot;px&quot;,&quot;size&quot;:&quot;&quot;,&quot;sizes&quot;:[]},&quot;image_spacing_custom_tablet&quot;:{&quot;unit&quot;:&quot;px&quot;,&quot;size&quot;:&quot;&quot;,&quot;sizes&quot;:[]},&quot;image_spacing_custom_mobile&quot;:{&quot;unit&quot;:&quot;px&quot;,&quot;size&quot;:&quot;&quot;,&quot;sizes&quot;:[]}}\" data-widget_type=\"image-carousel.default\">\n\t\t\t\t<div class=\"elementor-widget-container\">\n\t\t\t\t\t\t\t<div class=\"elementor-image-carousel-wrapper swiper\" role=\"region\" aria-roledescription=\"carousel\" aria-label=\"Bild Karussell\" dir=\"ltr\">\n\t\t\t<div class=\"elementor-image-carousel swiper-wrapper\" aria-live=\"off\">\n\t\t\t\t\t\t\t\t<div class=\"swiper-slide\" role=\"group\" aria-roledescription=\"slide\" aria-label=\"1 von 23\"><a data-elementor-open-lightbox=\"yes\" data-elementor-lightbox-slideshow=\"feadf57\" data-elementor-lightbox-title=\"Steher- Sport\" data-elementor-lightbox-description=\"ennfertige Steher-Maschine mit kleinerem Vorderrad und umgekehrter Gabel.\" data-e-action-hash=\"#elementor-action%3Aaction%3Dlightbox%26settings%3DeyJpZCI6Mjg2LCJ1cmwiOiJodHRwczpcL1wvcmVubnJhZC1tdXNldW0uZGVcL3dwLWNvbnRlbnRcL3VwbG9hZHNcLzIwMjRcLzA1XC8wOUEwMzAzLmpwZyIsInNsaWRlc2hvdyI6ImZlYWRmNTcifQ%3D%3D\" href=\"https:\/\/rennrad-museum.de\/wp-content\/uploads\/2024\/05\/09A0303.jpg\"><figure class=\"swiper-slide-inner\"><img class=\"swiper-slide-image swiper-lazy\" data-src=\"https:\/\/rennrad-museum.de\/wp-content\/uploads\/2024\/05\/09A0303.jpg\" alt=\"Rennradmuseum\" \/><div class=\"swiper-lazy-preloader\"><\/div><figcaption class=\"elementor-image-carousel-caption\">Steher- Sport<\/figcaption><\/figure><\/a><\/div><div class=\"swiper-slide\" role=\"group\" aria-roledescription=\"slide\" aria-label=\"2 von 23\"><a data-elementor-open-lightbox=\"yes\" data-elementor-lightbox-slideshow=\"feadf57\" data-elementor-lightbox-title=\"Fr\u00fches Rennrad\" data-elementor-lightbox-description=\"Nur der Rennlenker l\u00e4sst den Einsatz erkennen.\" data-e-action-hash=\"#elementor-action%3Aaction%3Dlightbox%26settings%3DeyJpZCI6Mjg0LCJ1cmwiOiJodHRwczpcL1wvcmVubnJhZC1tdXNldW0uZGVcL3dwLWNvbnRlbnRcL3VwbG9hZHNcLzIwMjRcLzA1XC8wOUEwMjg1LmpwZyIsInNsaWRlc2hvdyI6ImZlYWRmNTcifQ%3D%3D\" href=\"https:\/\/rennrad-museum.de\/wp-content\/uploads\/2024\/05\/09A0285.jpg\"><figure class=\"swiper-slide-inner\"><img class=\"swiper-slide-image swiper-lazy\" data-src=\"https:\/\/rennrad-museum.de\/wp-content\/uploads\/2024\/05\/09A0285.jpg\" alt=\"Rennradmuseum\" \/><div class=\"swiper-lazy-preloader\"><\/div><figcaption class=\"elementor-image-carousel-caption\">Fr\u00fches Rennrad<\/figcaption><\/figure><\/a><\/div><div class=\"swiper-slide\" role=\"group\" aria-roledescription=\"slide\" aria-label=\"3 von 23\"><a data-elementor-open-lightbox=\"yes\" data-elementor-lightbox-slideshow=\"feadf57\" data-elementor-lightbox-title=\"Detailansichten\" data-elementor-lightbox-description=\"Mehrere Zahnkr\u00e4nze, aber ohne Schaltung\" data-e-action-hash=\"#elementor-action%3Aaction%3Dlightbox%26settings%3DeyJpZCI6Mjk2LCJ1cmwiOiJodHRwczpcL1wvcmVubnJhZC1tdXNldW0uZGVcL3dwLWNvbnRlbnRcL3VwbG9hZHNcLzIwMjRcLzA1XC8wOUEwMzU0LmpwZyIsInNsaWRlc2hvdyI6ImZlYWRmNTcifQ%3D%3D\" href=\"https:\/\/rennrad-museum.de\/wp-content\/uploads\/2024\/05\/09A0354.jpg\"><figure class=\"swiper-slide-inner\"><img class=\"swiper-slide-image swiper-lazy\" data-src=\"https:\/\/rennrad-museum.de\/wp-content\/uploads\/2024\/05\/09A0354.jpg\" alt=\"Rennradmuseum\" \/><div class=\"swiper-lazy-preloader\"><\/div><figcaption class=\"elementor-image-carousel-caption\">Detailansichten<\/figcaption><\/figure><\/a><\/div><div class=\"swiper-slide\" role=\"group\" aria-roledescription=\"slide\" aria-label=\"4 von 23\"><a data-elementor-open-lightbox=\"yes\" data-elementor-lightbox-slideshow=\"feadf57\" data-elementor-lightbox-title=\"Derny-Maschine\" data-elementor-lightbox-description=\"Eine Derny-Schrittmachermaschine zum Mittreten f\u00fcr lange Stra\u00dfenrennen.\" data-e-action-hash=\"#elementor-action%3Aaction%3Dlightbox%26settings%3DeyJpZCI6MjkzLCJ1cmwiOiJodHRwczpcL1wvcmVubnJhZC1tdXNldW0uZGVcL3dwLWNvbnRlbnRcL3VwbG9hZHNcLzIwMjRcLzA1XC8wOUEwMzQ0LmpwZyIsInNsaWRlc2hvdyI6ImZlYWRmNTcifQ%3D%3D\" href=\"https:\/\/rennrad-museum.de\/wp-content\/uploads\/2024\/05\/09A0344.jpg\"><figure class=\"swiper-slide-inner\"><img class=\"swiper-slide-image swiper-lazy\" data-src=\"https:\/\/rennrad-museum.de\/wp-content\/uploads\/2024\/05\/09A0344.jpg\" alt=\"Rennradmuseum\" \/><div class=\"swiper-lazy-preloader\"><\/div><figcaption class=\"elementor-image-carousel-caption\">Derny-Maschine<\/figcaption><\/figure><\/a><\/div><div class=\"swiper-slide\" role=\"group\" aria-roledescription=\"slide\" aria-label=\"5 von 23\"><a data-elementor-open-lightbox=\"yes\" data-elementor-lightbox-slideshow=\"feadf57\" data-elementor-lightbox-title=\"Bahnradsport\" data-elementor-lightbox-description=\"Kaum Ver\u00e4nderungen in der Historie der Bahnmaschinen\" data-e-action-hash=\"#elementor-action%3Aaction%3Dlightbox%26settings%3DeyJpZCI6MjkxLCJ1cmwiOiJodHRwczpcL1wvcmVubnJhZC1tdXNldW0uZGVcL3dwLWNvbnRlbnRcL3VwbG9hZHNcLzIwMjRcLzA1XC8wOUEwMzMwLmpwZyIsInNsaWRlc2hvdyI6ImZlYWRmNTcifQ%3D%3D\" href=\"https:\/\/rennrad-museum.de\/wp-content\/uploads\/2024\/05\/09A0330.jpg\"><figure class=\"swiper-slide-inner\"><img class=\"swiper-slide-image swiper-lazy\" data-src=\"https:\/\/rennrad-museum.de\/wp-content\/uploads\/2024\/05\/09A0330.jpg\" alt=\"Bahnradsport\" \/><div class=\"swiper-lazy-preloader\"><\/div><figcaption class=\"elementor-image-carousel-caption\">Bahnradsport<\/figcaption><\/figure><\/a><\/div><div class=\"swiper-slide\" role=\"group\" aria-roledescription=\"slide\" aria-label=\"6 von 23\"><a data-elementor-open-lightbox=\"yes\" data-elementor-lightbox-slideshow=\"feadf57\" data-elementor-lightbox-title=\"Trikotparade\" data-elementor-lightbox-description=\"Mehrere Original-Weltmeistertrikots und bekannte Profi- und Nationaltrikots\" data-e-action-hash=\"#elementor-action%3Aaction%3Dlightbox%26settings%3DeyJpZCI6MzAzLCJ1cmwiOiJodHRwczpcL1wvcmVubnJhZC1tdXNldW0uZGVcL3dwLWNvbnRlbnRcL3VwbG9hZHNcLzIwMjRcLzA1XC9pbWFnZS00NS5qcGciLCJzbGlkZXNob3ciOiJmZWFkZjU3In0%3D\" href=\"https:\/\/rennrad-museum.de\/wp-content\/uploads\/2024\/05\/image-45.jpg\"><figure class=\"swiper-slide-inner\"><img class=\"swiper-slide-image swiper-lazy\" data-src=\"https:\/\/rennrad-museum.de\/wp-content\/uploads\/2024\/05\/image-45.jpg\" alt=\"Rennradtrikots\" \/><div class=\"swiper-lazy-preloader\"><\/div><figcaption class=\"elementor-image-carousel-caption\">Trikotparade<\/figcaption><\/figure><\/a><\/div><div class=\"swiper-slide\" role=\"group\" aria-roledescription=\"slide\" aria-label=\"7 von 23\"><a data-elementor-open-lightbox=\"yes\" data-elementor-lightbox-slideshow=\"feadf57\" data-elementor-lightbox-title=\"6-Tage-Rennen\" data-elementor-lightbox-description=\"Die F\u00fchrungstrikots in der Originalkabine aus der Dortmunder Westfalenhalle\" data-e-action-hash=\"#elementor-action%3Aaction%3Dlightbox%26settings%3DeyJpZCI6MjkyLCJ1cmwiOiJodHRwczpcL1wvcmVubnJhZC1tdXNldW0uZGVcL3dwLWNvbnRlbnRcL3VwbG9hZHNcLzIwMjRcLzA1XC8wOUEwMzM5LmpwZyIsInNsaWRlc2hvdyI6ImZlYWRmNTcifQ%3D%3D\" href=\"https:\/\/rennrad-museum.de\/wp-content\/uploads\/2024\/05\/09A0339.jpg\"><figure class=\"swiper-slide-inner\"><img class=\"swiper-slide-image swiper-lazy\" data-src=\"https:\/\/rennrad-museum.de\/wp-content\/uploads\/2024\/05\/09A0339.jpg\" alt=\"6-Tage-Rennen\" \/><div class=\"swiper-lazy-preloader\"><\/div><figcaption class=\"elementor-image-carousel-caption\">6-Tage-Rennen<\/figcaption><\/figure><\/a><\/div><div class=\"swiper-slide\" role=\"group\" aria-roledescription=\"slide\" aria-label=\"8 von 23\"><a data-elementor-open-lightbox=\"yes\" data-elementor-lightbox-slideshow=\"feadf57\" data-elementor-lightbox-title=\"Rickert\" data-elementor-lightbox-description=\"Maschinen und Rahmen des bekannten Fr\u00f6ndenberger Rahmenbauers\" data-e-action-hash=\"#elementor-action%3Aaction%3Dlightbox%26settings%3DeyJpZCI6MzA3LCJ1cmwiOiJodHRwczpcL1wvcmVubnJhZC1tdXNldW0uZGVcL3dwLWNvbnRlbnRcL3VwbG9hZHNcLzIwMjRcLzA1XC9pbWFnZS00OS5qcGciLCJzbGlkZXNob3ciOiJmZWFkZjU3In0%3D\" href=\"https:\/\/rennrad-museum.de\/wp-content\/uploads\/2024\/05\/image-49.jpg\"><figure class=\"swiper-slide-inner\"><img class=\"swiper-slide-image swiper-lazy\" data-src=\"https:\/\/rennrad-museum.de\/wp-content\/uploads\/2024\/05\/image-49.jpg\" alt=\"Rickert\" \/><div class=\"swiper-lazy-preloader\"><\/div><figcaption class=\"elementor-image-carousel-caption\">Rickert<\/figcaption><\/figure><\/a><\/div><div class=\"swiper-slide\" role=\"group\" aria-roledescription=\"slide\" aria-label=\"9 von 23\"><a data-elementor-open-lightbox=\"yes\" data-elementor-lightbox-slideshow=\"feadf57\" data-elementor-lightbox-title=\"Radsport in Fr\u00f6ndenberg\" data-elementor-lightbox-description=\"Rennmaschinen und Trikots erfolgreicher Fr\u00f6ndenberger Radsportler in Verbindung mit der Fahrradteilefirma UNION.\" data-e-action-hash=\"#elementor-action%3Aaction%3Dlightbox%26settings%3DeyJpZCI6MzA2LCJ1cmwiOiJodHRwczpcL1wvcmVubnJhZC1tdXNldW0uZGVcL3dwLWNvbnRlbnRcL3VwbG9hZHNcLzIwMjRcLzA1XC9pbWFnZS00OC5qcGciLCJzbGlkZXNob3ciOiJmZWFkZjU3In0%3D\" href=\"https:\/\/rennrad-museum.de\/wp-content\/uploads\/2024\/05\/image-48.jpg\"><figure class=\"swiper-slide-inner\"><img class=\"swiper-slide-image swiper-lazy\" data-src=\"https:\/\/rennrad-museum.de\/wp-content\/uploads\/2024\/05\/image-48.jpg\" alt=\"Rennradmuseum\" \/><div class=\"swiper-lazy-preloader\"><\/div><figcaption class=\"elementor-image-carousel-caption\">Radsport in Fr\u00f6ndenberg<\/figcaption><\/figure><\/a><\/div><div class=\"swiper-slide\" role=\"group\" aria-roledescription=\"slide\" aria-label=\"10 von 23\"><a data-elementor-open-lightbox=\"yes\" data-elementor-lightbox-slideshow=\"feadf57\" data-elementor-lightbox-title=\"Zabel\" data-elementor-lightbox-description=\"Ein Originalrad und Trikots des heimischen Radsport-Weltstars Erik Zabel. Dahinter der Medienraum mit Gro\u00dfbildschirm\" data-e-action-hash=\"#elementor-action%3Aaction%3Dlightbox%26settings%3DeyJpZCI6MzA1LCJ1cmwiOiJodHRwczpcL1wvcmVubnJhZC1tdXNldW0uZGVcL3dwLWNvbnRlbnRcL3VwbG9hZHNcLzIwMjRcLzA1XC9pbWFnZS00Ny5qcGciLCJzbGlkZXNob3ciOiJmZWFkZjU3In0%3D\" href=\"https:\/\/rennrad-museum.de\/wp-content\/uploads\/2024\/05\/image-47.jpg\"><figure class=\"swiper-slide-inner\"><img class=\"swiper-slide-image swiper-lazy\" data-src=\"https:\/\/rennrad-museum.de\/wp-content\/uploads\/2024\/05\/image-47.jpg\" alt=\"Rennradmuseum\" \/><div class=\"swiper-lazy-preloader\"><\/div><figcaption class=\"elementor-image-carousel-caption\">Zabel<\/figcaption><\/figure><\/a><\/div><div class=\"swiper-slide\" role=\"group\" aria-roledescription=\"slide\" aria-label=\"11 von 23\"><a data-elementor-open-lightbox=\"yes\" data-elementor-lightbox-slideshow=\"feadf57\" data-elementor-lightbox-title=\"Westfalenhalle Dortmund\" data-elementor-lightbox-description=\"Eine Original-6-Tage-Kabine aus der Dortmunder Westfalenhalle vor dem Nachbau einer Radrennbahn\" data-e-action-hash=\"#elementor-action%3Aaction%3Dlightbox%26settings%3DeyJpZCI6MzA0LCJ1cmwiOiJodHRwczpcL1wvcmVubnJhZC1tdXNldW0uZGVcL3dwLWNvbnRlbnRcL3VwbG9hZHNcLzIwMjRcLzA1XC9pbWFnZS00Ni5qcGciLCJzbGlkZXNob3ciOiJmZWFkZjU3In0%3D\" href=\"https:\/\/rennrad-museum.de\/wp-content\/uploads\/2024\/05\/image-46.jpg\"><figure class=\"swiper-slide-inner\"><img class=\"swiper-slide-image swiper-lazy\" data-src=\"https:\/\/rennrad-museum.de\/wp-content\/uploads\/2024\/05\/image-46.jpg\" alt=\"Rennradmuseum\" \/><div class=\"swiper-lazy-preloader\"><\/div><figcaption class=\"elementor-image-carousel-caption\">Westfalenhalle Dortmund<\/figcaption><\/figure><\/a><\/div><div class=\"swiper-slide\" role=\"group\" aria-roledescription=\"slide\" aria-label=\"12 von 23\"><a data-elementor-open-lightbox=\"yes\" data-elementor-lightbox-slideshow=\"feadf57\" data-elementor-lightbox-title=\"Bahnradsport\" data-elementor-lightbox-description=\"Historische und aktuelle Bahnr\u00e4der. \nDavor: Eine Derny-Maschine. \" data-e-action-hash=\"#elementor-action%3Aaction%3Dlightbox%26settings%3DeyJpZCI6MzAyLCJ1cmwiOiJodHRwczpcL1wvcmVubnJhZC1tdXNldW0uZGVcL3dwLWNvbnRlbnRcL3VwbG9hZHNcLzIwMjRcLzA1XC9pbWFnZS00NC5qcGciLCJzbGlkZXNob3ciOiJmZWFkZjU3In0%3D\" href=\"https:\/\/rennrad-museum.de\/wp-content\/uploads\/2024\/05\/image-44.jpg\"><figure class=\"swiper-slide-inner\"><img class=\"swiper-slide-image swiper-lazy\" data-src=\"https:\/\/rennrad-museum.de\/wp-content\/uploads\/2024\/05\/image-44.jpg\" alt=\"Bahnradsport\" \/><div class=\"swiper-lazy-preloader\"><\/div><figcaption class=\"elementor-image-carousel-caption\">Bahnradsport<\/figcaption><\/figure><\/a><\/div><div class=\"swiper-slide\" role=\"group\" aria-roledescription=\"slide\" aria-label=\"13 von 23\"><a data-elementor-open-lightbox=\"yes\" data-elementor-lightbox-slideshow=\"feadf57\" data-elementor-lightbox-title=\"Geschichtliche Entwicklung der Rennr\u00e4der\" data-elementor-lightbox-description=\"In 10-Jahres-Schritten seit 1900 wird die Rennradver\u00e4nderung dargestellt\" data-e-action-hash=\"#elementor-action%3Aaction%3Dlightbox%26settings%3DeyJpZCI6MzAxLCJ1cmwiOiJodHRwczpcL1wvcmVubnJhZC1tdXNldW0uZGVcL3dwLWNvbnRlbnRcL3VwbG9hZHNcLzIwMjRcLzA1XC9pbWFnZS00My5qcGciLCJzbGlkZXNob3ciOiJmZWFkZjU3In0%3D\" href=\"https:\/\/rennrad-museum.de\/wp-content\/uploads\/2024\/05\/image-43.jpg\"><figure class=\"swiper-slide-inner\"><img class=\"swiper-slide-image swiper-lazy\" data-src=\"https:\/\/rennrad-museum.de\/wp-content\/uploads\/2024\/05\/image-43.jpg\" alt=\"Geschichtliche Entwicklung der Rennr\u00e4der\" \/><div class=\"swiper-lazy-preloader\"><\/div><figcaption class=\"elementor-image-carousel-caption\">Geschichtliche Entwicklung der Rennr\u00e4der<\/figcaption><\/figure><\/a><\/div><div class=\"swiper-slide\" role=\"group\" aria-roledescription=\"slide\" aria-label=\"14 von 23\"><a data-elementor-open-lightbox=\"yes\" data-elementor-lightbox-slideshow=\"feadf57\" data-elementor-lightbox-title=\"6-Tage-Rennen in Dortmund\" data-elementor-lightbox-description=\"Eine Original 6-Tage-Kabine aus der Westfalenhalle Dortmund.\" data-e-action-hash=\"#elementor-action%3Aaction%3Dlightbox%26settings%3DeyJpZCI6MzAwLCJ1cmwiOiJodHRwczpcL1wvcmVubnJhZC1tdXNldW0uZGVcL3dwLWNvbnRlbnRcL3VwbG9hZHNcLzIwMjRcLzA1XC9pbWFnZS00Mi5qcGciLCJzbGlkZXNob3ciOiJmZWFkZjU3In0%3D\" href=\"https:\/\/rennrad-museum.de\/wp-content\/uploads\/2024\/05\/image-42.jpg\"><figure class=\"swiper-slide-inner\"><img class=\"swiper-slide-image swiper-lazy\" data-src=\"https:\/\/rennrad-museum.de\/wp-content\/uploads\/2024\/05\/image-42.jpg\" alt=\"Rennradmuseum 6-Tage-Rennen in Dortmund\" \/><div class=\"swiper-lazy-preloader\"><\/div><figcaption class=\"elementor-image-carousel-caption\">6-Tage-Rennen in Dortmund<\/figcaption><\/figure><\/a><\/div><div class=\"swiper-slide\" role=\"group\" aria-roledescription=\"slide\" aria-label=\"15 von 23\"><a data-elementor-open-lightbox=\"yes\" data-elementor-lightbox-slideshow=\"feadf57\" data-elementor-lightbox-title=\"Geschichte des Fahrrades\" data-elementor-lightbox-description=\"Von der Draisine \u00fcber das Hochrad zum Niederrad (Fahrrad)\" data-e-action-hash=\"#elementor-action%3Aaction%3Dlightbox%26settings%3DeyJpZCI6Mjk5LCJ1cmwiOiJodHRwczpcL1wvcmVubnJhZC1tdXNldW0uZGVcL3dwLWNvbnRlbnRcL3VwbG9hZHNcLzIwMjRcLzA1XC9pbWFnZS00MS5qcGciLCJzbGlkZXNob3ciOiJmZWFkZjU3In0%3D\" href=\"https:\/\/rennrad-museum.de\/wp-content\/uploads\/2024\/05\/image-41.jpg\"><figure class=\"swiper-slide-inner\"><img class=\"swiper-slide-image swiper-lazy\" data-src=\"https:\/\/rennrad-museum.de\/wp-content\/uploads\/2024\/05\/image-41.jpg\" alt=\"Rennradmuseum Geschichte des Fahrrades\" \/><div class=\"swiper-lazy-preloader\"><\/div><figcaption class=\"elementor-image-carousel-caption\">Geschichte des Fahrrades<\/figcaption><\/figure><\/a><\/div><div class=\"swiper-slide\" role=\"group\" aria-roledescription=\"slide\" aria-label=\"16 von 23\"><a data-elementor-open-lightbox=\"yes\" data-elementor-lightbox-slideshow=\"feadf57\" data-elementor-lightbox-title=\"Wechselnde Dekorationen\" data-elementor-lightbox-description=\"Im Schaufenster werden abwechselnd R\u00e4der pr\u00e4sentiert\" data-e-action-hash=\"#elementor-action%3Aaction%3Dlightbox%26settings%3DeyJpZCI6Mjk4LCJ1cmwiOiJodHRwczpcL1wvcmVubnJhZC1tdXNldW0uZGVcL3dwLWNvbnRlbnRcL3VwbG9hZHNcLzIwMjRcLzA1XC8wOUEwMzY4LmpwZyIsInNsaWRlc2hvdyI6ImZlYWRmNTcifQ%3D%3D\" href=\"https:\/\/rennrad-museum.de\/wp-content\/uploads\/2024\/05\/09A0368.jpg\"><figure class=\"swiper-slide-inner\"><img class=\"swiper-slide-image swiper-lazy\" data-src=\"https:\/\/rennrad-museum.de\/wp-content\/uploads\/2024\/05\/09A0368.jpg\" alt=\"Rennradmuseum Wechselnde Dekorationen\" \/><div class=\"swiper-lazy-preloader\"><\/div><figcaption class=\"elementor-image-carousel-caption\">Wechselnde Dekorationen<\/figcaption><\/figure><\/a><\/div><div class=\"swiper-slide\" role=\"group\" aria-roledescription=\"slide\" aria-label=\"17 von 23\"><a data-elementor-open-lightbox=\"yes\" data-elementor-lightbox-slideshow=\"feadf57\" data-elementor-lightbox-title=\"Detailausschnitt\" data-elementor-lightbox-description=\"Zweitzahnkranz f\u00fcr Hinterraddrehung aus der Anfangszeit der Radrennen\" data-e-action-hash=\"#elementor-action%3Aaction%3Dlightbox%26settings%3DeyJpZCI6Mjk1LCJ1cmwiOiJodHRwczpcL1wvcmVubnJhZC1tdXNldW0uZGVcL3dwLWNvbnRlbnRcL3VwbG9hZHNcLzIwMjRcLzA1XC8wOUEwMzUzLmpwZyIsInNsaWRlc2hvdyI6ImZlYWRmNTcifQ%3D%3D\" href=\"https:\/\/rennrad-museum.de\/wp-content\/uploads\/2024\/05\/09A0353.jpg\"><figure class=\"swiper-slide-inner\"><img class=\"swiper-slide-image swiper-lazy\" data-src=\"https:\/\/rennrad-museum.de\/wp-content\/uploads\/2024\/05\/09A0353.jpg\" alt=\"Rennradmuseum\" \/><div class=\"swiper-lazy-preloader\"><\/div><figcaption class=\"elementor-image-carousel-caption\">Detailausschnitt<\/figcaption><\/figure><\/a><\/div><div class=\"swiper-slide\" role=\"group\" aria-roledescription=\"slide\" aria-label=\"18 von 23\"><a data-elementor-open-lightbox=\"yes\" data-elementor-lightbox-slideshow=\"feadf57\" data-elementor-lightbox-title=\"Rennrad Exoten\" data-elementor-lightbox-description=\"Bianchi Zeitfahrrad mit kleinem Vorderrad\n(mittlerweile nicht mehr im Rennen erlaubt)\n\" data-e-action-hash=\"#elementor-action%3Aaction%3Dlightbox%26settings%3DeyJpZCI6Mjk0LCJ1cmwiOiJodHRwczpcL1wvcmVubnJhZC1tdXNldW0uZGVcL3dwLWNvbnRlbnRcL3VwbG9hZHNcLzIwMjRcLzA1XC8wOUEwMzQ2LmpwZyIsInNsaWRlc2hvdyI6ImZlYWRmNTcifQ%3D%3D\" href=\"https:\/\/rennrad-museum.de\/wp-content\/uploads\/2024\/05\/09A0346.jpg\"><figure class=\"swiper-slide-inner\"><img class=\"swiper-slide-image swiper-lazy\" data-src=\"https:\/\/rennrad-museum.de\/wp-content\/uploads\/2024\/05\/09A0346.jpg\" alt=\"Rennradmuseum - Rennrad Exoten\" \/><div class=\"swiper-lazy-preloader\"><\/div><figcaption class=\"elementor-image-carousel-caption\">Rennrad Exoten<\/figcaption><\/figure><\/a><\/div><div class=\"swiper-slide\" role=\"group\" aria-roledescription=\"slide\" aria-label=\"19 von 23\"><a data-elementor-open-lightbox=\"yes\" data-elementor-lightbox-slideshow=\"feadf57\" data-elementor-lightbox-title=\"Historische Lenkerparade\" data-elementor-lightbox-description=\"Detail-Ver\u00e4nderungen im Zubeh\u00f6r\" data-e-action-hash=\"#elementor-action%3Aaction%3Dlightbox%26settings%3DeyJpZCI6Mjg5LCJ1cmwiOiJodHRwczpcL1wvcmVubnJhZC1tdXNldW0uZGVcL3dwLWNvbnRlbnRcL3VwbG9hZHNcLzIwMjRcLzA1XC8wOUEwMzIxLmpwZyIsInNsaWRlc2hvdyI6ImZlYWRmNTcifQ%3D%3D\" href=\"https:\/\/rennrad-museum.de\/wp-content\/uploads\/2024\/05\/09A0321.jpg\"><figure class=\"swiper-slide-inner\"><img class=\"swiper-slide-image swiper-lazy\" data-src=\"https:\/\/rennrad-museum.de\/wp-content\/uploads\/2024\/05\/09A0321.jpg\" alt=\"Rennradmuseum\" \/><div class=\"swiper-lazy-preloader\"><\/div><figcaption class=\"elementor-image-carousel-caption\">Historische Lenkerparade<\/figcaption><\/figure><\/a><\/div><div class=\"swiper-slide\" role=\"group\" aria-roledescription=\"slide\" aria-label=\"20 von 23\"><a data-elementor-open-lightbox=\"yes\" data-elementor-lightbox-slideshow=\"feadf57\" data-elementor-lightbox-title=\"Steher-Sport\" data-elementor-lightbox-description=\"Ein Steher-Rad mit gro\u00dfem Kettenblatt f\u00fcr hohe Geschwindigkeiten\" data-e-action-hash=\"#elementor-action%3Aaction%3Dlightbox%26settings%3DeyJpZCI6Mjg4LCJ1cmwiOiJodHRwczpcL1wvcmVubnJhZC1tdXNldW0uZGVcL3dwLWNvbnRlbnRcL3VwbG9hZHNcLzIwMjRcLzA1XC8wOUEwMzA3LmpwZyIsInNsaWRlc2hvdyI6ImZlYWRmNTcifQ%3D%3D\" href=\"https:\/\/rennrad-museum.de\/wp-content\/uploads\/2024\/05\/09A0307.jpg\"><figure class=\"swiper-slide-inner\"><img class=\"swiper-slide-image swiper-lazy\" data-src=\"https:\/\/rennrad-museum.de\/wp-content\/uploads\/2024\/05\/09A0307.jpg\" alt=\"Rennradmuseum Steher-Sport\" \/><div class=\"swiper-lazy-preloader\"><\/div><figcaption class=\"elementor-image-carousel-caption\">Steher-Sport<\/figcaption><\/figure><\/a><\/div><div class=\"swiper-slide\" role=\"group\" aria-roledescription=\"slide\" aria-label=\"21 von 23\"><a data-elementor-open-lightbox=\"yes\" data-elementor-lightbox-slideshow=\"feadf57\" data-elementor-lightbox-title=\"Steher-Sport\" data-elementor-lightbox-description=\"Ein Steher-Rad mit verst\u00e4rktem Vorbau und einem Steher-Helm\" data-e-action-hash=\"#elementor-action%3Aaction%3Dlightbox%26settings%3DeyJpZCI6Mjg3LCJ1cmwiOiJodHRwczpcL1wvcmVubnJhZC1tdXNldW0uZGVcL3dwLWNvbnRlbnRcL3VwbG9hZHNcLzIwMjRcLzA1XC8wOUEwMzA0LmpwZyIsInNsaWRlc2hvdyI6ImZlYWRmNTcifQ%3D%3D\" href=\"https:\/\/rennrad-museum.de\/wp-content\/uploads\/2024\/05\/09A0304.jpg\"><figure class=\"swiper-slide-inner\"><img class=\"swiper-slide-image swiper-lazy\" data-src=\"https:\/\/rennrad-museum.de\/wp-content\/uploads\/2024\/05\/09A0304.jpg\" alt=\"Rennradmuseum Steher-Sport\" \/><div class=\"swiper-lazy-preloader\"><\/div><figcaption class=\"elementor-image-carousel-caption\">Steher-Sport<\/figcaption><\/figure><\/a><\/div><div class=\"swiper-slide\" role=\"group\" aria-roledescription=\"slide\" aria-label=\"22 von 23\"><a data-elementor-open-lightbox=\"yes\" data-elementor-lightbox-slideshow=\"feadf57\" data-elementor-lightbox-title=\"Historisches Stra\u00dfenrad\" data-elementor-lightbox-description=\"Aus den 1940er Jahren mit Schaltung\" data-e-action-hash=\"#elementor-action%3Aaction%3Dlightbox%26settings%3DeyJpZCI6Mjg1LCJ1cmwiOiJodHRwczpcL1wvcmVubnJhZC1tdXNldW0uZGVcL3dwLWNvbnRlbnRcL3VwbG9hZHNcLzIwMjRcLzA1XC8wOUEwMjg3LmpwZyIsInNsaWRlc2hvdyI6ImZlYWRmNTcifQ%3D%3D\" href=\"https:\/\/rennrad-museum.de\/wp-content\/uploads\/2024\/05\/09A0287.jpg\"><figure class=\"swiper-slide-inner\"><img class=\"swiper-slide-image swiper-lazy\" data-src=\"https:\/\/rennrad-museum.de\/wp-content\/uploads\/2024\/05\/09A0287.jpg\" alt=\"Rennradmuseum Historisches Stra\u00dfenrad\" \/><div class=\"swiper-lazy-preloader\"><\/div><figcaption class=\"elementor-image-carousel-caption\">Historisches Stra\u00dfenrad<\/figcaption><\/figure><\/a><\/div><div class=\"swiper-slide\" role=\"group\" aria-roledescription=\"slide\" aria-label=\"23 von 23\"><a data-elementor-open-lightbox=\"yes\" data-elementor-lightbox-slideshow=\"feadf57\" data-elementor-lightbox-title=\"Fahrrad von 1899\" data-elementor-lightbox-description=\"Mit Kette, Bremsen und der Diamant-Rahmenform\" data-e-action-hash=\"#elementor-action%3Aaction%3Dlightbox%26settings%3DeyJpZCI6MjgzLCJ1cmwiOiJodHRwczpcL1wvcmVubnJhZC1tdXNldW0uZGVcL3dwLWNvbnRlbnRcL3VwbG9hZHNcLzIwMjRcLzA1XC8wOUEwMjgzLmpwZyIsInNsaWRlc2hvdyI6ImZlYWRmNTcifQ%3D%3D\" href=\"https:\/\/rennrad-museum.de\/wp-content\/uploads\/2024\/05\/09A0283.jpg\"><figure class=\"swiper-slide-inner\"><img class=\"swiper-slide-image swiper-lazy\" data-src=\"https:\/\/rennrad-museum.de\/wp-content\/uploads\/2024\/05\/09A0283.jpg\" alt=\"Rennradmuseum Fahrrad von 1899\" \/><div class=\"swiper-lazy-preloader\"><\/div><figcaption class=\"elementor-image-carousel-caption\">Fahrrad von 1899<\/figcaption><\/figure><\/a><\/div>\t\t\t<\/div>\n\t\t\t\t\t\t\t\t\t\t\t\t<div class=\"elementor-swiper-button elementor-swiper-button-prev\" role=\"button\" tabindex=\"0\">\n\t\t\t\t\t\t<svg aria-hidden=\"true\" class=\"e-font-icon-svg e-eicon-chevron-left\" viewBox=\"0 0 1000 1000\" xmlns=\"http:\/\/www.w3.org\/2000\/svg\"><path d=\"M646 125C629 125 613 133 604 142L308 442C296 454 292 471 292 487 292 504 296 521 308 533L604 854C617 867 629 875 646 875 663 875 679 871 692 858 704 846 713 829 713 812 713 796 708 779 692 767L438 487 692 225C700 217 708 204 708 187 708 171 704 154 692 142 675 129 663 125 646 125Z\"><\/path><\/svg>\t\t\t\t\t<\/div>\n\t\t\t\t\t<div class=\"elementor-swiper-button elementor-swiper-button-next\" role=\"button\" tabindex=\"0\">\n\t\t\t\t\t\t<svg aria-hidden=\"true\" class=\"e-font-icon-svg e-eicon-chevron-right\" viewBox=\"0 0 1000 1000\" xmlns=\"http:\/\/www.w3.org\/2000\/svg\"><path d=\"M696 533C708 521 713 504 713 487 713 471 708 454 696 446L400 146C388 133 375 125 354 125 338 125 325 129 313 142 300 154 292 171 292 187 292 204 296 221 308 233L563 492 304 771C292 783 288 800 288 817 288 833 296 850 308 863 321 871 338 875 354 875 371 875 388 867 400 854L696 533Z\"><\/path><\/svg>\t\t\t\t\t<\/div>\n\t\t\t\t\n\t\t\t\t\t\t\t\t\t<\/div>\n\t\t\t\t\t\t<\/div>\n\t\t\t\t<\/div>\n\t\t\t\t<\/div>\n\t\t<div class=\"elementor-element elementor-element-84166bd e-con-full e-flex wpr-particle-no wpr-jarallax-no wpr-parallax-no wpr-sticky-section-no wpr-equal-height-no e-con e-child\" data-id=\"84166bd\" data-element_type=\"container\" data-e-type=\"container\">\n\t\t\t\t<div class=\"elementor-element elementor-element-75c60ec elementor-hidden-desktop elementor-hidden-tablet_extra elementor-hidden-tablet elementor-hidden-mobile elementor-arrows-position-inside elementor-widget elementor-widget-image-carousel\" data-id=\"75c60ec\" data-element_type=\"widget\" data-e-type=\"widget\" data-settings=\"{&quot;slides_to_show&quot;:&quot;4&quot;,&quot;navigation&quot;:&quot;arrows&quot;,&quot;lazyload&quot;:&quot;yes&quot;,&quot;image_spacing_custom_laptop&quot;:{&quot;unit&quot;:&quot;px&quot;,&quot;size&quot;:5,&quot;sizes&quot;:[]},&quot;autoplay&quot;:&quot;yes&quot;,&quot;pause_on_hover&quot;:&quot;yes&quot;,&quot;pause_on_interaction&quot;:&quot;yes&quot;,&quot;autoplay_speed&quot;:5000,&quot;infinite&quot;:&quot;yes&quot;,&quot;speed&quot;:500,&quot;image_spacing_custom&quot;:{&quot;unit&quot;:&quot;px&quot;,&quot;size&quot;:20,&quot;sizes&quot;:[]},&quot;image_spacing_custom_tablet_extra&quot;:{&quot;unit&quot;:&quot;px&quot;,&quot;size&quot;:&quot;&quot;,&quot;sizes&quot;:[]},&quot;image_spacing_custom_tablet&quot;:{&quot;unit&quot;:&quot;px&quot;,&quot;size&quot;:&quot;&quot;,&quot;sizes&quot;:[]},&quot;image_spacing_custom_mobile&quot;:{&quot;unit&quot;:&quot;px&quot;,&quot;size&quot;:&quot;&quot;,&quot;sizes&quot;:[]}}\" data-widget_type=\"image-carousel.default\">\n\t\t\t\t<div class=\"elementor-widget-container\">\n\t\t\t\t\t\t\t<div class=\"elementor-image-carousel-wrapper swiper\" role=\"region\" aria-roledescription=\"carousel\" aria-label=\"Bild Karussell\" dir=\"ltr\">\n\t\t\t<div class=\"elementor-image-carousel swiper-wrapper\" aria-live=\"off\">\n\t\t\t\t\t\t\t\t<div class=\"swiper-slide\" role=\"group\" aria-roledescription=\"slide\" aria-label=\"1 von 23\"><a data-elementor-open-lightbox=\"yes\" data-elementor-lightbox-slideshow=\"75c60ec\" data-elementor-lightbox-title=\"Steher- Sport\" data-elementor-lightbox-description=\"ennfertige Steher-Maschine mit kleinerem Vorderrad und umgekehrter Gabel.\" data-e-action-hash=\"#elementor-action%3Aaction%3Dlightbox%26settings%3DeyJpZCI6Mjg2LCJ1cmwiOiJodHRwczpcL1wvcmVubnJhZC1tdXNldW0uZGVcL3dwLWNvbnRlbnRcL3VwbG9hZHNcLzIwMjRcLzA1XC8wOUEwMzAzLmpwZyIsInNsaWRlc2hvdyI6Ijc1YzYwZWMifQ%3D%3D\" href=\"https:\/\/rennrad-museum.de\/wp-content\/uploads\/2024\/05\/09A0303.jpg\"><figure class=\"swiper-slide-inner\"><img class=\"swiper-slide-image swiper-lazy\" data-src=\"https:\/\/rennrad-museum.de\/wp-content\/uploads\/2024\/05\/09A0303.jpg\" alt=\"Rennradmuseum\" \/><div class=\"swiper-lazy-preloader\"><\/div><figcaption class=\"elementor-image-carousel-caption\">Steher- Sport<\/figcaption><\/figure><\/a><\/div><div class=\"swiper-slide\" role=\"group\" aria-roledescription=\"slide\" aria-label=\"2 von 23\"><a data-elementor-open-lightbox=\"yes\" data-elementor-lightbox-slideshow=\"75c60ec\" data-elementor-lightbox-title=\"Fr\u00fches Rennrad\" data-elementor-lightbox-description=\"Nur der Rennlenker l\u00e4sst den Einsatz erkennen.\" data-e-action-hash=\"#elementor-action%3Aaction%3Dlightbox%26settings%3DeyJpZCI6Mjg0LCJ1cmwiOiJodHRwczpcL1wvcmVubnJhZC1tdXNldW0uZGVcL3dwLWNvbnRlbnRcL3VwbG9hZHNcLzIwMjRcLzA1XC8wOUEwMjg1LmpwZyIsInNsaWRlc2hvdyI6Ijc1YzYwZWMifQ%3D%3D\" href=\"https:\/\/rennrad-museum.de\/wp-content\/uploads\/2024\/05\/09A0285.jpg\"><figure class=\"swiper-slide-inner\"><img class=\"swiper-slide-image swiper-lazy\" data-src=\"https:\/\/rennrad-museum.de\/wp-content\/uploads\/2024\/05\/09A0285.jpg\" alt=\"Rennradmuseum\" \/><div class=\"swiper-lazy-preloader\"><\/div><figcaption class=\"elementor-image-carousel-caption\">Fr\u00fches Rennrad<\/figcaption><\/figure><\/a><\/div><div class=\"swiper-slide\" role=\"group\" aria-roledescription=\"slide\" aria-label=\"3 von 23\"><a data-elementor-open-lightbox=\"yes\" data-elementor-lightbox-slideshow=\"75c60ec\" data-elementor-lightbox-title=\"Detailansichten\" data-elementor-lightbox-description=\"Mehrere Zahnkr\u00e4nze, aber ohne Schaltung\" data-e-action-hash=\"#elementor-action%3Aaction%3Dlightbox%26settings%3DeyJpZCI6Mjk2LCJ1cmwiOiJodHRwczpcL1wvcmVubnJhZC1tdXNldW0uZGVcL3dwLWNvbnRlbnRcL3VwbG9hZHNcLzIwMjRcLzA1XC8wOUEwMzU0LmpwZyIsInNsaWRlc2hvdyI6Ijc1YzYwZWMifQ%3D%3D\" href=\"https:\/\/rennrad-museum.de\/wp-content\/uploads\/2024\/05\/09A0354.jpg\"><figure class=\"swiper-slide-inner\"><img class=\"swiper-slide-image swiper-lazy\" data-src=\"https:\/\/rennrad-museum.de\/wp-content\/uploads\/2024\/05\/09A0354.jpg\" alt=\"Rennradmuseum\" \/><div class=\"swiper-lazy-preloader\"><\/div><figcaption class=\"elementor-image-carousel-caption\">Detailansichten<\/figcaption><\/figure><\/a><\/div><div class=\"swiper-slide\" role=\"group\" aria-roledescription=\"slide\" aria-label=\"4 von 23\"><a data-elementor-open-lightbox=\"yes\" data-elementor-lightbox-slideshow=\"75c60ec\" data-elementor-lightbox-title=\"Derny-Maschine\" data-elementor-lightbox-description=\"Eine Derny-Schrittmachermaschine zum Mittreten f\u00fcr lange Stra\u00dfenrennen.\" data-e-action-hash=\"#elementor-action%3Aaction%3Dlightbox%26settings%3DeyJpZCI6MjkzLCJ1cmwiOiJodHRwczpcL1wvcmVubnJhZC1tdXNldW0uZGVcL3dwLWNvbnRlbnRcL3VwbG9hZHNcLzIwMjRcLzA1XC8wOUEwMzQ0LmpwZyIsInNsaWRlc2hvdyI6Ijc1YzYwZWMifQ%3D%3D\" href=\"https:\/\/rennrad-museum.de\/wp-content\/uploads\/2024\/05\/09A0344.jpg\"><figure class=\"swiper-slide-inner\"><img class=\"swiper-slide-image swiper-lazy\" data-src=\"https:\/\/rennrad-museum.de\/wp-content\/uploads\/2024\/05\/09A0344.jpg\" alt=\"Rennradmuseum\" \/><div class=\"swiper-lazy-preloader\"><\/div><figcaption class=\"elementor-image-carousel-caption\">Derny-Maschine<\/figcaption><\/figure><\/a><\/div><div class=\"swiper-slide\" role=\"group\" aria-roledescription=\"slide\" aria-label=\"5 von 23\"><a data-elementor-open-lightbox=\"yes\" data-elementor-lightbox-slideshow=\"75c60ec\" data-elementor-lightbox-title=\"Bahnradsport\" data-elementor-lightbox-description=\"Kaum Ver\u00e4nderungen in der Historie der Bahnmaschinen\" data-e-action-hash=\"#elementor-action%3Aaction%3Dlightbox%26settings%3DeyJpZCI6MjkxLCJ1cmwiOiJodHRwczpcL1wvcmVubnJhZC1tdXNldW0uZGVcL3dwLWNvbnRlbnRcL3VwbG9hZHNcLzIwMjRcLzA1XC8wOUEwMzMwLmpwZyIsInNsaWRlc2hvdyI6Ijc1YzYwZWMifQ%3D%3D\" href=\"https:\/\/rennrad-museum.de\/wp-content\/uploads\/2024\/05\/09A0330.jpg\"><figure class=\"swiper-slide-inner\"><img class=\"swiper-slide-image swiper-lazy\" data-src=\"https:\/\/rennrad-museum.de\/wp-content\/uploads\/2024\/05\/09A0330.jpg\" alt=\"Bahnradsport\" \/><div class=\"swiper-lazy-preloader\"><\/div><figcaption class=\"elementor-image-carousel-caption\">Bahnradsport<\/figcaption><\/figure><\/a><\/div><div class=\"swiper-slide\" role=\"group\" aria-roledescription=\"slide\" aria-label=\"6 von 23\"><a data-elementor-open-lightbox=\"yes\" data-elementor-lightbox-slideshow=\"75c60ec\" data-elementor-lightbox-title=\"Trikotparade\" data-elementor-lightbox-description=\"Mehrere Original-Weltmeistertrikots und bekannte Profi- und Nationaltrikots\" data-e-action-hash=\"#elementor-action%3Aaction%3Dlightbox%26settings%3DeyJpZCI6MzAzLCJ1cmwiOiJodHRwczpcL1wvcmVubnJhZC1tdXNldW0uZGVcL3dwLWNvbnRlbnRcL3VwbG9hZHNcLzIwMjRcLzA1XC9pbWFnZS00NS5qcGciLCJzbGlkZXNob3ciOiI3NWM2MGVjIn0%3D\" href=\"https:\/\/rennrad-museum.de\/wp-content\/uploads\/2024\/05\/image-45.jpg\"><figure class=\"swiper-slide-inner\"><img class=\"swiper-slide-image swiper-lazy\" data-src=\"https:\/\/rennrad-museum.de\/wp-content\/uploads\/2024\/05\/image-45.jpg\" alt=\"Rennradtrikots\" \/><div class=\"swiper-lazy-preloader\"><\/div><figcaption class=\"elementor-image-carousel-caption\">Trikotparade<\/figcaption><\/figure><\/a><\/div><div class=\"swiper-slide\" role=\"group\" aria-roledescription=\"slide\" aria-label=\"7 von 23\"><a data-elementor-open-lightbox=\"yes\" data-elementor-lightbox-slideshow=\"75c60ec\" data-elementor-lightbox-title=\"6-Tage-Rennen\" data-elementor-lightbox-description=\"Die F\u00fchrungstrikots in der Originalkabine aus der Dortmunder Westfalenhalle\" data-e-action-hash=\"#elementor-action%3Aaction%3Dlightbox%26settings%3DeyJpZCI6MjkyLCJ1cmwiOiJodHRwczpcL1wvcmVubnJhZC1tdXNldW0uZGVcL3dwLWNvbnRlbnRcL3VwbG9hZHNcLzIwMjRcLzA1XC8wOUEwMzM5LmpwZyIsInNsaWRlc2hvdyI6Ijc1YzYwZWMifQ%3D%3D\" href=\"https:\/\/rennrad-museum.de\/wp-content\/uploads\/2024\/05\/09A0339.jpg\"><figure class=\"swiper-slide-inner\"><img class=\"swiper-slide-image swiper-lazy\" data-src=\"https:\/\/rennrad-museum.de\/wp-content\/uploads\/2024\/05\/09A0339.jpg\" alt=\"6-Tage-Rennen\" \/><div class=\"swiper-lazy-preloader\"><\/div><figcaption class=\"elementor-image-carousel-caption\">6-Tage-Rennen<\/figcaption><\/figure><\/a><\/div><div class=\"swiper-slide\" role=\"group\" aria-roledescription=\"slide\" aria-label=\"8 von 23\"><a data-elementor-open-lightbox=\"yes\" data-elementor-lightbox-slideshow=\"75c60ec\" data-elementor-lightbox-title=\"Rickert\" data-elementor-lightbox-description=\"Maschinen und Rahmen des bekannten Fr\u00f6ndenberger Rahmenbauers\" data-e-action-hash=\"#elementor-action%3Aaction%3Dlightbox%26settings%3DeyJpZCI6MzA3LCJ1cmwiOiJodHRwczpcL1wvcmVubnJhZC1tdXNldW0uZGVcL3dwLWNvbnRlbnRcL3VwbG9hZHNcLzIwMjRcLzA1XC9pbWFnZS00OS5qcGciLCJzbGlkZXNob3ciOiI3NWM2MGVjIn0%3D\" href=\"https:\/\/rennrad-museum.de\/wp-content\/uploads\/2024\/05\/image-49.jpg\"><figure class=\"swiper-slide-inner\"><img class=\"swiper-slide-image swiper-lazy\" data-src=\"https:\/\/rennrad-museum.de\/wp-content\/uploads\/2024\/05\/image-49.jpg\" alt=\"Rickert\" \/><div class=\"swiper-lazy-preloader\"><\/div><figcaption class=\"elementor-image-carousel-caption\">Rickert<\/figcaption><\/figure><\/a><\/div><div class=\"swiper-slide\" role=\"group\" aria-roledescription=\"slide\" aria-label=\"9 von 23\"><a data-elementor-open-lightbox=\"yes\" data-elementor-lightbox-slideshow=\"75c60ec\" data-elementor-lightbox-title=\"Radsport in Fr\u00f6ndenberg\" data-elementor-lightbox-description=\"Rennmaschinen und Trikots erfolgreicher Fr\u00f6ndenberger Radsportler in Verbindung mit der Fahrradteilefirma UNION.\" data-e-action-hash=\"#elementor-action%3Aaction%3Dlightbox%26settings%3DeyJpZCI6MzA2LCJ1cmwiOiJodHRwczpcL1wvcmVubnJhZC1tdXNldW0uZGVcL3dwLWNvbnRlbnRcL3VwbG9hZHNcLzIwMjRcLzA1XC9pbWFnZS00OC5qcGciLCJzbGlkZXNob3ciOiI3NWM2MGVjIn0%3D\" href=\"https:\/\/rennrad-museum.de\/wp-content\/uploads\/2024\/05\/image-48.jpg\"><figure class=\"swiper-slide-inner\"><img class=\"swiper-slide-image swiper-lazy\" data-src=\"https:\/\/rennrad-museum.de\/wp-content\/uploads\/2024\/05\/image-48.jpg\" alt=\"Rennradmuseum\" \/><div class=\"swiper-lazy-preloader\"><\/div><figcaption class=\"elementor-image-carousel-caption\">Radsport in Fr\u00f6ndenberg<\/figcaption><\/figure><\/a><\/div><div class=\"swiper-slide\" role=\"group\" aria-roledescription=\"slide\" aria-label=\"10 von 23\"><a data-elementor-open-lightbox=\"yes\" data-elementor-lightbox-slideshow=\"75c60ec\" data-elementor-lightbox-title=\"Zabel\" data-elementor-lightbox-description=\"Ein Originalrad und Trikots des heimischen Radsport-Weltstars Erik Zabel. Dahinter der Medienraum mit Gro\u00dfbildschirm\" data-e-action-hash=\"#elementor-action%3Aaction%3Dlightbox%26settings%3DeyJpZCI6MzA1LCJ1cmwiOiJodHRwczpcL1wvcmVubnJhZC1tdXNldW0uZGVcL3dwLWNvbnRlbnRcL3VwbG9hZHNcLzIwMjRcLzA1XC9pbWFnZS00Ny5qcGciLCJzbGlkZXNob3ciOiI3NWM2MGVjIn0%3D\" href=\"https:\/\/rennrad-museum.de\/wp-content\/uploads\/2024\/05\/image-47.jpg\"><figure class=\"swiper-slide-inner\"><img class=\"swiper-slide-image swiper-lazy\" data-src=\"https:\/\/rennrad-museum.de\/wp-content\/uploads\/2024\/05\/image-47.jpg\" alt=\"Rennradmuseum\" \/><div class=\"swiper-lazy-preloader\"><\/div><figcaption class=\"elementor-image-carousel-caption\">Zabel<\/figcaption><\/figure><\/a><\/div><div class=\"swiper-slide\" role=\"group\" aria-roledescription=\"slide\" aria-label=\"11 von 23\"><a data-elementor-open-lightbox=\"yes\" data-elementor-lightbox-slideshow=\"75c60ec\" data-elementor-lightbox-title=\"Westfalenhalle Dortmund\" data-elementor-lightbox-description=\"Eine Original-6-Tage-Kabine aus der Dortmunder Westfalenhalle vor dem Nachbau einer Radrennbahn\" data-e-action-hash=\"#elementor-action%3Aaction%3Dlightbox%26settings%3DeyJpZCI6MzA0LCJ1cmwiOiJodHRwczpcL1wvcmVubnJhZC1tdXNldW0uZGVcL3dwLWNvbnRlbnRcL3VwbG9hZHNcLzIwMjRcLzA1XC9pbWFnZS00Ni5qcGciLCJzbGlkZXNob3ciOiI3NWM2MGVjIn0%3D\" href=\"https:\/\/rennrad-museum.de\/wp-content\/uploads\/2024\/05\/image-46.jpg\"><figure class=\"swiper-slide-inner\"><img class=\"swiper-slide-image swiper-lazy\" data-src=\"https:\/\/rennrad-museum.de\/wp-content\/uploads\/2024\/05\/image-46.jpg\" alt=\"Rennradmuseum\" \/><div class=\"swiper-lazy-preloader\"><\/div><figcaption class=\"elementor-image-carousel-caption\">Westfalenhalle Dortmund<\/figcaption><\/figure><\/a><\/div><div class=\"swiper-slide\" role=\"group\" aria-roledescription=\"slide\" aria-label=\"12 von 23\"><a data-elementor-open-lightbox=\"yes\" data-elementor-lightbox-slideshow=\"75c60ec\" data-elementor-lightbox-title=\"Bahnradsport\" data-elementor-lightbox-description=\"Historische und aktuelle Bahnr\u00e4der. \nDavor: Eine Derny-Maschine. \" data-e-action-hash=\"#elementor-action%3Aaction%3Dlightbox%26settings%3DeyJpZCI6MzAyLCJ1cmwiOiJodHRwczpcL1wvcmVubnJhZC1tdXNldW0uZGVcL3dwLWNvbnRlbnRcL3VwbG9hZHNcLzIwMjRcLzA1XC9pbWFnZS00NC5qcGciLCJzbGlkZXNob3ciOiI3NWM2MGVjIn0%3D\" href=\"https:\/\/rennrad-museum.de\/wp-content\/uploads\/2024\/05\/image-44.jpg\"><figure class=\"swiper-slide-inner\"><img class=\"swiper-slide-image swiper-lazy\" data-src=\"https:\/\/rennrad-museum.de\/wp-content\/uploads\/2024\/05\/image-44.jpg\" alt=\"Bahnradsport\" \/><div class=\"swiper-lazy-preloader\"><\/div><figcaption class=\"elementor-image-carousel-caption\">Bahnradsport<\/figcaption><\/figure><\/a><\/div><div class=\"swiper-slide\" role=\"group\" aria-roledescription=\"slide\" aria-label=\"13 von 23\"><a data-elementor-open-lightbox=\"yes\" data-elementor-lightbox-slideshow=\"75c60ec\" data-elementor-lightbox-title=\"Geschichtliche Entwicklung der Rennr\u00e4der\" data-elementor-lightbox-description=\"In 10-Jahres-Schritten seit 1900 wird die Rennradver\u00e4nderung dargestellt\" data-e-action-hash=\"#elementor-action%3Aaction%3Dlightbox%26settings%3DeyJpZCI6MzAxLCJ1cmwiOiJodHRwczpcL1wvcmVubnJhZC1tdXNldW0uZGVcL3dwLWNvbnRlbnRcL3VwbG9hZHNcLzIwMjRcLzA1XC9pbWFnZS00My5qcGciLCJzbGlkZXNob3ciOiI3NWM2MGVjIn0%3D\" href=\"https:\/\/rennrad-museum.de\/wp-content\/uploads\/2024\/05\/image-43.jpg\"><figure class=\"swiper-slide-inner\"><img class=\"swiper-slide-image swiper-lazy\" data-src=\"https:\/\/rennrad-museum.de\/wp-content\/uploads\/2024\/05\/image-43.jpg\" alt=\"Geschichtliche Entwicklung der Rennr\u00e4der\" \/><div class=\"swiper-lazy-preloader\"><\/div><figcaption class=\"elementor-image-carousel-caption\">Geschichtliche Entwicklung der Rennr\u00e4der<\/figcaption><\/figure><\/a><\/div><div class=\"swiper-slide\" role=\"group\" aria-roledescription=\"slide\" aria-label=\"14 von 23\"><a data-elementor-open-lightbox=\"yes\" data-elementor-lightbox-slideshow=\"75c60ec\" data-elementor-lightbox-title=\"6-Tage-Rennen in Dortmund\" data-elementor-lightbox-description=\"Eine Original 6-Tage-Kabine aus der Westfalenhalle Dortmund.\" data-e-action-hash=\"#elementor-action%3Aaction%3Dlightbox%26settings%3DeyJpZCI6MzAwLCJ1cmwiOiJodHRwczpcL1wvcmVubnJhZC1tdXNldW0uZGVcL3dwLWNvbnRlbnRcL3VwbG9hZHNcLzIwMjRcLzA1XC9pbWFnZS00Mi5qcGciLCJzbGlkZXNob3ciOiI3NWM2MGVjIn0%3D\" href=\"https:\/\/rennrad-museum.de\/wp-content\/uploads\/2024\/05\/image-42.jpg\"><figure class=\"swiper-slide-inner\"><img class=\"swiper-slide-image swiper-lazy\" data-src=\"https:\/\/rennrad-museum.de\/wp-content\/uploads\/2024\/05\/image-42.jpg\" alt=\"Rennradmuseum 6-Tage-Rennen in Dortmund\" \/><div class=\"swiper-lazy-preloader\"><\/div><figcaption class=\"elementor-image-carousel-caption\">6-Tage-Rennen in Dortmund<\/figcaption><\/figure><\/a><\/div><div class=\"swiper-slide\" role=\"group\" aria-roledescription=\"slide\" aria-label=\"15 von 23\"><a data-elementor-open-lightbox=\"yes\" data-elementor-lightbox-slideshow=\"75c60ec\" data-elementor-lightbox-title=\"Geschichte des Fahrrades\" data-elementor-lightbox-description=\"Von der Draisine \u00fcber das Hochrad zum Niederrad (Fahrrad)\" data-e-action-hash=\"#elementor-action%3Aaction%3Dlightbox%26settings%3DeyJpZCI6Mjk5LCJ1cmwiOiJodHRwczpcL1wvcmVubnJhZC1tdXNldW0uZGVcL3dwLWNvbnRlbnRcL3VwbG9hZHNcLzIwMjRcLzA1XC9pbWFnZS00MS5qcGciLCJzbGlkZXNob3ciOiI3NWM2MGVjIn0%3D\" href=\"https:\/\/rennrad-museum.de\/wp-content\/uploads\/2024\/05\/image-41.jpg\"><figure class=\"swiper-slide-inner\"><img class=\"swiper-slide-image swiper-lazy\" data-src=\"https:\/\/rennrad-museum.de\/wp-content\/uploads\/2024\/05\/image-41.jpg\" alt=\"Rennradmuseum Geschichte des Fahrrades\" \/><div class=\"swiper-lazy-preloader\"><\/div><figcaption class=\"elementor-image-carousel-caption\">Geschichte des Fahrrades<\/figcaption><\/figure><\/a><\/div><div class=\"swiper-slide\" role=\"group\" aria-roledescription=\"slide\" aria-label=\"16 von 23\"><a data-elementor-open-lightbox=\"yes\" data-elementor-lightbox-slideshow=\"75c60ec\" data-elementor-lightbox-title=\"Wechselnde Dekorationen\" data-elementor-lightbox-description=\"Im Schaufenster werden abwechselnd R\u00e4der pr\u00e4sentiert\" data-e-action-hash=\"#elementor-action%3Aaction%3Dlightbox%26settings%3DeyJpZCI6Mjk4LCJ1cmwiOiJodHRwczpcL1wvcmVubnJhZC1tdXNldW0uZGVcL3dwLWNvbnRlbnRcL3VwbG9hZHNcLzIwMjRcLzA1XC8wOUEwMzY4LmpwZyIsInNsaWRlc2hvdyI6Ijc1YzYwZWMifQ%3D%3D\" href=\"https:\/\/rennrad-museum.de\/wp-content\/uploads\/2024\/05\/09A0368.jpg\"><figure class=\"swiper-slide-inner\"><img class=\"swiper-slide-image swiper-lazy\" data-src=\"https:\/\/rennrad-museum.de\/wp-content\/uploads\/2024\/05\/09A0368.jpg\" alt=\"Rennradmuseum Wechselnde Dekorationen\" \/><div class=\"swiper-lazy-preloader\"><\/div><figcaption class=\"elementor-image-carousel-caption\">Wechselnde Dekorationen<\/figcaption><\/figure><\/a><\/div><div class=\"swiper-slide\" role=\"group\" aria-roledescription=\"slide\" aria-label=\"17 von 23\"><a data-elementor-open-lightbox=\"yes\" data-elementor-lightbox-slideshow=\"75c60ec\" data-elementor-lightbox-title=\"Detailausschnitt\" data-elementor-lightbox-description=\"Zweitzahnkranz f\u00fcr Hinterraddrehung aus der Anfangszeit der Radrennen\" data-e-action-hash=\"#elementor-action%3Aaction%3Dlightbox%26settings%3DeyJpZCI6Mjk1LCJ1cmwiOiJodHRwczpcL1wvcmVubnJhZC1tdXNldW0uZGVcL3dwLWNvbnRlbnRcL3VwbG9hZHNcLzIwMjRcLzA1XC8wOUEwMzUzLmpwZyIsInNsaWRlc2hvdyI6Ijc1YzYwZWMifQ%3D%3D\" href=\"https:\/\/rennrad-museum.de\/wp-content\/uploads\/2024\/05\/09A0353.jpg\"><figure class=\"swiper-slide-inner\"><img class=\"swiper-slide-image swiper-lazy\" data-src=\"https:\/\/rennrad-museum.de\/wp-content\/uploads\/2024\/05\/09A0353.jpg\" alt=\"Rennradmuseum\" \/><div class=\"swiper-lazy-preloader\"><\/div><figcaption class=\"elementor-image-carousel-caption\">Detailausschnitt<\/figcaption><\/figure><\/a><\/div><div class=\"swiper-slide\" role=\"group\" aria-roledescription=\"slide\" aria-label=\"18 von 23\"><a data-elementor-open-lightbox=\"yes\" data-elementor-lightbox-slideshow=\"75c60ec\" data-elementor-lightbox-title=\"Rennrad Exoten\" data-elementor-lightbox-description=\"Bianchi Zeitfahrrad mit kleinem Vorderrad\n(mittlerweile nicht mehr im Rennen erlaubt)\n\" data-e-action-hash=\"#elementor-action%3Aaction%3Dlightbox%26settings%3DeyJpZCI6Mjk0LCJ1cmwiOiJodHRwczpcL1wvcmVubnJhZC1tdXNldW0uZGVcL3dwLWNvbnRlbnRcL3VwbG9hZHNcLzIwMjRcLzA1XC8wOUEwMzQ2LmpwZyIsInNsaWRlc2hvdyI6Ijc1YzYwZWMifQ%3D%3D\" href=\"https:\/\/rennrad-museum.de\/wp-content\/uploads\/2024\/05\/09A0346.jpg\"><figure class=\"swiper-slide-inner\"><img class=\"swiper-slide-image swiper-lazy\" data-src=\"https:\/\/rennrad-museum.de\/wp-content\/uploads\/2024\/05\/09A0346.jpg\" alt=\"Rennradmuseum - Rennrad Exoten\" \/><div class=\"swiper-lazy-preloader\"><\/div><figcaption class=\"elementor-image-carousel-caption\">Rennrad Exoten<\/figcaption><\/figure><\/a><\/div><div class=\"swiper-slide\" role=\"group\" aria-roledescription=\"slide\" aria-label=\"19 von 23\"><a data-elementor-open-lightbox=\"yes\" data-elementor-lightbox-slideshow=\"75c60ec\" data-elementor-lightbox-title=\"Historische Lenkerparade\" data-elementor-lightbox-description=\"Detail-Ver\u00e4nderungen im Zubeh\u00f6r\" data-e-action-hash=\"#elementor-action%3Aaction%3Dlightbox%26settings%3DeyJpZCI6Mjg5LCJ1cmwiOiJodHRwczpcL1wvcmVubnJhZC1tdXNldW0uZGVcL3dwLWNvbnRlbnRcL3VwbG9hZHNcLzIwMjRcLzA1XC8wOUEwMzIxLmpwZyIsInNsaWRlc2hvdyI6Ijc1YzYwZWMifQ%3D%3D\" href=\"https:\/\/rennrad-museum.de\/wp-content\/uploads\/2024\/05\/09A0321.jpg\"><figure class=\"swiper-slide-inner\"><img class=\"swiper-slide-image swiper-lazy\" data-src=\"https:\/\/rennrad-museum.de\/wp-content\/uploads\/2024\/05\/09A0321.jpg\" alt=\"Rennradmuseum\" \/><div class=\"swiper-lazy-preloader\"><\/div><figcaption class=\"elementor-image-carousel-caption\">Historische Lenkerparade<\/figcaption><\/figure><\/a><\/div><div class=\"swiper-slide\" role=\"group\" aria-roledescription=\"slide\" aria-label=\"20 von 23\"><a data-elementor-open-lightbox=\"yes\" data-elementor-lightbox-slideshow=\"75c60ec\" data-elementor-lightbox-title=\"Steher-Sport\" data-elementor-lightbox-description=\"Ein Steher-Rad mit gro\u00dfem Kettenblatt f\u00fcr hohe Geschwindigkeiten\" data-e-action-hash=\"#elementor-action%3Aaction%3Dlightbox%26settings%3DeyJpZCI6Mjg4LCJ1cmwiOiJodHRwczpcL1wvcmVubnJhZC1tdXNldW0uZGVcL3dwLWNvbnRlbnRcL3VwbG9hZHNcLzIwMjRcLzA1XC8wOUEwMzA3LmpwZyIsInNsaWRlc2hvdyI6Ijc1YzYwZWMifQ%3D%3D\" href=\"https:\/\/rennrad-museum.de\/wp-content\/uploads\/2024\/05\/09A0307.jpg\"><figure class=\"swiper-slide-inner\"><img class=\"swiper-slide-image swiper-lazy\" data-src=\"https:\/\/rennrad-museum.de\/wp-content\/uploads\/2024\/05\/09A0307.jpg\" alt=\"Rennradmuseum Steher-Sport\" \/><div class=\"swiper-lazy-preloader\"><\/div><figcaption class=\"elementor-image-carousel-caption\">Steher-Sport<\/figcaption><\/figure><\/a><\/div><div class=\"swiper-slide\" role=\"group\" aria-roledescription=\"slide\" aria-label=\"21 von 23\"><a data-elementor-open-lightbox=\"yes\" data-elementor-lightbox-slideshow=\"75c60ec\" data-elementor-lightbox-title=\"Steher-Sport\" data-elementor-lightbox-description=\"Ein Steher-Rad mit verst\u00e4rktem Vorbau und einem Steher-Helm\" data-e-action-hash=\"#elementor-action%3Aaction%3Dlightbox%26settings%3DeyJpZCI6Mjg3LCJ1cmwiOiJodHRwczpcL1wvcmVubnJhZC1tdXNldW0uZGVcL3dwLWNvbnRlbnRcL3VwbG9hZHNcLzIwMjRcLzA1XC8wOUEwMzA0LmpwZyIsInNsaWRlc2hvdyI6Ijc1YzYwZWMifQ%3D%3D\" href=\"https:\/\/rennrad-museum.de\/wp-content\/uploads\/2024\/05\/09A0304.jpg\"><figure class=\"swiper-slide-inner\"><img class=\"swiper-slide-image swiper-lazy\" data-src=\"https:\/\/rennrad-museum.de\/wp-content\/uploads\/2024\/05\/09A0304.jpg\" alt=\"Rennradmuseum Steher-Sport\" \/><div class=\"swiper-lazy-preloader\"><\/div><figcaption class=\"elementor-image-carousel-caption\">Steher-Sport<\/figcaption><\/figure><\/a><\/div><div class=\"swiper-slide\" role=\"group\" aria-roledescription=\"slide\" aria-label=\"22 von 23\"><a data-elementor-open-lightbox=\"yes\" data-elementor-lightbox-slideshow=\"75c60ec\" data-elementor-lightbox-title=\"Historisches Stra\u00dfenrad\" data-elementor-lightbox-description=\"Aus den 1940er Jahren mit Schaltung\" data-e-action-hash=\"#elementor-action%3Aaction%3Dlightbox%26settings%3DeyJpZCI6Mjg1LCJ1cmwiOiJodHRwczpcL1wvcmVubnJhZC1tdXNldW0uZGVcL3dwLWNvbnRlbnRcL3VwbG9hZHNcLzIwMjRcLzA1XC8wOUEwMjg3LmpwZyIsInNsaWRlc2hvdyI6Ijc1YzYwZWMifQ%3D%3D\" href=\"https:\/\/rennrad-museum.de\/wp-content\/uploads\/2024\/05\/09A0287.jpg\"><figure class=\"swiper-slide-inner\"><img class=\"swiper-slide-image swiper-lazy\" data-src=\"https:\/\/rennrad-museum.de\/wp-content\/uploads\/2024\/05\/09A0287.jpg\" alt=\"Rennradmuseum Historisches Stra\u00dfenrad\" \/><div class=\"swiper-lazy-preloader\"><\/div><figcaption class=\"elementor-image-carousel-caption\">Historisches Stra\u00dfenrad<\/figcaption><\/figure><\/a><\/div><div class=\"swiper-slide\" role=\"group\" aria-roledescription=\"slide\" aria-label=\"23 von 23\"><a data-elementor-open-lightbox=\"yes\" data-elementor-lightbox-slideshow=\"75c60ec\" data-elementor-lightbox-title=\"Fahrrad von 1899\" data-elementor-lightbox-description=\"Mit Kette, Bremsen und der Diamant-Rahmenform\" data-e-action-hash=\"#elementor-action%3Aaction%3Dlightbox%26settings%3DeyJpZCI6MjgzLCJ1cmwiOiJodHRwczpcL1wvcmVubnJhZC1tdXNldW0uZGVcL3dwLWNvbnRlbnRcL3VwbG9hZHNcLzIwMjRcLzA1XC8wOUEwMjgzLmpwZyIsInNsaWRlc2hvdyI6Ijc1YzYwZWMifQ%3D%3D\" href=\"https:\/\/rennrad-museum.de\/wp-content\/uploads\/2024\/05\/09A0283.jpg\"><figure class=\"swiper-slide-inner\"><img class=\"swiper-slide-image swiper-lazy\" data-src=\"https:\/\/rennrad-museum.de\/wp-content\/uploads\/2024\/05\/09A0283.jpg\" alt=\"Rennradmuseum Fahrrad von 1899\" \/><div class=\"swiper-lazy-preloader\"><\/div><figcaption class=\"elementor-image-carousel-caption\">Fahrrad von 1899<\/figcaption><\/figure><\/a><\/div>\t\t\t<\/div>\n\t\t\t\t\t\t\t\t\t\t\t\t<div class=\"elementor-swiper-button elementor-swiper-button-prev\" role=\"button\" tabindex=\"0\">\n\t\t\t\t\t\t<svg aria-hidden=\"true\" class=\"e-font-icon-svg e-eicon-chevron-left\" viewBox=\"0 0 1000 1000\" xmlns=\"http:\/\/www.w3.org\/2000\/svg\"><path d=\"M646 125C629 125 613 133 604 142L308 442C296 454 292 471 292 487 292 504 296 521 308 533L604 854C617 867 629 875 646 875 663 875 679 871 692 858 704 846 713 829 713 812 713 796 708 779 692 767L438 487 692 225C700 217 708 204 708 187 708 171 704 154 692 142 675 129 663 125 646 125Z\"><\/path><\/svg>\t\t\t\t\t<\/div>\n\t\t\t\t\t<div class=\"elementor-swiper-button elementor-swiper-button-next\" role=\"button\" tabindex=\"0\">\n\t\t\t\t\t\t<svg aria-hidden=\"true\" class=\"e-font-icon-svg e-eicon-chevron-right\" viewBox=\"0 0 1000 1000\" xmlns=\"http:\/\/www.w3.org\/2000\/svg\"><path d=\"M696 533C708 521 713 504 713 487 713 471 708 454 696 446L400 146C388 133 375 125 354 125 338 125 325 129 313 142 300 154 292 171 292 187 292 204 296 221 308 233L563 492 304 771C292 783 288 800 288 817 288 833 296 850 308 863 321 871 338 875 354 875 371 875 388 867 400 854L696 533Z\"><\/path><\/svg>\t\t\t\t\t<\/div>\n\t\t\t\t\n\t\t\t\t\t\t\t\t\t<\/div>\n\t\t\t\t\t\t<\/div>\n\t\t\t\t<\/div>\n\t\t\t\t<\/div>\n\t\t<div class=\"elementor-element elementor-element-0441433 e-con-full e-flex wpr-particle-no wpr-jarallax-no wpr-parallax-no wpr-sticky-section-no wpr-equal-height-no e-con e-child\" data-id=\"0441433\" data-element_type=\"container\" data-e-type=\"container\">\n\t\t\t\t<div class=\"elementor-element elementor-element-f84eb62 elementor-hidden-desktop elementor-hidden-laptop elementor-widget elementor-widget-image-carousel\" data-id=\"f84eb62\" data-element_type=\"widget\" data-e-type=\"widget\" data-settings=\"{&quot;slides_to_show&quot;:&quot;3&quot;,&quot;navigation&quot;:&quot;none&quot;,&quot;lazyload&quot;:&quot;yes&quot;,&quot;image_spacing_custom_laptop&quot;:{&quot;unit&quot;:&quot;px&quot;,&quot;size&quot;:5,&quot;sizes&quot;:[]},&quot;autoplay&quot;:&quot;yes&quot;,&quot;pause_on_hover&quot;:&quot;yes&quot;,&quot;pause_on_interaction&quot;:&quot;yes&quot;,&quot;autoplay_speed&quot;:5000,&quot;infinite&quot;:&quot;yes&quot;,&quot;speed&quot;:500,&quot;image_spacing_custom&quot;:{&quot;unit&quot;:&quot;px&quot;,&quot;size&quot;:20,&quot;sizes&quot;:[]},&quot;image_spacing_custom_tablet_extra&quot;:{&quot;unit&quot;:&quot;px&quot;,&quot;size&quot;:&quot;&quot;,&quot;sizes&quot;:[]},&quot;image_spacing_custom_tablet&quot;:{&quot;unit&quot;:&quot;px&quot;,&quot;size&quot;:&quot;&quot;,&quot;sizes&quot;:[]},&quot;image_spacing_custom_mobile&quot;:{&quot;unit&quot;:&quot;px&quot;,&quot;size&quot;:&quot;&quot;,&quot;sizes&quot;:[]}}\" data-widget_type=\"image-carousel.default\">\n\t\t\t\t<div class=\"elementor-widget-container\">\n\t\t\t\t\t\t\t<div class=\"elementor-image-carousel-wrapper swiper\" role=\"region\" aria-roledescription=\"carousel\" aria-label=\"Bild Karussell\" dir=\"ltr\">\n\t\t\t<div class=\"elementor-image-carousel swiper-wrapper\" aria-live=\"off\">\n\t\t\t\t\t\t\t\t<div class=\"swiper-slide\" role=\"group\" aria-roledescription=\"slide\" aria-label=\"1 von 23\"><a data-elementor-open-lightbox=\"yes\" data-elementor-lightbox-slideshow=\"f84eb62\" data-elementor-lightbox-title=\"Steher- Sport\" data-elementor-lightbox-description=\"ennfertige Steher-Maschine mit kleinerem Vorderrad und umgekehrter Gabel.\" data-e-action-hash=\"#elementor-action%3Aaction%3Dlightbox%26settings%3DeyJpZCI6Mjg2LCJ1cmwiOiJodHRwczpcL1wvcmVubnJhZC1tdXNldW0uZGVcL3dwLWNvbnRlbnRcL3VwbG9hZHNcLzIwMjRcLzA1XC8wOUEwMzAzLmpwZyIsInNsaWRlc2hvdyI6ImY4NGViNjIifQ%3D%3D\" href=\"https:\/\/rennrad-museum.de\/wp-content\/uploads\/2024\/05\/09A0303.jpg\"><figure class=\"swiper-slide-inner\"><img class=\"swiper-slide-image swiper-lazy\" data-src=\"https:\/\/rennrad-museum.de\/wp-content\/uploads\/2024\/05\/09A0303.jpg\" alt=\"Rennradmuseum\" \/><div class=\"swiper-lazy-preloader\"><\/div><figcaption class=\"elementor-image-carousel-caption\">Steher- Sport<\/figcaption><\/figure><\/a><\/div><div class=\"swiper-slide\" role=\"group\" aria-roledescription=\"slide\" aria-label=\"2 von 23\"><a data-elementor-open-lightbox=\"yes\" data-elementor-lightbox-slideshow=\"f84eb62\" data-elementor-lightbox-title=\"Fr\u00fches Rennrad\" data-elementor-lightbox-description=\"Nur der Rennlenker l\u00e4sst den Einsatz erkennen.\" data-e-action-hash=\"#elementor-action%3Aaction%3Dlightbox%26settings%3DeyJpZCI6Mjg0LCJ1cmwiOiJodHRwczpcL1wvcmVubnJhZC1tdXNldW0uZGVcL3dwLWNvbnRlbnRcL3VwbG9hZHNcLzIwMjRcLzA1XC8wOUEwMjg1LmpwZyIsInNsaWRlc2hvdyI6ImY4NGViNjIifQ%3D%3D\" href=\"https:\/\/rennrad-museum.de\/wp-content\/uploads\/2024\/05\/09A0285.jpg\"><figure class=\"swiper-slide-inner\"><img class=\"swiper-slide-image swiper-lazy\" data-src=\"https:\/\/rennrad-museum.de\/wp-content\/uploads\/2024\/05\/09A0285.jpg\" alt=\"Rennradmuseum\" \/><div class=\"swiper-lazy-preloader\"><\/div><figcaption class=\"elementor-image-carousel-caption\">Fr\u00fches Rennrad<\/figcaption><\/figure><\/a><\/div><div class=\"swiper-slide\" role=\"group\" aria-roledescription=\"slide\" aria-label=\"3 von 23\"><a data-elementor-open-lightbox=\"yes\" data-elementor-lightbox-slideshow=\"f84eb62\" data-elementor-lightbox-title=\"Detailansichten\" data-elementor-lightbox-description=\"Mehrere Zahnkr\u00e4nze, aber ohne Schaltung\" data-e-action-hash=\"#elementor-action%3Aaction%3Dlightbox%26settings%3DeyJpZCI6Mjk2LCJ1cmwiOiJodHRwczpcL1wvcmVubnJhZC1tdXNldW0uZGVcL3dwLWNvbnRlbnRcL3VwbG9hZHNcLzIwMjRcLzA1XC8wOUEwMzU0LmpwZyIsInNsaWRlc2hvdyI6ImY4NGViNjIifQ%3D%3D\" href=\"https:\/\/rennrad-museum.de\/wp-content\/uploads\/2024\/05\/09A0354.jpg\"><figure class=\"swiper-slide-inner\"><img class=\"swiper-slide-image swiper-lazy\" data-src=\"https:\/\/rennrad-museum.de\/wp-content\/uploads\/2024\/05\/09A0354.jpg\" alt=\"Rennradmuseum\" \/><div class=\"swiper-lazy-preloader\"><\/div><figcaption class=\"elementor-image-carousel-caption\">Detailansichten<\/figcaption><\/figure><\/a><\/div><div class=\"swiper-slide\" role=\"group\" aria-roledescription=\"slide\" aria-label=\"4 von 23\"><a data-elementor-open-lightbox=\"yes\" data-elementor-lightbox-slideshow=\"f84eb62\" data-elementor-lightbox-title=\"Derny-Maschine\" data-elementor-lightbox-description=\"Eine Derny-Schrittmachermaschine zum Mittreten f\u00fcr lange Stra\u00dfenrennen.\" data-e-action-hash=\"#elementor-action%3Aaction%3Dlightbox%26settings%3DeyJpZCI6MjkzLCJ1cmwiOiJodHRwczpcL1wvcmVubnJhZC1tdXNldW0uZGVcL3dwLWNvbnRlbnRcL3VwbG9hZHNcLzIwMjRcLzA1XC8wOUEwMzQ0LmpwZyIsInNsaWRlc2hvdyI6ImY4NGViNjIifQ%3D%3D\" href=\"https:\/\/rennrad-museum.de\/wp-content\/uploads\/2024\/05\/09A0344.jpg\"><figure class=\"swiper-slide-inner\"><img class=\"swiper-slide-image swiper-lazy\" data-src=\"https:\/\/rennrad-museum.de\/wp-content\/uploads\/2024\/05\/09A0344.jpg\" alt=\"Rennradmuseum\" \/><div class=\"swiper-lazy-preloader\"><\/div><figcaption class=\"elementor-image-carousel-caption\">Derny-Maschine<\/figcaption><\/figure><\/a><\/div><div class=\"swiper-slide\" role=\"group\" aria-roledescription=\"slide\" aria-label=\"5 von 23\"><a data-elementor-open-lightbox=\"yes\" data-elementor-lightbox-slideshow=\"f84eb62\" data-elementor-lightbox-title=\"Bahnradsport\" data-elementor-lightbox-description=\"Kaum Ver\u00e4nderungen in der Historie der Bahnmaschinen\" data-e-action-hash=\"#elementor-action%3Aaction%3Dlightbox%26settings%3DeyJpZCI6MjkxLCJ1cmwiOiJodHRwczpcL1wvcmVubnJhZC1tdXNldW0uZGVcL3dwLWNvbnRlbnRcL3VwbG9hZHNcLzIwMjRcLzA1XC8wOUEwMzMwLmpwZyIsInNsaWRlc2hvdyI6ImY4NGViNjIifQ%3D%3D\" href=\"https:\/\/rennrad-museum.de\/wp-content\/uploads\/2024\/05\/09A0330.jpg\"><figure class=\"swiper-slide-inner\"><img class=\"swiper-slide-image swiper-lazy\" data-src=\"https:\/\/rennrad-museum.de\/wp-content\/uploads\/2024\/05\/09A0330.jpg\" alt=\"Bahnradsport\" \/><div class=\"swiper-lazy-preloader\"><\/div><figcaption class=\"elementor-image-carousel-caption\">Bahnradsport<\/figcaption><\/figure><\/a><\/div><div class=\"swiper-slide\" role=\"group\" aria-roledescription=\"slide\" aria-label=\"6 von 23\"><a data-elementor-open-lightbox=\"yes\" data-elementor-lightbox-slideshow=\"f84eb62\" data-elementor-lightbox-title=\"Trikotparade\" data-elementor-lightbox-description=\"Mehrere Original-Weltmeistertrikots und bekannte Profi- und Nationaltrikots\" data-e-action-hash=\"#elementor-action%3Aaction%3Dlightbox%26settings%3DeyJpZCI6MzAzLCJ1cmwiOiJodHRwczpcL1wvcmVubnJhZC1tdXNldW0uZGVcL3dwLWNvbnRlbnRcL3VwbG9hZHNcLzIwMjRcLzA1XC9pbWFnZS00NS5qcGciLCJzbGlkZXNob3ciOiJmODRlYjYyIn0%3D\" href=\"https:\/\/rennrad-museum.de\/wp-content\/uploads\/2024\/05\/image-45.jpg\"><figure class=\"swiper-slide-inner\"><img class=\"swiper-slide-image swiper-lazy\" data-src=\"https:\/\/rennrad-museum.de\/wp-content\/uploads\/2024\/05\/image-45.jpg\" alt=\"Rennradtrikots\" \/><div class=\"swiper-lazy-preloader\"><\/div><figcaption class=\"elementor-image-carousel-caption\">Trikotparade<\/figcaption><\/figure><\/a><\/div><div class=\"swiper-slide\" role=\"group\" aria-roledescription=\"slide\" aria-label=\"7 von 23\"><a data-elementor-open-lightbox=\"yes\" data-elementor-lightbox-slideshow=\"f84eb62\" data-elementor-lightbox-title=\"6-Tage-Rennen\" data-elementor-lightbox-description=\"Die F\u00fchrungstrikots in der Originalkabine aus der Dortmunder Westfalenhalle\" data-e-action-hash=\"#elementor-action%3Aaction%3Dlightbox%26settings%3DeyJpZCI6MjkyLCJ1cmwiOiJodHRwczpcL1wvcmVubnJhZC1tdXNldW0uZGVcL3dwLWNvbnRlbnRcL3VwbG9hZHNcLzIwMjRcLzA1XC8wOUEwMzM5LmpwZyIsInNsaWRlc2hvdyI6ImY4NGViNjIifQ%3D%3D\" href=\"https:\/\/rennrad-museum.de\/wp-content\/uploads\/2024\/05\/09A0339.jpg\"><figure class=\"swiper-slide-inner\"><img class=\"swiper-slide-image swiper-lazy\" data-src=\"https:\/\/rennrad-museum.de\/wp-content\/uploads\/2024\/05\/09A0339.jpg\" alt=\"6-Tage-Rennen\" \/><div class=\"swiper-lazy-preloader\"><\/div><figcaption class=\"elementor-image-carousel-caption\">6-Tage-Rennen<\/figcaption><\/figure><\/a><\/div><div class=\"swiper-slide\" role=\"group\" aria-roledescription=\"slide\" aria-label=\"8 von 23\"><a data-elementor-open-lightbox=\"yes\" data-elementor-lightbox-slideshow=\"f84eb62\" data-elementor-lightbox-title=\"Rickert\" data-elementor-lightbox-description=\"Maschinen und Rahmen des bekannten Fr\u00f6ndenberger Rahmenbauers\" data-e-action-hash=\"#elementor-action%3Aaction%3Dlightbox%26settings%3DeyJpZCI6MzA3LCJ1cmwiOiJodHRwczpcL1wvcmVubnJhZC1tdXNldW0uZGVcL3dwLWNvbnRlbnRcL3VwbG9hZHNcLzIwMjRcLzA1XC9pbWFnZS00OS5qcGciLCJzbGlkZXNob3ciOiJmODRlYjYyIn0%3D\" href=\"https:\/\/rennrad-museum.de\/wp-content\/uploads\/2024\/05\/image-49.jpg\"><figure class=\"swiper-slide-inner\"><img class=\"swiper-slide-image swiper-lazy\" data-src=\"https:\/\/rennrad-museum.de\/wp-content\/uploads\/2024\/05\/image-49.jpg\" alt=\"Rickert\" \/><div class=\"swiper-lazy-preloader\"><\/div><figcaption class=\"elementor-image-carousel-caption\">Rickert<\/figcaption><\/figure><\/a><\/div><div class=\"swiper-slide\" role=\"group\" aria-roledescription=\"slide\" aria-label=\"9 von 23\"><a data-elementor-open-lightbox=\"yes\" data-elementor-lightbox-slideshow=\"f84eb62\" data-elementor-lightbox-title=\"Radsport in Fr\u00f6ndenberg\" data-elementor-lightbox-description=\"Rennmaschinen und Trikots erfolgreicher Fr\u00f6ndenberger Radsportler in Verbindung mit der Fahrradteilefirma UNION.\" data-e-action-hash=\"#elementor-action%3Aaction%3Dlightbox%26settings%3DeyJpZCI6MzA2LCJ1cmwiOiJodHRwczpcL1wvcmVubnJhZC1tdXNldW0uZGVcL3dwLWNvbnRlbnRcL3VwbG9hZHNcLzIwMjRcLzA1XC9pbWFnZS00OC5qcGciLCJzbGlkZXNob3ciOiJmODRlYjYyIn0%3D\" href=\"https:\/\/rennrad-museum.de\/wp-content\/uploads\/2024\/05\/image-48.jpg\"><figure class=\"swiper-slide-inner\"><img class=\"swiper-slide-image swiper-lazy\" data-src=\"https:\/\/rennrad-museum.de\/wp-content\/uploads\/2024\/05\/image-48.jpg\" alt=\"Rennradmuseum\" \/><div class=\"swiper-lazy-preloader\"><\/div><figcaption class=\"elementor-image-carousel-caption\">Radsport in Fr\u00f6ndenberg<\/figcaption><\/figure><\/a><\/div><div class=\"swiper-slide\" role=\"group\" aria-roledescription=\"slide\" aria-label=\"10 von 23\"><a data-elementor-open-lightbox=\"yes\" data-elementor-lightbox-slideshow=\"f84eb62\" data-elementor-lightbox-title=\"Zabel\" data-elementor-lightbox-description=\"Ein Originalrad und Trikots des heimischen Radsport-Weltstars Erik Zabel. Dahinter der Medienraum mit Gro\u00dfbildschirm\" data-e-action-hash=\"#elementor-action%3Aaction%3Dlightbox%26settings%3DeyJpZCI6MzA1LCJ1cmwiOiJodHRwczpcL1wvcmVubnJhZC1tdXNldW0uZGVcL3dwLWNvbnRlbnRcL3VwbG9hZHNcLzIwMjRcLzA1XC9pbWFnZS00Ny5qcGciLCJzbGlkZXNob3ciOiJmODRlYjYyIn0%3D\" href=\"https:\/\/rennrad-museum.de\/wp-content\/uploads\/2024\/05\/image-47.jpg\"><figure class=\"swiper-slide-inner\"><img class=\"swiper-slide-image swiper-lazy\" data-src=\"https:\/\/rennrad-museum.de\/wp-content\/uploads\/2024\/05\/image-47.jpg\" alt=\"Rennradmuseum\" \/><div class=\"swiper-lazy-preloader\"><\/div><figcaption class=\"elementor-image-carousel-caption\">Zabel<\/figcaption><\/figure><\/a><\/div><div class=\"swiper-slide\" role=\"group\" aria-roledescription=\"slide\" aria-label=\"11 von 23\"><a data-elementor-open-lightbox=\"yes\" data-elementor-lightbox-slideshow=\"f84eb62\" data-elementor-lightbox-title=\"Westfalenhalle Dortmund\" data-elementor-lightbox-description=\"Eine Original-6-Tage-Kabine aus der Dortmunder Westfalenhalle vor dem Nachbau einer Radrennbahn\" data-e-action-hash=\"#elementor-action%3Aaction%3Dlightbox%26settings%3DeyJpZCI6MzA0LCJ1cmwiOiJodHRwczpcL1wvcmVubnJhZC1tdXNldW0uZGVcL3dwLWNvbnRlbnRcL3VwbG9hZHNcLzIwMjRcLzA1XC9pbWFnZS00Ni5qcGciLCJzbGlkZXNob3ciOiJmODRlYjYyIn0%3D\" href=\"https:\/\/rennrad-museum.de\/wp-content\/uploads\/2024\/05\/image-46.jpg\"><figure class=\"swiper-slide-inner\"><img class=\"swiper-slide-image swiper-lazy\" data-src=\"https:\/\/rennrad-museum.de\/wp-content\/uploads\/2024\/05\/image-46.jpg\" alt=\"Rennradmuseum\" \/><div class=\"swiper-lazy-preloader\"><\/div><figcaption class=\"elementor-image-carousel-caption\">Westfalenhalle Dortmund<\/figcaption><\/figure><\/a><\/div><div class=\"swiper-slide\" role=\"group\" aria-roledescription=\"slide\" aria-label=\"12 von 23\"><a data-elementor-open-lightbox=\"yes\" data-elementor-lightbox-slideshow=\"f84eb62\" data-elementor-lightbox-title=\"Bahnradsport\" data-elementor-lightbox-description=\"Historische und aktuelle Bahnr\u00e4der. \nDavor: Eine Derny-Maschine. \" data-e-action-hash=\"#elementor-action%3Aaction%3Dlightbox%26settings%3DeyJpZCI6MzAyLCJ1cmwiOiJodHRwczpcL1wvcmVubnJhZC1tdXNldW0uZGVcL3dwLWNvbnRlbnRcL3VwbG9hZHNcLzIwMjRcLzA1XC9pbWFnZS00NC5qcGciLCJzbGlkZXNob3ciOiJmODRlYjYyIn0%3D\" href=\"https:\/\/rennrad-museum.de\/wp-content\/uploads\/2024\/05\/image-44.jpg\"><figure class=\"swiper-slide-inner\"><img class=\"swiper-slide-image swiper-lazy\" data-src=\"https:\/\/rennrad-museum.de\/wp-content\/uploads\/2024\/05\/image-44.jpg\" alt=\"Bahnradsport\" \/><div class=\"swiper-lazy-preloader\"><\/div><figcaption class=\"elementor-image-carousel-caption\">Bahnradsport<\/figcaption><\/figure><\/a><\/div><div class=\"swiper-slide\" role=\"group\" aria-roledescription=\"slide\" aria-label=\"13 von 23\"><a data-elementor-open-lightbox=\"yes\" data-elementor-lightbox-slideshow=\"f84eb62\" data-elementor-lightbox-title=\"Geschichtliche Entwicklung der Rennr\u00e4der\" data-elementor-lightbox-description=\"In 10-Jahres-Schritten seit 1900 wird die Rennradver\u00e4nderung dargestellt\" data-e-action-hash=\"#elementor-action%3Aaction%3Dlightbox%26settings%3DeyJpZCI6MzAxLCJ1cmwiOiJodHRwczpcL1wvcmVubnJhZC1tdXNldW0uZGVcL3dwLWNvbnRlbnRcL3VwbG9hZHNcLzIwMjRcLzA1XC9pbWFnZS00My5qcGciLCJzbGlkZXNob3ciOiJmODRlYjYyIn0%3D\" href=\"https:\/\/rennrad-museum.de\/wp-content\/uploads\/2024\/05\/image-43.jpg\"><figure class=\"swiper-slide-inner\"><img class=\"swiper-slide-image swiper-lazy\" data-src=\"https:\/\/rennrad-museum.de\/wp-content\/uploads\/2024\/05\/image-43.jpg\" alt=\"Geschichtliche Entwicklung der Rennr\u00e4der\" \/><div class=\"swiper-lazy-preloader\"><\/div><figcaption class=\"elementor-image-carousel-caption\">Geschichtliche Entwicklung der Rennr\u00e4der<\/figcaption><\/figure><\/a><\/div><div class=\"swiper-slide\" role=\"group\" aria-roledescription=\"slide\" aria-label=\"14 von 23\"><a data-elementor-open-lightbox=\"yes\" data-elementor-lightbox-slideshow=\"f84eb62\" data-elementor-lightbox-title=\"6-Tage-Rennen in Dortmund\" data-elementor-lightbox-description=\"Eine Original 6-Tage-Kabine aus der Westfalenhalle Dortmund.\" data-e-action-hash=\"#elementor-action%3Aaction%3Dlightbox%26settings%3DeyJpZCI6MzAwLCJ1cmwiOiJodHRwczpcL1wvcmVubnJhZC1tdXNldW0uZGVcL3dwLWNvbnRlbnRcL3VwbG9hZHNcLzIwMjRcLzA1XC9pbWFnZS00Mi5qcGciLCJzbGlkZXNob3ciOiJmODRlYjYyIn0%3D\" href=\"https:\/\/rennrad-museum.de\/wp-content\/uploads\/2024\/05\/image-42.jpg\"><figure class=\"swiper-slide-inner\"><img class=\"swiper-slide-image swiper-lazy\" data-src=\"https:\/\/rennrad-museum.de\/wp-content\/uploads\/2024\/05\/image-42.jpg\" alt=\"Rennradmuseum 6-Tage-Rennen in Dortmund\" \/><div class=\"swiper-lazy-preloader\"><\/div><figcaption class=\"elementor-image-carousel-caption\">6-Tage-Rennen in Dortmund<\/figcaption><\/figure><\/a><\/div><div class=\"swiper-slide\" role=\"group\" aria-roledescription=\"slide\" aria-label=\"15 von 23\"><a data-elementor-open-lightbox=\"yes\" data-elementor-lightbox-slideshow=\"f84eb62\" data-elementor-lightbox-title=\"Geschichte des Fahrrades\" data-elementor-lightbox-description=\"Von der Draisine \u00fcber das Hochrad zum Niederrad (Fahrrad)\" data-e-action-hash=\"#elementor-action%3Aaction%3Dlightbox%26settings%3DeyJpZCI6Mjk5LCJ1cmwiOiJodHRwczpcL1wvcmVubnJhZC1tdXNldW0uZGVcL3dwLWNvbnRlbnRcL3VwbG9hZHNcLzIwMjRcLzA1XC9pbWFnZS00MS5qcGciLCJzbGlkZXNob3ciOiJmODRlYjYyIn0%3D\" href=\"https:\/\/rennrad-museum.de\/wp-content\/uploads\/2024\/05\/image-41.jpg\"><figure class=\"swiper-slide-inner\"><img class=\"swiper-slide-image swiper-lazy\" data-src=\"https:\/\/rennrad-museum.de\/wp-content\/uploads\/2024\/05\/image-41.jpg\" alt=\"Rennradmuseum Geschichte des Fahrrades\" \/><div class=\"swiper-lazy-preloader\"><\/div><figcaption class=\"elementor-image-carousel-caption\">Geschichte des Fahrrades<\/figcaption><\/figure><\/a><\/div><div class=\"swiper-slide\" role=\"group\" aria-roledescription=\"slide\" aria-label=\"16 von 23\"><a data-elementor-open-lightbox=\"yes\" data-elementor-lightbox-slideshow=\"f84eb62\" data-elementor-lightbox-title=\"Wechselnde Dekorationen\" data-elementor-lightbox-description=\"Im Schaufenster werden abwechselnd R\u00e4der pr\u00e4sentiert\" data-e-action-hash=\"#elementor-action%3Aaction%3Dlightbox%26settings%3DeyJpZCI6Mjk4LCJ1cmwiOiJodHRwczpcL1wvcmVubnJhZC1tdXNldW0uZGVcL3dwLWNvbnRlbnRcL3VwbG9hZHNcLzIwMjRcLzA1XC8wOUEwMzY4LmpwZyIsInNsaWRlc2hvdyI6ImY4NGViNjIifQ%3D%3D\" href=\"https:\/\/rennrad-museum.de\/wp-content\/uploads\/2024\/05\/09A0368.jpg\"><figure class=\"swiper-slide-inner\"><img class=\"swiper-slide-image swiper-lazy\" data-src=\"https:\/\/rennrad-museum.de\/wp-content\/uploads\/2024\/05\/09A0368.jpg\" alt=\"Rennradmuseum Wechselnde Dekorationen\" \/><div class=\"swiper-lazy-preloader\"><\/div><figcaption class=\"elementor-image-carousel-caption\">Wechselnde Dekorationen<\/figcaption><\/figure><\/a><\/div><div class=\"swiper-slide\" role=\"group\" aria-roledescription=\"slide\" aria-label=\"17 von 23\"><a data-elementor-open-lightbox=\"yes\" data-elementor-lightbox-slideshow=\"f84eb62\" data-elementor-lightbox-title=\"Detailausschnitt\" data-elementor-lightbox-description=\"Zweitzahnkranz f\u00fcr Hinterraddrehung aus der Anfangszeit der Radrennen\" data-e-action-hash=\"#elementor-action%3Aaction%3Dlightbox%26settings%3DeyJpZCI6Mjk1LCJ1cmwiOiJodHRwczpcL1wvcmVubnJhZC1tdXNldW0uZGVcL3dwLWNvbnRlbnRcL3VwbG9hZHNcLzIwMjRcLzA1XC8wOUEwMzUzLmpwZyIsInNsaWRlc2hvdyI6ImY4NGViNjIifQ%3D%3D\" href=\"https:\/\/rennrad-museum.de\/wp-content\/uploads\/2024\/05\/09A0353.jpg\"><figure class=\"swiper-slide-inner\"><img class=\"swiper-slide-image swiper-lazy\" data-src=\"https:\/\/rennrad-museum.de\/wp-content\/uploads\/2024\/05\/09A0353.jpg\" alt=\"Rennradmuseum\" \/><div class=\"swiper-lazy-preloader\"><\/div><figcaption class=\"elementor-image-carousel-caption\">Detailausschnitt<\/figcaption><\/figure><\/a><\/div><div class=\"swiper-slide\" role=\"group\" aria-roledescription=\"slide\" aria-label=\"18 von 23\"><a data-elementor-open-lightbox=\"yes\" data-elementor-lightbox-slideshow=\"f84eb62\" data-elementor-lightbox-title=\"Rennrad Exoten\" data-elementor-lightbox-description=\"Bianchi Zeitfahrrad mit kleinem Vorderrad\n(mittlerweile nicht mehr im Rennen erlaubt)\n\" data-e-action-hash=\"#elementor-action%3Aaction%3Dlightbox%26settings%3DeyJpZCI6Mjk0LCJ1cmwiOiJodHRwczpcL1wvcmVubnJhZC1tdXNldW0uZGVcL3dwLWNvbnRlbnRcL3VwbG9hZHNcLzIwMjRcLzA1XC8wOUEwMzQ2LmpwZyIsInNsaWRlc2hvdyI6ImY4NGViNjIifQ%3D%3D\" href=\"https:\/\/rennrad-museum.de\/wp-content\/uploads\/2024\/05\/09A0346.jpg\"><figure class=\"swiper-slide-inner\"><img class=\"swiper-slide-image swiper-lazy\" data-src=\"https:\/\/rennrad-museum.de\/wp-content\/uploads\/2024\/05\/09A0346.jpg\" alt=\"Rennradmuseum - Rennrad Exoten\" \/><div class=\"swiper-lazy-preloader\"><\/div><figcaption class=\"elementor-image-carousel-caption\">Rennrad Exoten<\/figcaption><\/figure><\/a><\/div><div class=\"swiper-slide\" role=\"group\" aria-roledescription=\"slide\" aria-label=\"19 von 23\"><a data-elementor-open-lightbox=\"yes\" data-elementor-lightbox-slideshow=\"f84eb62\" data-elementor-lightbox-title=\"Historische Lenkerparade\" data-elementor-lightbox-description=\"Detail-Ver\u00e4nderungen im Zubeh\u00f6r\" data-e-action-hash=\"#elementor-action%3Aaction%3Dlightbox%26settings%3DeyJpZCI6Mjg5LCJ1cmwiOiJodHRwczpcL1wvcmVubnJhZC1tdXNldW0uZGVcL3dwLWNvbnRlbnRcL3VwbG9hZHNcLzIwMjRcLzA1XC8wOUEwMzIxLmpwZyIsInNsaWRlc2hvdyI6ImY4NGViNjIifQ%3D%3D\" href=\"https:\/\/rennrad-museum.de\/wp-content\/uploads\/2024\/05\/09A0321.jpg\"><figure class=\"swiper-slide-inner\"><img class=\"swiper-slide-image swiper-lazy\" data-src=\"https:\/\/rennrad-museum.de\/wp-content\/uploads\/2024\/05\/09A0321.jpg\" alt=\"Rennradmuseum\" \/><div class=\"swiper-lazy-preloader\"><\/div><figcaption class=\"elementor-image-carousel-caption\">Historische Lenkerparade<\/figcaption><\/figure><\/a><\/div><div class=\"swiper-slide\" role=\"group\" aria-roledescription=\"slide\" aria-label=\"20 von 23\"><a data-elementor-open-lightbox=\"yes\" data-elementor-lightbox-slideshow=\"f84eb62\" data-elementor-lightbox-title=\"Steher-Sport\" data-elementor-lightbox-description=\"Ein Steher-Rad mit gro\u00dfem Kettenblatt f\u00fcr hohe Geschwindigkeiten\" data-e-action-hash=\"#elementor-action%3Aaction%3Dlightbox%26settings%3DeyJpZCI6Mjg4LCJ1cmwiOiJodHRwczpcL1wvcmVubnJhZC1tdXNldW0uZGVcL3dwLWNvbnRlbnRcL3VwbG9hZHNcLzIwMjRcLzA1XC8wOUEwMzA3LmpwZyIsInNsaWRlc2hvdyI6ImY4NGViNjIifQ%3D%3D\" href=\"https:\/\/rennrad-museum.de\/wp-content\/uploads\/2024\/05\/09A0307.jpg\"><figure class=\"swiper-slide-inner\"><img class=\"swiper-slide-image swiper-lazy\" data-src=\"https:\/\/rennrad-museum.de\/wp-content\/uploads\/2024\/05\/09A0307.jpg\" alt=\"Rennradmuseum Steher-Sport\" \/><div class=\"swiper-lazy-preloader\"><\/div><figcaption class=\"elementor-image-carousel-caption\">Steher-Sport<\/figcaption><\/figure><\/a><\/div><div class=\"swiper-slide\" role=\"group\" aria-roledescription=\"slide\" aria-label=\"21 von 23\"><a data-elementor-open-lightbox=\"yes\" data-elementor-lightbox-slideshow=\"f84eb62\" data-elementor-lightbox-title=\"Steher-Sport\" data-elementor-lightbox-description=\"Ein Steher-Rad mit verst\u00e4rktem Vorbau und einem Steher-Helm\" data-e-action-hash=\"#elementor-action%3Aaction%3Dlightbox%26settings%3DeyJpZCI6Mjg3LCJ1cmwiOiJodHRwczpcL1wvcmVubnJhZC1tdXNldW0uZGVcL3dwLWNvbnRlbnRcL3VwbG9hZHNcLzIwMjRcLzA1XC8wOUEwMzA0LmpwZyIsInNsaWRlc2hvdyI6ImY4NGViNjIifQ%3D%3D\" href=\"https:\/\/rennrad-museum.de\/wp-content\/uploads\/2024\/05\/09A0304.jpg\"><figure class=\"swiper-slide-inner\"><img class=\"swiper-slide-image swiper-lazy\" data-src=\"https:\/\/rennrad-museum.de\/wp-content\/uploads\/2024\/05\/09A0304.jpg\" alt=\"Rennradmuseum Steher-Sport\" \/><div class=\"swiper-lazy-preloader\"><\/div><figcaption class=\"elementor-image-carousel-caption\">Steher-Sport<\/figcaption><\/figure><\/a><\/div><div class=\"swiper-slide\" role=\"group\" aria-roledescription=\"slide\" aria-label=\"22 von 23\"><a data-elementor-open-lightbox=\"yes\" data-elementor-lightbox-slideshow=\"f84eb62\" data-elementor-lightbox-title=\"Historisches Stra\u00dfenrad\" data-elementor-lightbox-description=\"Aus den 1940er Jahren mit Schaltung\" data-e-action-hash=\"#elementor-action%3Aaction%3Dlightbox%26settings%3DeyJpZCI6Mjg1LCJ1cmwiOiJodHRwczpcL1wvcmVubnJhZC1tdXNldW0uZGVcL3dwLWNvbnRlbnRcL3VwbG9hZHNcLzIwMjRcLzA1XC8wOUEwMjg3LmpwZyIsInNsaWRlc2hvdyI6ImY4NGViNjIifQ%3D%3D\" href=\"https:\/\/rennrad-museum.de\/wp-content\/uploads\/2024\/05\/09A0287.jpg\"><figure class=\"swiper-slide-inner\"><img class=\"swiper-slide-image swiper-lazy\" data-src=\"https:\/\/rennrad-museum.de\/wp-content\/uploads\/2024\/05\/09A0287.jpg\" alt=\"Rennradmuseum Historisches Stra\u00dfenrad\" \/><div class=\"swiper-lazy-preloader\"><\/div><figcaption class=\"elementor-image-carousel-caption\">Historisches Stra\u00dfenrad<\/figcaption><\/figure><\/a><\/div><div class=\"swiper-slide\" role=\"group\" aria-roledescription=\"slide\" aria-label=\"23 von 23\"><a data-elementor-open-lightbox=\"yes\" data-elementor-lightbox-slideshow=\"f84eb62\" data-elementor-lightbox-title=\"Fahrrad von 1899\" data-elementor-lightbox-description=\"Mit Kette, Bremsen und der Diamant-Rahmenform\" data-e-action-hash=\"#elementor-action%3Aaction%3Dlightbox%26settings%3DeyJpZCI6MjgzLCJ1cmwiOiJodHRwczpcL1wvcmVubnJhZC1tdXNldW0uZGVcL3dwLWNvbnRlbnRcL3VwbG9hZHNcLzIwMjRcLzA1XC8wOUEwMjgzLmpwZyIsInNsaWRlc2hvdyI6ImY4NGViNjIifQ%3D%3D\" href=\"https:\/\/rennrad-museum.de\/wp-content\/uploads\/2024\/05\/09A0283.jpg\"><figure class=\"swiper-slide-inner\"><img class=\"swiper-slide-image swiper-lazy\" data-src=\"https:\/\/rennrad-museum.de\/wp-content\/uploads\/2024\/05\/09A0283.jpg\" alt=\"Rennradmuseum Fahrrad von 1899\" \/><div class=\"swiper-lazy-preloader\"><\/div><figcaption class=\"elementor-image-carousel-caption\">Fahrrad von 1899<\/figcaption><\/figure><\/a><\/div>\t\t\t<\/div>\n\t\t\t\t\t\t\t\n\t\t\t\t\t\t\t\t\t<\/div>\n\t\t\t\t\t\t<\/div>\n\t\t\t\t<\/div>\n\t\t\t\t<\/div>\n\t\t\t\t<\/div>\n\t\t<div class=\"elementor-element elementor-element-c1bcedf e-flex e-con-boxed wpr-particle-no wpr-jarallax-no wpr-parallax-no wpr-sticky-section-no wpr-equal-height-no e-con e-parent\" data-id=\"c1bcedf\" data-element_type=\"container\" data-e-type=\"container\">\n\t\t\t\t\t<div class=\"e-con-inner\">\n\t\t\t\t<div class=\"elementor-element elementor-element-8d0b8e0 elementor-widget elementor-widget-spacer\" data-id=\"8d0b8e0\" data-element_type=\"widget\" data-e-type=\"widget\" data-widget_type=\"spacer.default\">\n\t\t\t\t<div class=\"elementor-widget-container\">\n\t\t\t\t\t\t\t<div class=\"elementor-spacer\">\n\t\t\t<div class=\"elementor-spacer-inner\"><\/div>\n\t\t<\/div>\n\t\t\t\t\t\t<\/div>\n\t\t\t\t<\/div>\n\t\t\t\t\t<\/div>\n\t\t\t\t<\/div>\n\t\t<div class=\"elementor-element elementor-element-103a386 e-con-full e-flex wpr-particle-no wpr-jarallax-no wpr-parallax-no wpr-sticky-section-no wpr-equal-height-no e-con e-parent\" data-id=\"103a386\" data-element_type=\"container\" data-e-type=\"container\">\n\t\t<div class=\"elementor-element elementor-element-bd8a83e elementor-hidden-mobile e-flex e-con-boxed wpr-particle-no wpr-jarallax-no wpr-parallax-no wpr-sticky-section-no wpr-equal-height-no e-con e-child\" data-id=\"bd8a83e\" data-element_type=\"container\" data-e-type=\"container\">\n\t\t\t\t\t<div class=\"e-con-inner\">\n\t\t\t\t<div class=\"elementor-element elementor-element-7ad49ba elementor-widget elementor-widget-spacer\" data-id=\"7ad49ba\" data-element_type=\"widget\" data-e-type=\"widget\" data-widget_type=\"spacer.default\">\n\t\t\t\t<div class=\"elementor-widget-container\">\n\t\t\t\t\t\t\t<div class=\"elementor-spacer\">\n\t\t\t<div class=\"elementor-spacer-inner\"><\/div>\n\t\t<\/div>\n\t\t\t\t\t\t<\/div>\n\t\t\t\t<\/div>\n\t\t\t\t<div class=\"elementor-element elementor-element-18aed7b elementor-widget elementor-widget-image\" data-id=\"18aed7b\" data-element_type=\"widget\" data-e-type=\"widget\" data-widget_type=\"image.default\">\n\t\t\t\t<div class=\"elementor-widget-container\">\n\t\t\t\t\t\t\t\t\t\t\t\t\t\t\t<img decoding=\"async\" width=\"696\" height=\"54\" src=\"https:\/\/rennrad-museum.de\/wp-content\/uploads\/2024\/06\/sponsor.png\" class=\"attachment-large size-large wp-image-1422\" alt=\"Rennradmuseum\" srcset=\"https:\/\/rennrad-museum.de\/wp-content\/uploads\/2024\/06\/sponsor.png 696w, https:\/\/rennrad-museum.de\/wp-content\/uploads\/2024\/06\/sponsor-300x23.png 300w\" sizes=\"(max-width: 696px) 100vw, 696px\" \/>\t\t\t\t\t\t\t\t\t\t\t\t\t\t\t<\/div>\n\t\t\t\t<\/div>\n\t\t\t\t<div class=\"elementor-element elementor-element-0a408cd elementor-widget elementor-widget-spacer\" data-id=\"0a408cd\" data-element_type=\"widget\" data-e-type=\"widget\" data-widget_type=\"spacer.default\">\n\t\t\t\t<div class=\"elementor-widget-container\">\n\t\t\t\t\t\t\t<div class=\"elementor-spacer\">\n\t\t\t<div class=\"elementor-spacer-inner\"><\/div>\n\t\t<\/div>\n\t\t\t\t\t\t<\/div>\n\t\t\t\t<\/div>\n\t\t\t\t\t<\/div>\n\t\t\t\t<\/div>\n\t\t\t\t<\/div>\n\t\t\t\t<\/div>\n\t\t","protected":false},"excerpt":{"rendered":"<p>Museum Rennradmuseum Fr\u00f6ndenberg Seit \u00fcber 100 Jahren ist Fr\u00f6ndenberg\/Ruhr eine Hochburg des Radsports. Von 1890 bis 1990 war die Firma UNION-ZWEIRADTEILE der gr\u00f6\u00dfte Arbeitgeber in der Ruhrstadt. Im Ketten- und Speichen-Bereich war die Union lange Weltmarktf\u00fchrer, aber auch Naben, Pedalen und sp\u00e4ter Lichtanlagen geh\u00f6rten zur Produktpalette. Durch diese Verbindung gr\u00fcndete sich 1931 in Fr\u00f6ndenberg, unterst\u00fctzt von der UNION, der RV 31 Fr\u00f6ndenberg, der zahlreiche erfolgreiche Rennfahrer hervorbrachte. Au\u00dferdem standen Rennen in und durch Fr\u00f6ndenberg j\u00e4hrlich auf der Tagesordnung, die von flachen und bergigen Rundstreckenrennen \u00fcber die Bergwertungen von Rund um Dortmund, der Osterrennen durch den Kreis Unna oder der Deutschlandtour am bekannten Eulenberg reichten. Immer s\u00e4umten zahlreiche fachkundige Zuschauer die Rennstrecke. Aufbauend auf die gespendete Rennradsammlung des Fr\u00f6ndenbergers Andreas Gr\u00fcnewald wurde zur Erinnerung an diesen Geschichtsfaktor in den R\u00e4umen der ehemaligen Stadtb\u00fccherei am zentralen Marktplatz von den Mitgliedern des Museumsvereins ein Museum rund um die Geschichte der Rennr\u00e4der von 1900 bis heute und zum Radsport in Fr\u00f6ndenberg und Umgebung eingerichtet. Besucher im Museum HP durst Arbeitskreises junger Fr\u00f6ndenberger Unternehmer ADFC Unna Mario L\u00f6hr, LCC M\u00fcnster Erik Zabel Erkunden Sie das Museum per Knopfdruck Virtueller Rundgang Virtuelle Tour starten Virtueller Rundgang &times; Ein Besuch im Rennradmuseum lohnt sich f\u00fcr Technik, Radsport und f\u00fcr Lokalgeschichteinteressierte, wobei besonders auch die Radler auf dem vielbefahrenen Ruhrtalradweg angesprochen sind, der sich nur in 100m Entfernung neben dem Museum vorbeischl\u00e4ngelt. Am 14. August 2022 wurde das Museum von der B\u00fcrgermeisterin der Stadt Fr\u00f6ndenberg, Frau Sabina M\u00fcller, zusammen mit dem Vereinsvorsitzenden Bernd-Friedrich Kern, dem UCI Mitglied Toni Kirsch und Radexperten Hans Kuhn der \u00d6ffentlichkeit \u00fcbergeben. Para-Olympiaieger Hans Peter Durst und die Ex-Bahnweltmeister Lucas Li\u00df und Ernst Clau\u00dfmeyer und vorher schon Erik Zabel hatten zur Er\u00f6ffnung Ihre WM R\u00e4der mitgebracht, die nun im Museum zu besichtigen sind. Diese und viele andere interessante Exponate warten nun auf die Besucher. So gef\u00e4llt es unseren Besuchern Exponate im Rennradmuseum Steher- Sport Fr\u00fches Rennrad Detailansichten Derny-Maschine Bahnradsport Trikotparade 6-Tage-Rennen Rickert Radsport in Fr\u00f6ndenberg Zabel Westfalenhalle Dortmund Bahnradsport Geschichtliche Entwicklung der Rennr\u00e4der 6-Tage-Rennen in Dortmund Geschichte des Fahrrades Wechselnde Dekorationen Detailausschnitt Rennrad Exoten Historische Lenkerparade Steher-Sport Steher-Sport Historisches Stra\u00dfenrad Fahrrad von 1899 Steher- Sport Fr\u00fches Rennrad Detailansichten Derny-Maschine Bahnradsport Trikotparade 6-Tage-Rennen Rickert Radsport in Fr\u00f6ndenberg Zabel Westfalenhalle Dortmund Bahnradsport Geschichtliche Entwicklung der Rennr\u00e4der 6-Tage-Rennen in Dortmund Geschichte des Fahrrades Wechselnde Dekorationen Detailausschnitt Rennrad Exoten Historische Lenkerparade Steher-Sport Steher-Sport Historisches Stra\u00dfenrad Fahrrad von 1899 Steher- Sport Fr\u00fches Rennrad Detailansichten Derny-Maschine Bahnradsport Trikotparade 6-Tage-Rennen Rickert Radsport in Fr\u00f6ndenberg Zabel Westfalenhalle Dortmund Bahnradsport Geschichtliche Entwicklung der Rennr\u00e4der 6-Tage-Rennen in Dortmund Geschichte des Fahrrades Wechselnde Dekorationen Detailausschnitt Rennrad Exoten Historische Lenkerparade Steher-Sport Steher-Sport Historisches Stra\u00dfenrad Fahrrad von 1899 Steher- Sport Fr\u00fches Rennrad Detailansichten Derny-Maschine Bahnradsport Trikotparade 6-Tage-Rennen Rickert Radsport in Fr\u00f6ndenberg Zabel Westfalenhalle Dortmund Bahnradsport Geschichtliche Entwicklung der Rennr\u00e4der 6-Tage-Rennen in Dortmund Geschichte des Fahrrades Wechselnde Dekorationen Detailausschnitt Rennrad Exoten Historische Lenkerparade Steher-Sport Steher-Sport Historisches Stra\u00dfenrad Fahrrad von 1899<\/p>\n","protected":false},"author":1,"featured_media":0,"parent":0,"menu_order":0,"comment_status":"closed","ping_status":"closed","template":"","meta":{"_eb_attr":"","site-sidebar-layout":"no-sidebar","site-content-layout":"","ast-site-content-layout":"full-width-container","site-content-style":"default","site-sidebar-style":"default","ast-global-header-display":"","ast-banner-title-visibility":"","ast-main-header-display":"","ast-hfb-above-header-display":"","ast-hfb-below-header-display":"","ast-hfb-mobile-header-display":"","site-post-title":"disabled","ast-breadcrumbs-content":"","ast-featured-img":"disabled","footer-sml-layout":"","theme-transparent-header-meta":"","adv-header-id-meta":"","stick-header-meta":"","header-above-stick-meta":"","header-main-stick-meta":"","header-below-stick-meta":"","astra-migrate-meta-layouts":"default","ast-page-background-enabled":"default","ast-page-background-meta":{"desktop":{"background-color":"var(--ast-global-color-4)","background-image":"","background-repeat":"repeat","background-position":"center center","background-size":"auto","background-attachment":"scroll","background-type":"","background-media":"","overlay-type":"","overlay-color":"","overlay-opacity":"","overlay-gradient":""},"tablet":{"background-color":"","background-image":"","background-repeat":"repeat","background-position":"center center","background-size":"auto","background-attachment":"scroll","background-type":"","background-media":"","overlay-type":"","overlay-color":"","overlay-opacity":"","overlay-gradient":""},"mobile":{"background-color":"","background-image":"","background-repeat":"repeat","background-position":"center center","background-size":"auto","background-attachment":"scroll","background-type":"","background-media":"","overlay-type":"","overlay-color":"","overlay-opacity":"","overlay-gradient":""}},"ast-content-background-meta":{"desktop":{"background-color":"var(--ast-global-color-5)","background-image":"","background-repeat":"repeat","background-position":"center center","background-size":"auto","background-attachment":"scroll","background-type":"","background-media":"","overlay-type":"","overlay-color":"","overlay-opacity":"","overlay-gradient":""},"tablet":{"background-color":"var(--ast-global-color-5)","background-image":"","background-repeat":"repeat","background-position":"center center","background-size":"auto","background-attachment":"scroll","background-type":"","background-media":"","overlay-type":"","overlay-color":"","overlay-opacity":"","overlay-gradient":""},"mobile":{"background-color":"var(--ast-global-color-5)","background-image":"","background-repeat":"repeat","background-position":"center center","background-size":"auto","background-attachment":"scroll","background-type":"","background-media":"","overlay-type":"","overlay-color":"","overlay-opacity":"","overlay-gradient":""}},"footnotes":""},"class_list":["post-104","page","type-page","status-publish","hentry"],"aioseo_notices":[],"_links":{"self":[{"href":"https:\/\/rennrad-museum.de\/index.php?rest_route=\/wp\/v2\/pages\/104"}],"collection":[{"href":"https:\/\/rennrad-museum.de\/index.php?rest_route=\/wp\/v2\/pages"}],"about":[{"href":"https:\/\/rennrad-museum.de\/index.php?rest_route=\/wp\/v2\/types\/page"}],"author":[{"embeddable":true,"href":"https:\/\/rennrad-museum.de\/index.php?rest_route=\/wp\/v2\/users\/1"}],"replies":[{"embeddable":true,"href":"https:\/\/rennrad-museum.de\/index.php?rest_route=%2Fwp%2Fv2%2Fcomments&post=104"}],"version-history":[{"count":560,"href":"https:\/\/rennrad-museum.de\/index.php?rest_route=\/wp\/v2\/pages\/104\/revisions"}],"predecessor-version":[{"id":3440,"href":"https:\/\/rennrad-museum.de\/index.php?rest_route=\/wp\/v2\/pages\/104\/revisions\/3440"}],"wp:attachment":[{"href":"https:\/\/rennrad-museum.de\/index.php?rest_route=%2Fwp%2Fv2%2Fmedia&parent=104"}],"curies":[{"name":"wp","href":"https:\/\/api.w.org\/{rel}","templated":true}]}}